{"id":18085,"date":"2023-11-09T20:28:07","date_gmt":"2023-11-09T19:28:07","guid":{"rendered":"https:\/\/www.mariafelix.org\/de-la-causa\/"},"modified":"2023-11-14T20:54:15","modified_gmt":"2023-11-14T19:54:15","slug":"da-causa","status":"publish","type":"page","link":"https:\/\/www.mariafelix.org\/pt-br\/da-causa\/","title":{"rendered":"DA CAUSA"},"content":{"rendered":"<p>[et_pb_section fb_built=&#8221;1&#8243; fullwidth=&#8221;on&#8221; _builder_version=&#8221;4.22.2&#8243; _module_preset=&#8221;2ce0b7bd-dbb5-4adc-bc83-1100f73502ab&#8221; da_disable_devices=&#8221;off|off|off&#8221; global_colors_info=&#8221;{}&#8221; da_is_popup=&#8221;off&#8221; da_exit_intent=&#8221;off&#8221; da_has_close=&#8221;on&#8221; da_alt_close=&#8221;off&#8221; da_dark_close=&#8221;off&#8221; da_not_modal=&#8221;on&#8221; da_is_singular=&#8221;off&#8221; da_with_loader=&#8221;off&#8221; da_has_shadow=&#8221;on&#8221;][et_pb_fullwidth_slider _builder_version=&#8221;4.23.1&#8243; _module_preset=&#8221;2659e1a5-1f37-4be7-8a70-752039ee73cd&#8221; global_colors_info=&#8221;{}&#8221;][et_pb_slide _builder_version=&#8221;4.23.1&#8243; _module_preset=&#8221;default&#8221; background_image=&#8221;https:\/\/www.mariafelix.org\/wp-content\/uploads\/2023\/11\/image-32.jpeg&#8221; background_enable_image=&#8221;on&#8221; global_colors_info=&#8221;{}&#8221; sticky_transition=&#8221;on&#8221;][\/et_pb_slide][\/et_pb_fullwidth_slider][\/et_pb_section][et_pb_section fb_built=&#8221;1&#8243; admin_label=&#8221;Section&#8221; module_id=&#8221;sectionPorQueMater&#8221; _builder_version=&#8221;4.23.1&#8243; _module_preset=&#8221;f4623393-45eb-49e1-bafe-b8affb231e4d&#8221; da_popup_slug=&#8221;sectionPorQueMater&#8221; da_disable_devices=&#8221;off|off|off&#8221; global_colors_info=&#8221;{}&#8221; da_is_popup=&#8221;off&#8221; da_exit_intent=&#8221;off&#8221; da_has_close=&#8221;on&#8221; da_alt_close=&#8221;off&#8221; da_dark_close=&#8221;off&#8221; da_not_modal=&#8221;on&#8221; da_is_singular=&#8221;off&#8221; da_with_loader=&#8221;off&#8221; da_has_shadow=&#8221;on&#8221;][et_pb_row column_structure=&#8221;1_4,1_2,1_4&#8243; use_custom_gutter=&#8221;on&#8221; gutter_width=&#8221;1&#8243; make_equal=&#8221;on&#8221; _builder_version=&#8221;4.23.1&#8243; _module_preset=&#8221;default&#8221; custom_margin=&#8221;||||false|false&#8221; custom_padding=&#8221;0px|0px|0px|0px|false|false&#8221; global_colors_info=&#8221;{}&#8221;][et_pb_column type=&#8221;1_4&#8243; _builder_version=&#8221;4.16&#8243; _module_preset=&#8221;default&#8221; custom_padding=&#8221;|20px||30px|false|false&#8221; global_colors_info=&#8221;{}&#8221;][et_pb_text _builder_version=&#8221;4.23.1&#8243; _dynamic_attributes=&#8221;content&#8221; _module_preset=&#8221;ecb607dd-d36f-4b0d-a6f8-239bd01a7812&#8243; text_font_size=&#8221;31px&#8221; text_line_height=&#8221;1.1em&#8221; background_color=&#8221;gcid-5932d176-2d77-4fca-a72d-b55e423a0cb1&#8243; custom_padding=&#8221;90px||||false|false&#8221; global_colors_info=&#8221;{%22gcid-5932d176-2d77-4fca-a72d-b55e423a0cb1%22:%91%22background_color%22%93}&#8221;]@ET-DC@eyJkeW5hbWljIjp0cnVlLCJjb250ZW50IjoicG9zdF90aXRsZSIsInNldHRpbmdzIjp7ImJlZm9yZSI6IiIsImFmdGVyIjoiIn19@[\/et_pb_text][\/et_pb_column][et_pb_column type=&#8221;1_2&#8243; module_class=&#8221;colTextPorQueMater&#8221; _builder_version=&#8221;4.23.1&#8243; _module_preset=&#8221;default&#8221; background_color=&#8221;#efefef&#8221; custom_padding=&#8221;||||false|false&#8221; global_colors_info=&#8221;{}&#8221;][et_pb_text _builder_version=&#8221;4.23.1&#8243; _module_preset=&#8221;bd03c851-a360-40e7-b4d0-135f58a7a312&#8243; hover_enabled=&#8221;0&#8243; global_colors_info=&#8221;{}&#8221; sticky_enabled=&#8221;0&#8243;]<\/p>\n<p><b><text>A M\u00e3e agora \u00e9 vener\u00e1vel!<\/text><\/b><\/p>\n<p><span>Em 10 de julho de 2020, o Santo Padre Francisco autorizou a Congrega\u00e7\u00e3o para as Causas dos Santos a promulgar o Decreto das Virtudes Heroicas de Madre Maria F\u00e9lix, que a declara Vener\u00e1vel. A partir deste momento, a Igreja confirma ter visto nela um extraordin\u00e1rio exerc\u00edcio de todas as virtudes crist\u00e3s. Com o estudo e a aprova\u00e7\u00e3o de um milagre obtido por sua intercess\u00e3o, Madre F\u00e9lix poder\u00e1 ser declarada Beata e um segundo milagre abriria o caminho para sua canoniza\u00e7\u00e3o.<\/span><\/p>\n<p>[\/et_pb_text][\/et_pb_column][et_pb_column type=&#8221;1_4&#8243; _builder_version=&#8221;4.16&#8243; _module_preset=&#8221;default&#8221; custom_padding=&#8221;|30px||20px|false|false&#8221; global_colors_info=&#8221;{}&#8221;][et_pb_image src=&#8221;https:\/\/www.mariafelix.org\/wp-content\/uploads\/2023\/11\/image-33.jpeg&#8221; title_text=&#8221;image&#8221; _builder_version=&#8221;4.23.1&#8243; _module_preset=&#8221;default&#8221; global_colors_info=&#8221;{}&#8221;][\/et_pb_image][\/et_pb_column][\/et_pb_row][et_pb_row column_structure=&#8221;1_2,1_2&#8243; use_custom_gutter=&#8221;on&#8221; gutter_width=&#8221;1&#8243; make_equal=&#8221;on&#8221; _builder_version=&#8221;4.23.1&#8243; _module_preset=&#8221;default&#8221; custom_padding=&#8221;20px|30px|0px|0px|false|false&#8221; global_colors_info=&#8221;{}&#8221;][et_pb_column type=&#8221;1_2&#8243; _builder_version=&#8221;4.16&#8243; _module_preset=&#8221;default&#8221; custom_padding=&#8221;|20px||30px|false|false&#8221; global_colors_info=&#8221;{}&#8221;][et_pb_image src=&#8221;https:\/\/www.mariafelix.org\/wp-content\/uploads\/2023\/11\/image-34.jpeg&#8221; title_text=&#8221;image&#8221; _builder_version=&#8221;4.23.1&#8243; _module_preset=&#8221;default&#8221; global_colors_info=&#8221;{}&#8221;][\/et_pb_image][\/et_pb_column][et_pb_column type=&#8221;1_2&#8243; module_class=&#8221;colTextPorQueMater&#8221; _builder_version=&#8221;4.23.1&#8243; _module_preset=&#8221;default&#8221; background_color=&#8221;#efefef&#8221; custom_padding=&#8221;0px|0px||0px|false|false&#8221; global_colors_info=&#8221;{}&#8221;][et_pb_text _builder_version=&#8221;4.23.1&#8243; _module_preset=&#8221;bd03c851-a360-40e7-b4d0-135f58a7a312&#8243; hover_enabled=&#8221;0&#8243; global_colors_info=&#8221;{}&#8221; sticky_enabled=&#8221;0&#8243;]<\/p>\n<p><b><text>Entrega da <em>Positio<\/em> na Congrega\u00e7\u00e3o para as Causas dos Santos.<\/text><\/b><\/p>\n<p>No dia 28 de novembro de 2016 terminou o processo de prepara\u00e7\u00e3o da <em>Positio<\/em> de Madre Mar\u00eda F\u00e9lix. Este volume de mais de oitocentas p\u00e1ginas inclui um relato detalhado das virtudes da M\u00e3e; um resumo dos depoimentos das testemunhas e dos documentos mais relevantes sobre a sua vida, virtudes e fama de santidade; uma biografia baseada nesses mesmos textos e outros documentos relacionados com o desenvolvimento da Causa de Canoniza\u00e7\u00e3o. \u00c9 o material que a Congrega\u00e7\u00e3o para as Causas dos Santos estudar\u00e1, para decidir se pedir\u00e1 ao Santo Padre a sua beatifica\u00e7\u00e3o e posterior canoniza\u00e7\u00e3o.<\/p>\n<p>[\/et_pb_text][\/et_pb_column][\/et_pb_row][et_pb_row column_structure=&#8221;1_2,1_2&#8243; use_custom_gutter=&#8221;on&#8221; gutter_width=&#8221;1&#8243; make_equal=&#8221;on&#8221; _builder_version=&#8221;4.23.1&#8243; _module_preset=&#8221;default&#8221; custom_padding=&#8221;20px|0px|0px|30px|false|false&#8221; global_colors_info=&#8221;{}&#8221;][et_pb_column type=&#8221;1_2&#8243; module_class=&#8221;colTextPorQueMater&#8221; _builder_version=&#8221;4.23.1&#8243; _module_preset=&#8221;default&#8221; background_color=&#8221;#efefef&#8221; custom_padding=&#8221;||||false|false&#8221; global_colors_info=&#8221;{}&#8221;][et_pb_text _builder_version=&#8221;4.23.1&#8243; _module_preset=&#8221;bd03c851-a360-40e7-b4d0-135f58a7a312&#8243; hover_enabled=&#8221;0&#8243; global_colors_info=&#8221;{}&#8221; sticky_enabled=&#8221;0&#8243;]<b><text>Conclui-se a fase diocesana de canoniza\u00e7\u00e3o de Madre F\u00e9lix<\/text><\/b><\/p>\n<p><span>Agora, depois de v\u00e1rios anos de estudo dos detalhes da sua vida e de recolha de dados e testemunhos, acaba de concluir a fase diocesana da Causa de Canoniza\u00e7\u00e3o de Madre F\u00e9lix, que continuar\u00e1 o seu percurso na Santa S\u00e9. Durante o encerramento do processo, Dom Antonio Mar\u00eda Rouco afirmou que para que o processo termine como Deus deseja, junto com o material que \u00e9 enviado a Roma, \u201cnossas ora\u00e7\u00f5es tamb\u00e9m devem ir\u201d. O Cardeal destacou tamb\u00e9m a relev\u00e2ncia do testemunho de Madre F\u00e9lix: a sua vida de estudante e ap\u00f3stola, a sua dedica\u00e7\u00e3o \u00e0 forma\u00e7\u00e3o dos jovens e a sua fidelidade \u00e0 vontade de Deus na procura dos caminhos da vida religiosa, inserindo a sua Congrega\u00e7\u00e3o no novo mil\u00e9nio. <\/span><\/p>\n<p><em>Cf. Artigo publicado no Seman\u00e1rio Religioso Alfa y Omega N\u00ba 765 \/ 22-XII-2011<\/em>[\/et_pb_text][\/et_pb_column][et_pb_column type=&#8221;1_2&#8243; _builder_version=&#8221;4.16&#8243; _module_preset=&#8221;default&#8221; custom_padding=&#8221;|30px||20px|false|false&#8221; global_colors_info=&#8221;{}&#8221;][et_pb_image src=&#8221;https:\/\/www.mariafelix.org\/wp-content\/uploads\/2023\/11\/image-35.jpeg&#8221; title_text=&#8221;TJ CLAUSURA&#8221; _builder_version=&#8221;4.23.1&#8243; _module_preset=&#8221;default&#8221; global_colors_info=&#8221;{}&#8221;][\/et_pb_image][\/et_pb_column][\/et_pb_row][et_pb_row column_structure=&#8221;1_2,1_2&#8243; use_custom_gutter=&#8221;on&#8221; gutter_width=&#8221;1&#8243; make_equal=&#8221;on&#8221; _builder_version=&#8221;4.23.1&#8243; _module_preset=&#8221;default&#8221; custom_padding=&#8221;20px|30px|0px|0px|false|false&#8221; global_colors_info=&#8221;{}&#8221;][et_pb_column type=&#8221;1_2&#8243; _builder_version=&#8221;4.16&#8243; _module_preset=&#8221;default&#8221; custom_padding=&#8221;|20px||30px|false|false&#8221; global_colors_info=&#8221;{}&#8221;][et_pb_image src=&#8221;https:\/\/www.mariafelix.org\/wp-content\/uploads\/2023\/11\/image-36.jpeg&#8221; title_text=&#8221;image&#8221; _builder_version=&#8221;4.23.1&#8243; _module_preset=&#8221;default&#8221; global_colors_info=&#8221;{}&#8221;][\/et_pb_image][\/et_pb_column][et_pb_column type=&#8221;1_2&#8243; module_class=&#8221;colTextPorQueMater&#8221; _builder_version=&#8221;4.23.1&#8243; _module_preset=&#8221;default&#8221; background_color=&#8221;#efefef&#8221; custom_padding=&#8221;||||false|false&#8221; global_colors_info=&#8221;{}&#8221;][et_pb_text _builder_version=&#8221;4.23.1&#8243; _module_preset=&#8221;bd03c851-a360-40e7-b4d0-135f58a7a312&#8243; hover_enabled=&#8221;0&#8243; global_colors_info=&#8221;{}&#8221; sticky_enabled=&#8221;0&#8243;]<\/p>\n<p><b><text>Come\u00e7a a causa da canoniza\u00e7\u00e3o<\/text><\/b><\/p>\n<p><span>No dia 24 de janeiro de 2009, o Cardeal Arcebispo de Madri, Antonio Mar\u00eda Rouco Varela, presidiu a primeira sess\u00e3o do processo de canoniza\u00e7\u00e3o de Madre Mar\u00eda F\u00e9lix. Diante de mais de mil pessoas reunidas no Col\u00e9gio Mater Salvatoris de Madrid \u2013 muitas delas do outro lado do Oceano Atl\u00e2ntico \u2013 o Cardeal Rouco destacou que, \u201cdiante de alguns que chegam tarde \u00e0 santidade? a santidade sempre a acompanhou: na inf\u00e2ncia, na juventude, na vida consagrada. Ele tamb\u00e9m destacou que \u201cnos anos dif\u00edceis e complexos do p\u00f3s-conc\u00edlio, diante de interpreta\u00e7\u00f5es de ruptura, ela soube viver uma continuidade espiritual e uma fidelidade criativa que fizeram a sua congrega\u00e7\u00e3o gozar de uma fecundidade admir\u00e1vel\u201d.<\/span><\/p>\n<p>[\/et_pb_text][\/et_pb_column][\/et_pb_row][\/et_pb_section]<\/p>\n","protected":false},"excerpt":{"rendered":"<p>A M\u00e3e agora \u00e9 vener\u00e1vel! Em 10 de julho de 2020, o Santo Padre Francisco autorizou a Congrega\u00e7\u00e3o para as Causas dos Santos a promulgar o Decreto das Virtudes Heroicas de Madre Maria F\u00e9lix, que a declara Vener\u00e1vel. A partir deste momento, a Igreja confirma ter visto nela um extraordin\u00e1rio exerc\u00edcio de todas as virtudes [&hellip;]<\/p>\n","protected":false},"author":1,"featured_media":0,"parent":0,"menu_order":0,"comment_status":"closed","ping_status":"closed","template":"","meta":{"_et_pb_use_builder":"on","_et_pb_old_content":"","_et_gb_content_width":"","footnotes":""},"class_list":["post-18085","page","type-page","status-publish","hentry"],"yoast_head":"<!-- This site is optimized with the Yoast SEO plugin v26.8 - https:\/\/yoast.com\/product\/yoast-seo-wordpress\/ -->\n<title>DA CAUSA - Madre Mar\u00eda F\u00e9lix Torres<\/title>\n<meta name=\"robots\" content=\"index, follow, max-snippet:-1, max-image-preview:large, max-video-preview:-1\" \/>\n<link rel=\"canonical\" href=\"https:\/\/www.mariafelix.org\/pt-br\/da-causa\/\" \/>\n<meta property=\"og:locale\" content=\"pt_BR\" \/>\n<meta property=\"og:type\" content=\"article\" \/>\n<meta property=\"og:title\" content=\"DA CAUSA - Madre Mar\u00eda F\u00e9lix Torres\" \/>\n<meta property=\"og:description\" content=\"A M\u00e3e agora \u00e9 vener\u00e1vel! Em 10 de julho de 2020, o Santo Padre Francisco autorizou a Congrega\u00e7\u00e3o para as Causas dos Santos a promulgar o Decreto das Virtudes Heroicas de Madre Maria F\u00e9lix, que a declara Vener\u00e1vel. A partir deste momento, a Igreja confirma ter visto nela um extraordin\u00e1rio exerc\u00edcio de todas as virtudes [&hellip;]\" \/>\n<meta property=\"og:url\" content=\"https:\/\/www.mariafelix.org\/pt-br\/da-causa\/\" \/>\n<meta property=\"og:site_name\" content=\"Madre Mar\u00eda F\u00e9lix Torres\" \/>\n<meta property=\"article:modified_time\" content=\"2023-11-14T19:54:15+00:00\" \/>\n<meta name=\"twitter:card\" content=\"summary_large_image\" \/>\n<meta name=\"twitter:label1\" content=\"Est. tempo de leitura\" \/>\n\t<meta name=\"twitter:data1\" content=\"4 minutos\" \/>\n<script type=\"application\/ld+json\" class=\"yoast-schema-graph\">{\"@context\":\"https:\/\/schema.org\",\"@graph\":[{\"@type\":\"WebPage\",\"@id\":\"https:\/\/www.mariafelix.org\/pt-br\/da-causa\/\",\"url\":\"https:\/\/www.mariafelix.org\/pt-br\/da-causa\/\",\"name\":\"DA CAUSA - Madre Mar\u00eda F\u00e9lix Torres\",\"isPartOf\":{\"@id\":\"https:\/\/www.mariafelix.org\/pt-br\/#website\"},\"datePublished\":\"2023-11-09T19:28:07+00:00\",\"dateModified\":\"2023-11-14T19:54:15+00:00\",\"inLanguage\":\"pt-BR\",\"potentialAction\":[{\"@type\":\"ReadAction\",\"target\":[\"https:\/\/www.mariafelix.org\/pt-br\/da-causa\/\"]}]},{\"@type\":\"WebSite\",\"@id\":\"https:\/\/www.mariafelix.org\/pt-br\/#website\",\"url\":\"https:\/\/www.mariafelix.org\/pt-br\/\",\"name\":\"Madre Mar\u00eda F\u00e9lix Torres\",\"description\":\"Madre Mar\u00eda F\u00e9lix Torres\",\"potentialAction\":[{\"@type\":\"SearchAction\",\"target\":{\"@type\":\"EntryPoint\",\"urlTemplate\":\"https:\/\/www.mariafelix.org\/pt-br\/?s={search_term_string}\"},\"query-input\":{\"@type\":\"PropertyValueSpecification\",\"valueRequired\":true,\"valueName\":\"search_term_string\"}}],\"inLanguage\":\"pt-BR\"}]}<\/script>\n<!-- \/ Yoast SEO plugin. -->","yoast_head_json":{"title":"DA CAUSA - Madre Mar\u00eda F\u00e9lix Torres","robots":{"index":"index","follow":"follow","max-snippet":"max-snippet:-1","max-image-preview":"max-image-preview:large","max-video-preview":"max-video-preview:-1"},"canonical":"https:\/\/www.mariafelix.org\/pt-br\/da-causa\/","og_locale":"pt_BR","og_type":"article","og_title":"DA CAUSA - Madre Mar\u00eda F\u00e9lix Torres","og_description":"A M\u00e3e agora \u00e9 vener\u00e1vel! Em 10 de julho de 2020, o Santo Padre Francisco autorizou a Congrega\u00e7\u00e3o para as Causas dos Santos a promulgar o Decreto das Virtudes Heroicas de Madre Maria F\u00e9lix, que a declara Vener\u00e1vel. A partir deste momento, a Igreja confirma ter visto nela um extraordin\u00e1rio exerc\u00edcio de todas as virtudes [&hellip;]","og_url":"https:\/\/www.mariafelix.org\/pt-br\/da-causa\/","og_site_name":"Madre Mar\u00eda F\u00e9lix Torres","article_modified_time":"2023-11-14T19:54:15+00:00","twitter_card":"summary_large_image","twitter_misc":{"Est. tempo de leitura":"4 minutos"},"schema":{"@context":"https:\/\/schema.org","@graph":[{"@type":"WebPage","@id":"https:\/\/www.mariafelix.org\/pt-br\/da-causa\/","url":"https:\/\/www.mariafelix.org\/pt-br\/da-causa\/","name":"DA CAUSA - Madre Mar\u00eda F\u00e9lix Torres","isPartOf":{"@id":"https:\/\/www.mariafelix.org\/pt-br\/#website"},"datePublished":"2023-11-09T19:28:07+00:00","dateModified":"2023-11-14T19:54:15+00:00","inLanguage":"pt-BR","potentialAction":[{"@type":"ReadAction","target":["https:\/\/www.mariafelix.org\/pt-br\/da-causa\/"]}]},{"@type":"WebSite","@id":"https:\/\/www.mariafelix.org\/pt-br\/#website","url":"https:\/\/www.mariafelix.org\/pt-br\/","name":"Madre Mar\u00eda F\u00e9lix Torres","description":"Madre Mar\u00eda F\u00e9lix Torres","potentialAction":[{"@type":"SearchAction","target":{"@type":"EntryPoint","urlTemplate":"https:\/\/www.mariafelix.org\/pt-br\/?s={search_term_string}"},"query-input":{"@type":"PropertyValueSpecification","valueRequired":true,"valueName":"search_term_string"}}],"inLanguage":"pt-BR"}]}},"_links":{"self":[{"href":"https:\/\/www.mariafelix.org\/pt-br\/wp-json\/wp\/v2\/pages\/18085","targetHints":{"allow":["GET"]}}],"collection":[{"href":"https:\/\/www.mariafelix.org\/pt-br\/wp-json\/wp\/v2\/pages"}],"about":[{"href":"https:\/\/www.mariafelix.org\/pt-br\/wp-json\/wp\/v2\/types\/page"}],"author":[{"embeddable":true,"href":"https:\/\/www.mariafelix.org\/pt-br\/wp-json\/wp\/v2\/users\/1"}],"replies":[{"embeddable":true,"href":"https:\/\/www.mariafelix.org\/pt-br\/wp-json\/wp\/v2\/comments?post=18085"}],"version-history":[{"count":8,"href":"https:\/\/www.mariafelix.org\/pt-br\/wp-json\/wp\/v2\/pages\/18085\/revisions"}],"predecessor-version":[{"id":18608,"href":"https:\/\/www.mariafelix.org\/pt-br\/wp-json\/wp\/v2\/pages\/18085\/revisions\/18608"}],"wp:attachment":[{"href":"https:\/\/www.mariafelix.org\/pt-br\/wp-json\/wp\/v2\/media?parent=18085"}],"curies":[{"name":"wp","href":"https:\/\/api.w.org\/{rel}","templated":true}]}}