{"id":18093,"date":"2023-11-09T11:51:11","date_gmt":"2023-11-09T10:51:11","guid":{"rendered":"https:\/\/www.mariafelix.org\/favores\/"},"modified":"2023-11-14T19:38:55","modified_gmt":"2023-11-14T18:38:55","slug":"favores","status":"publish","type":"page","link":"https:\/\/www.mariafelix.org\/pt-br\/favores\/","title":{"rendered":"FAVORES"},"content":{"rendered":"<p>[et_pb_section fb_built=&#8221;1&#8243; fullwidth=&#8221;on&#8221; _builder_version=&#8221;4.22.2&#8243; _module_preset=&#8221;2ce0b7bd-dbb5-4adc-bc83-1100f73502ab&#8221; da_disable_devices=&#8221;off|off|off&#8221; global_colors_info=&#8221;{}&#8221; da_is_popup=&#8221;off&#8221; da_exit_intent=&#8221;off&#8221; da_has_close=&#8221;on&#8221; da_alt_close=&#8221;off&#8221; da_dark_close=&#8221;off&#8221; da_not_modal=&#8221;on&#8221; da_is_singular=&#8221;off&#8221; da_with_loader=&#8221;off&#8221; da_has_shadow=&#8221;on&#8221;][et_pb_fullwidth_slider _builder_version=&#8221;4.23.1&#8243; _module_preset=&#8221;2659e1a5-1f37-4be7-8a70-752039ee73cd&#8221; background_color=&#8221;gcid-5932d176-2d77-4fca-a72d-b55e423a0cb1&#8243; global_colors_info=&#8221;{%22gcid-5932d176-2d77-4fca-a72d-b55e423a0cb1%22:%91%22background_color%22%93}&#8221;][et_pb_slide _builder_version=&#8221;4.23.1&#8243; _module_preset=&#8221;default&#8221; background_image=&#8221;https:\/\/www.mariafelix.org\/wp-content\/uploads\/2023\/11\/image-19.jpeg&#8221; background_enable_image=&#8221;on&#8221; global_colors_info=&#8221;{}&#8221; sticky_transition=&#8221;on&#8221;][\/et_pb_slide][\/et_pb_fullwidth_slider][\/et_pb_section][et_pb_section fb_built=&#8221;1&#8243; admin_label=&#8221;Section&#8221; module_id=&#8221;sectionPorQueMater&#8221; _builder_version=&#8221;4.22.2&#8243; _module_preset=&#8221;f4623393-45eb-49e1-bafe-b8affb231e4d&#8221; da_popup_slug=&#8221;sectionPorQueMater&#8221; da_disable_devices=&#8221;off|off|off&#8221; global_colors_info=&#8221;{}&#8221; da_is_popup=&#8221;off&#8221; da_exit_intent=&#8221;off&#8221; da_has_close=&#8221;on&#8221; da_alt_close=&#8221;off&#8221; da_dark_close=&#8221;off&#8221; da_not_modal=&#8221;on&#8221; da_is_singular=&#8221;off&#8221; da_with_loader=&#8221;off&#8221; da_has_shadow=&#8221;on&#8221;][et_pb_row column_structure=&#8221;3_5,2_5&#8243; use_custom_gutter=&#8221;on&#8221; gutter_width=&#8221;1&#8243; make_equal=&#8221;on&#8221; _builder_version=&#8221;4.23.1&#8243; _module_preset=&#8221;default&#8221; custom_padding=&#8221;20px|30px|0px|0px|false|false&#8221; global_colors_info=&#8221;{}&#8221;][et_pb_column type=&#8221;3_5&#8243; module_class=&#8221;colTextPorQueMater&#8221; _builder_version=&#8221;4.23.1&#8243; _module_preset=&#8221;default&#8221; background_color=&#8221;#efefef&#8221; custom_padding=&#8221;|40px||40px|false|false&#8221; global_colors_info=&#8221;{}&#8221;][et_pb_text _builder_version=&#8221;4.23.1&#8243; _module_preset=&#8221;bd03c851-a360-40e7-b4d0-135f58a7a312&#8243; global_colors_info=&#8221;{}&#8221;]<\/p>\n<h2>Ossos de vidro<\/h2>\n<p class=\"small\">Meu filho, com apenas um ano e meio de idade, sofria continuamente uma s\u00e9rie fraturas nos ossos. Ele foi diagnosticado com a<span>\u00a0<\/span><em>doen\u00e7a Osteog\u00eanese Imperfeita<\/em><span>\u00a0<\/span>mais comumente conhecida como \u201c doen\u00e7a dos ossos de vidro \u201d. Devido a esta doen\u00e7a, que n\u00e3o tem cura, os ossos s\u00e3o t\u00e3o fracos que se quebram ao m\u00ednimo golpe. Era muito dif\u00edcil ver o coitadinho no hospital e na sala de opera\u00e7\u00f5es. Uma coisa surpreendente \u00e9 que ele nunca reclamou. Quando passava o tempo que tinha que estar engessado, ainda tinham que passar outros dois meses para que ele pudesse caminhar novamente. Mas normalmente durante esse per\u00edodo sofria outra (ele sofreu cerca de quatro por ano). Os m\u00e9dicos disseram que esta doen\u00e7a n\u00e3o tem cura, mas come\u00e7aram um tratamento experimental de forma muito cont\u00ednua (no in\u00edcio todos os meses, depois com mais distancia) para tentar reduzir o n\u00famero de fraturas. Um dia, o m\u00e9dico nos disse: \u201c A n\u00e3o ser que a densitometria seja perfeita, o que \u00e9<span>\u00a0<\/span><em>imposs\u00edvel<\/em>, devemos aumentar o tratamento.\u201d. Este foi o grande favor da Madre Felix: dos 300 casos que estavam tratando os m\u00e9dicos naquele momento, nenhum foi curado. No entanto, ao fazer o teste, meu filho tinha melhorado notavelmente, e os marcadores continuaram subindo at\u00e9 ter a densidade \u00f3ssea de um menino saud\u00e1vel de sua idade. Dez anos depois, a situa\u00e7\u00e3o permanece igual.<\/p>\n<p>A.T., Madri<\/p>\n<p>[\/et_pb_text][\/et_pb_column][et_pb_column type=&#8221;2_5&#8243; _builder_version=&#8221;4.23.1&#8243; _module_preset=&#8221;default&#8221; custom_padding=&#8221;|0px||20px|false|false&#8221; global_colors_info=&#8221;{}&#8221;][et_pb_image src=&#8221;https:\/\/www.mariafelix.org\/wp-content\/uploads\/2023\/11\/image-20.jpeg&#8221; title_text=&#8221;image&#8221; _builder_version=&#8221;4.23.1&#8243; _module_preset=&#8221;default&#8221; global_colors_info=&#8221;{}&#8221;][\/et_pb_image][\/et_pb_column][\/et_pb_row][et_pb_row column_structure=&#8221;2_5,3_5&#8243; use_custom_gutter=&#8221;on&#8221; gutter_width=&#8221;1&#8243; make_equal=&#8221;on&#8221; _builder_version=&#8221;4.23.1&#8243; _module_preset=&#8221;default&#8221; custom_padding=&#8221;20px|30px|0px|0px|false|false&#8221; global_colors_info=&#8221;{}&#8221;][et_pb_column type=&#8221;2_5&#8243; _builder_version=&#8221;4.23.1&#8243; _module_preset=&#8221;default&#8221; custom_padding=&#8221;|20px|||false|false&#8221; global_colors_info=&#8221;{}&#8221;][et_pb_image src=&#8221;https:\/\/www.mariafelix.org\/wp-content\/uploads\/2023\/11\/image-54.jpeg&#8221; title_text=&#8221;image&#8221; _builder_version=&#8221;4.23.1&#8243; _module_preset=&#8221;default&#8221; global_colors_info=&#8221;{}&#8221;][\/et_pb_image][\/et_pb_column][et_pb_column type=&#8221;3_5&#8243; module_class=&#8221;colTextPorQueMater&#8221; _builder_version=&#8221;4.23.1&#8243; _module_preset=&#8221;default&#8221; background_color=&#8221;#efefef&#8221; custom_padding=&#8221;|40px||40px|false|false&#8221; global_colors_info=&#8221;{}&#8221;][et_pb_text _builder_version=&#8221;4.23.1&#8243; _module_preset=&#8221;bd03c851-a360-40e7-b4d0-135f58a7a312&#8243; global_colors_info=&#8221;{}&#8221;]<\/p>\n<h2>A Madre est\u00e1 sempre comigo<\/h2>\n<p class=\"small\">Sou ex-aluna do Col\u00e9gio Mater Salvatoris. H\u00e1 alguns anos, comecei a trabalhar na TVE (Televisi\u00f3n Espa\u00f1ola) com um contrato que terminaria quando conclu\u00edsse o projeto no qual estava involucrada. Tinha comprado uma casa e tive medo de perder o emprego e n\u00e3o poder pag\u00e1-la. Quando meu contrato terminou me fizeram um contrato indefinido. Para mim foi um milagre, porque ningu\u00e9m entra na TVE com um contrato indefinido havendo trabalhado l\u00e1 por t\u00e3o pouco tempo.<\/p>\n<p>Este n\u00e3o foi o \u00fanico favor que a Madre Felix me fez. H\u00e1 dois anos atr\u00e1s, a av\u00f3 do meu marido, que nesse momento era meu namorado, sofreu um ataque card\u00edaco. Os m\u00e9dicos nos disseram que ela n\u00e3o sobreviveria. Coloquei o santinho da Madre Felix sob o seu travesseiro e, para surpresa dos m\u00e9dicos, sa\u00edmos do hospital. Logo depois, ela foi diagnosticada com Alzheimer e estava muito agressiva. A fam\u00edlia teve que lev\u00e1-la a uma resid\u00eancia porque n\u00e3o conseguiam lidar com ela. Outra vez, coloquei o santinho e, milagrosamente, sua agress\u00e3o desapareceu e ela lembrou-se de tudo.<\/p>\n<p>Por outro lado, quando eu tinha 20 anos, ia fazer o teste para tirar a carteira de motorista, e realmente n\u00e3o estava preparada. Peguei o santinho da Madre F\u00e9lix e coloquei-o na alavanca de c\u00e2mbio do carro. A professora me disse: \u201c N\u00e3o importa quantas freiras voc\u00ea coloca ai, voc\u00ea n\u00e3o vai passar&#8230;\u201d PASSEI NA PRIMEIRA!<\/p>\n<p>Eu pe\u00e7o tantas coisas a ela que seria imposs\u00edvel poder contar, cada vez que algo me assusta, ela est\u00e1 comigo.<\/p>\n<p>M.P., Madrid<\/p>\n<p>[\/et_pb_text][\/et_pb_column][\/et_pb_row][et_pb_row column_structure=&#8221;3_5,2_5&#8243; use_custom_gutter=&#8221;on&#8221; gutter_width=&#8221;1&#8243; make_equal=&#8221;on&#8221; _builder_version=&#8221;4.23.1&#8243; _module_preset=&#8221;default&#8221; custom_padding=&#8221;20px|30px|0px|0px|false|false&#8221; global_colors_info=&#8221;{}&#8221;][et_pb_column type=&#8221;3_5&#8243; module_class=&#8221;colTextPorQueMater&#8221; admin_label=&#8221;Columna&#8221; _builder_version=&#8221;4.23.1&#8243; _module_preset=&#8221;default&#8221; background_color=&#8221;#efefef&#8221; custom_padding=&#8221;|40px||40px|false|false&#8221; global_colors_info=&#8221;{}&#8221;][et_pb_text _builder_version=&#8221;4.23.1&#8243; _module_preset=&#8221;bd03c851-a360-40e7-b4d0-135f58a7a312&#8243; global_colors_info=&#8221;{}&#8221;]<\/p>\n<h2>N\u00e3o houve necessidade de amputa\u00e7\u00e3o<\/h2>\n<p class=\"small\">Logo ap\u00f3s a morte da Madre F\u00e9lix, meu pai teve uma trombose na perna. Foi numa noite de sexta-feira quando vi que seu p\u00e9 direito estava roxo. No s\u00e1bado o p\u00e9 estava frio, &#8220;morto&#8221;, e digo &#8220;morto&#8221; porque a Madre acabava de morrer e a tinha visto, e tive a mesma sensa\u00e7\u00e3o. Fiquei com medo e liguei para meu cunhado, cirurgi\u00e3o vascular, mas ele estava ca\u00e7ando. Quando ele voltou no domingo, levou meu pai para a emerg\u00eancia no seu hospital em Alcorc\u00f3n (um bairro de Madri). Peguei o ros\u00e1rio com o qual havia tocado o corpo da Madre e o acompanhei enquanto os m\u00e9dicos tentavam reviver a perna, sem sucesso. Enrique, meu cunhado, come\u00e7ou a prepar\u00e1-lo: \u201c olhe Antonio, voc\u00ea \u00e9 um homem inteligente e se esta perna n\u00e3o voltar r\u00e1pido, teremos que tomar outras medidas &#8230;. Ligarei para a minha equipe e \u00e0s 6 da manh\u00e3 &#8230; (eles iam cortar a perna) &#8230; Ent\u00e3o eu peguei o ros\u00e1rio e disse \u00e0 Madre:\u201c Madre, voc\u00ea gostava muito dele, me fa\u00e7a esse favor, mas fa\u00e7a r\u00e1pido!\u201d. E a perna come\u00e7ou a reagir. \u00c0s 6.00 da manh\u00e3, em vez de amput\u00e1-la, removeram um co\u00e1gulo de 36 cm. Outras muitas vezes, gra\u00e7as a ela, obtive favores menores do Senhor.<\/p>\n<p>M.C., Pamplona<\/p>\n<p>[\/et_pb_text][\/et_pb_column][et_pb_column type=&#8221;2_5&#8243; admin_label=&#8221;Columna&#8221; _builder_version=&#8221;4.23.1&#8243; _module_preset=&#8221;default&#8221; custom_padding=&#8221;|||30px|false|false&#8221; global_colors_info=&#8221;{}&#8221;][et_pb_image src=&#8221;https:\/\/www.mariafelix.org\/wp-content\/uploads\/2023\/11\/image-21.jpeg&#8221; title_text=&#8221;image&#8221; _builder_version=&#8221;4.23.1&#8243; _module_preset=&#8221;default&#8221; global_colors_info=&#8221;{}&#8221;][\/et_pb_image][\/et_pb_column][\/et_pb_row][et_pb_row column_structure=&#8221;2_5,3_5&#8243; use_custom_gutter=&#8221;on&#8221; gutter_width=&#8221;1&#8243; make_equal=&#8221;on&#8221; _builder_version=&#8221;4.23.1&#8243; _module_preset=&#8221;default&#8221; custom_padding=&#8221;20px|30px|0px|0px|false|false&#8221; global_colors_info=&#8221;{}&#8221;][et_pb_column type=&#8221;2_5&#8243; admin_label=&#8221;Columna&#8221; _builder_version=&#8221;4.23.1&#8243; _module_preset=&#8221;default&#8221; custom_padding=&#8221;|20px|||false|false&#8221; global_colors_info=&#8221;{}&#8221;][et_pb_image src=&#8221;https:\/\/www.mariafelix.org\/wp-content\/uploads\/2023\/11\/image-22.jpeg&#8221; title_text=&#8221;image&#8221; _builder_version=&#8221;4.23.1&#8243; _module_preset=&#8221;default&#8221; global_colors_info=&#8221;{}&#8221;][\/et_pb_image][\/et_pb_column][et_pb_column type=&#8221;3_5&#8243; module_class=&#8221;colTextPorQueMater&#8221; admin_label=&#8221;Columna&#8221; _builder_version=&#8221;4.23.1&#8243; _module_preset=&#8221;default&#8221; background_color=&#8221;#efefef&#8221; custom_padding=&#8221;|40px||40px|false|false&#8221; global_colors_info=&#8221;{}&#8221;][et_pb_text _builder_version=&#8221;4.23.1&#8243; _module_preset=&#8221;bd03c851-a360-40e7-b4d0-135f58a7a312&#8243; global_colors_info=&#8221;{}&#8221;]<\/p>\n<h2>Um filho vindo do c\u00e9u<\/h2>\n<p class=\"small\">N\u00e3o temos d\u00favida da intercess\u00e3o da Madre Felix na enorme gra\u00e7a recebida. Quando a Madre Cristina, atrav\u00e9s de minha irm\u00e3, me deu a estampa da Madre F\u00e9lix com a ora\u00e7\u00e3o, rezei diariamente com muita intensidade, desejando um pequeno milagre. Logicamente, a intensidade aumentava nos dias que esperamos os resultados. Lembro perfeitamente como soube do resultado positivo ao mesmo tempo que rezava a ora\u00e7\u00e3o. Agrade\u00e7o muito a Madre F\u00e9lix, a Madre Cristina e a toda a Companhia do Salvador, pela intercess\u00e3o, pelas ora\u00e7\u00f5es e pelo carinho recebido, que me confortou tanto nos momentos dif\u00edceis..<\/p>\n<p>T.P., Madrid<\/p>\n<p>[\/et_pb_text][\/et_pb_column][\/et_pb_row][\/et_pb_section]<\/p>\n","protected":false},"excerpt":{"rendered":"<p>Ossos de vidro Meu filho, com apenas um ano e meio de idade, sofria continuamente uma s\u00e9rie fraturas nos ossos. Ele foi diagnosticado com a\u00a0doen\u00e7a Osteog\u00eanese Imperfeita\u00a0mais comumente conhecida como \u201c doen\u00e7a dos ossos de vidro \u201d. Devido a esta doen\u00e7a, que n\u00e3o tem cura, os ossos s\u00e3o t\u00e3o fracos que se quebram ao m\u00ednimo [&hellip;]<\/p>\n","protected":false},"author":1,"featured_media":0,"parent":0,"menu_order":0,"comment_status":"closed","ping_status":"closed","template":"","meta":{"_et_pb_use_builder":"on","_et_pb_old_content":"","_et_gb_content_width":"","footnotes":""},"class_list":["post-18093","page","type-page","status-publish","hentry"],"yoast_head":"<!-- This site is optimized with the Yoast SEO plugin v26.8 - https:\/\/yoast.com\/product\/yoast-seo-wordpress\/ -->\n<title>FAVORES - Madre Mar\u00eda F\u00e9lix Torres<\/title>\n<meta name=\"robots\" content=\"index, follow, max-snippet:-1, max-image-preview:large, max-video-preview:-1\" \/>\n<link rel=\"canonical\" href=\"https:\/\/www.mariafelix.org\/pt-br\/favores\/\" \/>\n<meta property=\"og:locale\" content=\"pt_BR\" \/>\n<meta property=\"og:type\" content=\"article\" \/>\n<meta property=\"og:title\" content=\"FAVORES - Madre Mar\u00eda F\u00e9lix Torres\" \/>\n<meta property=\"og:description\" content=\"Ossos de vidro Meu filho, com apenas um ano e meio de idade, sofria continuamente uma s\u00e9rie fraturas nos ossos. Ele foi diagnosticado com a\u00a0doen\u00e7a Osteog\u00eanese Imperfeita\u00a0mais comumente conhecida como \u201c doen\u00e7a dos ossos de vidro \u201d. Devido a esta doen\u00e7a, que n\u00e3o tem cura, os ossos s\u00e3o t\u00e3o fracos que se quebram ao m\u00ednimo [&hellip;]\" \/>\n<meta property=\"og:url\" content=\"https:\/\/www.mariafelix.org\/pt-br\/favores\/\" \/>\n<meta property=\"og:site_name\" content=\"Madre Mar\u00eda F\u00e9lix Torres\" \/>\n<meta property=\"article:modified_time\" content=\"2023-11-14T18:38:55+00:00\" \/>\n<meta name=\"twitter:card\" content=\"summary_large_image\" \/>\n<script type=\"application\/ld+json\" class=\"yoast-schema-graph\">{\"@context\":\"https:\/\/schema.org\",\"@graph\":[{\"@type\":\"WebPage\",\"@id\":\"https:\/\/www.mariafelix.org\/pt-br\/favores\/\",\"url\":\"https:\/\/www.mariafelix.org\/pt-br\/favores\/\",\"name\":\"FAVORES - Madre Mar\u00eda F\u00e9lix Torres\",\"isPartOf\":{\"@id\":\"https:\/\/www.mariafelix.org\/pt-br\/#website\"},\"datePublished\":\"2023-11-09T10:51:11+00:00\",\"dateModified\":\"2023-11-14T18:38:55+00:00\",\"inLanguage\":\"pt-BR\",\"potentialAction\":[{\"@type\":\"ReadAction\",\"target\":[\"https:\/\/www.mariafelix.org\/pt-br\/favores\/\"]}]},{\"@type\":\"WebSite\",\"@id\":\"https:\/\/www.mariafelix.org\/pt-br\/#website\",\"url\":\"https:\/\/www.mariafelix.org\/pt-br\/\",\"name\":\"Madre Mar\u00eda F\u00e9lix Torres\",\"description\":\"Madre Mar\u00eda F\u00e9lix Torres\",\"potentialAction\":[{\"@type\":\"SearchAction\",\"target\":{\"@type\":\"EntryPoint\",\"urlTemplate\":\"https:\/\/www.mariafelix.org\/pt-br\/?s={search_term_string}\"},\"query-input\":{\"@type\":\"PropertyValueSpecification\",\"valueRequired\":true,\"valueName\":\"search_term_string\"}}],\"inLanguage\":\"pt-BR\"}]}<\/script>\n<!-- \/ Yoast SEO plugin. -->","yoast_head_json":{"title":"FAVORES - Madre Mar\u00eda F\u00e9lix Torres","robots":{"index":"index","follow":"follow","max-snippet":"max-snippet:-1","max-image-preview":"max-image-preview:large","max-video-preview":"max-video-preview:-1"},"canonical":"https:\/\/www.mariafelix.org\/pt-br\/favores\/","og_locale":"pt_BR","og_type":"article","og_title":"FAVORES - Madre Mar\u00eda F\u00e9lix Torres","og_description":"Ossos de vidro Meu filho, com apenas um ano e meio de idade, sofria continuamente uma s\u00e9rie fraturas nos ossos. Ele foi diagnosticado com a\u00a0doen\u00e7a Osteog\u00eanese Imperfeita\u00a0mais comumente conhecida como \u201c doen\u00e7a dos ossos de vidro \u201d. Devido a esta doen\u00e7a, que n\u00e3o tem cura, os ossos s\u00e3o t\u00e3o fracos que se quebram ao m\u00ednimo [&hellip;]","og_url":"https:\/\/www.mariafelix.org\/pt-br\/favores\/","og_site_name":"Madre Mar\u00eda F\u00e9lix Torres","article_modified_time":"2023-11-14T18:38:55+00:00","twitter_card":"summary_large_image","schema":{"@context":"https:\/\/schema.org","@graph":[{"@type":"WebPage","@id":"https:\/\/www.mariafelix.org\/pt-br\/favores\/","url":"https:\/\/www.mariafelix.org\/pt-br\/favores\/","name":"FAVORES - Madre Mar\u00eda F\u00e9lix Torres","isPartOf":{"@id":"https:\/\/www.mariafelix.org\/pt-br\/#website"},"datePublished":"2023-11-09T10:51:11+00:00","dateModified":"2023-11-14T18:38:55+00:00","inLanguage":"pt-BR","potentialAction":[{"@type":"ReadAction","target":["https:\/\/www.mariafelix.org\/pt-br\/favores\/"]}]},{"@type":"WebSite","@id":"https:\/\/www.mariafelix.org\/pt-br\/#website","url":"https:\/\/www.mariafelix.org\/pt-br\/","name":"Madre Mar\u00eda F\u00e9lix Torres","description":"Madre Mar\u00eda F\u00e9lix Torres","potentialAction":[{"@type":"SearchAction","target":{"@type":"EntryPoint","urlTemplate":"https:\/\/www.mariafelix.org\/pt-br\/?s={search_term_string}"},"query-input":{"@type":"PropertyValueSpecification","valueRequired":true,"valueName":"search_term_string"}}],"inLanguage":"pt-BR"}]}},"_links":{"self":[{"href":"https:\/\/www.mariafelix.org\/pt-br\/wp-json\/wp\/v2\/pages\/18093","targetHints":{"allow":["GET"]}}],"collection":[{"href":"https:\/\/www.mariafelix.org\/pt-br\/wp-json\/wp\/v2\/pages"}],"about":[{"href":"https:\/\/www.mariafelix.org\/pt-br\/wp-json\/wp\/v2\/types\/page"}],"author":[{"embeddable":true,"href":"https:\/\/www.mariafelix.org\/pt-br\/wp-json\/wp\/v2\/users\/1"}],"replies":[{"embeddable":true,"href":"https:\/\/www.mariafelix.org\/pt-br\/wp-json\/wp\/v2\/comments?post=18093"}],"version-history":[{"count":6,"href":"https:\/\/www.mariafelix.org\/pt-br\/wp-json\/wp\/v2\/pages\/18093\/revisions"}],"predecessor-version":[{"id":18539,"href":"https:\/\/www.mariafelix.org\/pt-br\/wp-json\/wp\/v2\/pages\/18093\/revisions\/18539"}],"wp:attachment":[{"href":"https:\/\/www.mariafelix.org\/pt-br\/wp-json\/wp\/v2\/media?parent=18093"}],"curies":[{"name":"wp","href":"https:\/\/api.w.org\/{rel}","templated":true}]}}