{"id":18098,"date":"2023-11-09T13:32:46","date_gmt":"2023-11-09T12:32:46","guid":{"rendered":"https:\/\/www.mariafelix.org\/oracion\/"},"modified":"2023-11-20T10:23:52","modified_gmt":"2023-11-20T09:23:52","slug":"oracao","status":"publish","type":"page","link":"https:\/\/www.mariafelix.org\/pt-br\/oracao\/","title":{"rendered":"ORA\u00c7\u00c3O"},"content":{"rendered":"<p>[et_pb_section fb_built=&#8221;1&#8243; fullwidth=&#8221;on&#8221; _builder_version=&#8221;4.22.2&#8243; _module_preset=&#8221;2ce0b7bd-dbb5-4adc-bc83-1100f73502ab&#8221; global_colors_info=&#8221;{}&#8221;][et_pb_fullwidth_slider _builder_version=&#8221;4.23.1&#8243; _module_preset=&#8221;9587e0c8-d8ae-4497-80de-dc6ac7c71289&#8243; global_colors_info=&#8221;{}&#8221;][et_pb_slide _builder_version=&#8221;4.23.1&#8243; _module_preset=&#8221;default&#8221; background_image=&#8221;https:\/\/www.mariafelix.org\/wp-content\/uploads\/2023\/11\/image-24.jpeg&#8221; background_enable_image=&#8221;on&#8221; global_colors_info=&#8221;{}&#8221; sticky_transition=&#8221;on&#8221;][\/et_pb_slide][\/et_pb_fullwidth_slider][\/et_pb_section][et_pb_section fb_built=&#8221;1&#8243; _builder_version=&#8221;4.22.2&#8243; _module_preset=&#8221;c3571faf-1673-4b9f-bf46-f8250e9a3f6a&#8221; global_colors_info=&#8221;{}&#8221;][et_pb_row column_structure=&#8221;1_4,3_4&#8243; _builder_version=&#8221;4.22.2&#8243; _module_preset=&#8221;0b5ba106-5785-489f-ba7b-9fa41143096f&#8221; global_colors_info=&#8221;{}&#8221;][et_pb_column type=&#8221;1_4&#8243; _builder_version=&#8221;4.22.2&#8243; _module_preset=&#8221;824ebbaf-e3b5-4405-acb8-3b2fd9286d17&#8243; global_colors_info=&#8221;{}&#8221;][et_pb_text _builder_version=&#8221;4.23.1&#8243; _dynamic_attributes=&#8221;content&#8221; _module_preset=&#8221;ecb607dd-d36f-4b0d-a6f8-239bd01a7812&#8243; background_color=&#8221;#821b33&#8243; global_colors_info=&#8221;{}&#8221;]@ET-DC@eyJkeW5hbWljIjp0cnVlLCJjb250ZW50IjoicG9zdF90aXRsZSIsInNldHRpbmdzIjp7ImJlZm9yZSI6IiIsImFmdGVyIjoiIn19@[\/et_pb_text][\/et_pb_column][et_pb_column type=&#8221;3_4&#8243; _builder_version=&#8221;4.22.2&#8243; _module_preset=&#8221;fec2c85f-4b95-4256-bb6d-4b28d4ff7161&#8243; global_colors_info=&#8221;{}&#8221;][et_pb_text _builder_version=&#8221;4.23.1&#8243; _module_preset=&#8221;f8b6535a-4f35-4292-bb87-62eee3d9103b&#8221; global_colors_info=&#8221;{}&#8221; hover_enabled=&#8221;0&#8243; sticky_enabled=&#8221;0&#8243;]<\/p>\n<p><span>Numa carta de dire\u00e7\u00e3o espiritual, em 1960, a Madre Felix escreveu:\u00a0<\/span><strong><em>de tudo o que agora sai de mim, no c\u00e9u apenas ficar\u00e1 meu imenso amor para com todos.<\/em><\/strong><\/p>\n<p>[\/et_pb_text][et_pb_text _builder_version=&#8221;4.23.1&#8243; _module_preset=&#8221;default&#8221; global_colors_info=&#8221;{}&#8221;]Isto \u00e9 o que muitas pessoas experimentam quando encomendam-se a ela. Aqui voc\u00ea pode encontrar a ora\u00e7\u00e3o para a devo\u00e7\u00e3o pessoal, que pode ser rezada como uma novena, para pedir uma gra\u00e7a atrav\u00e9s da intercess\u00e3o da Madre.[\/et_pb_text][\/et_pb_column][\/et_pb_row][et_pb_row column_structure=&#8221;1_3,1_3,1_3&#8243; _builder_version=&#8221;4.23.1&#8243; _module_preset=&#8221;default&#8221; global_colors_info=&#8221;{}&#8221;][et_pb_column type=&#8221;1_3&#8243; _builder_version=&#8221;4.23.1&#8243; _module_preset=&#8221;default&#8221; global_colors_info=&#8221;{}&#8221;][et_pb_image src=&#8221;https:\/\/www.mariafelix.org\/wp-content\/uploads\/2023\/11\/image-5.png&#8221; title_text=&#8221;image&#8221; _builder_version=&#8221;4.23.1&#8243; _module_preset=&#8221;default&#8221; global_colors_info=&#8221;{}&#8221;][\/et_pb_image][et_pb_audio audio=&#8221;https:\/\/www.mariafelix.org\/wp-content\/uploads\/2023\/11\/Oracion-MF-espanol-1.mp3&#8243; title=&#8221;ORACI\u00d3N&#8221; artist_name=&#8221;para la devoci\u00f3n privada&#8221; _builder_version=&#8221;4.23.1&#8243; _module_preset=&#8221;default&#8221; background_color=&#8221;gcid-5932d176-2d77-4fca-a72d-b55e423a0cb1&#8243; border_color_all=&#8221;RGBA(255,255,255,0)&#8221; global_colors_info=&#8221;{%22gcid-5932d176-2d77-4fca-a72d-b55e423a0cb1%22:%91%22background_color%22%93}&#8221;][\/et_pb_audio][\/et_pb_column][et_pb_column type=&#8221;1_3&#8243; _builder_version=&#8221;4.23.1&#8243; _module_preset=&#8221;default&#8221; global_colors_info=&#8221;{}&#8221;][et_pb_image src=&#8221;https:\/\/www.mariafelix.org\/wp-content\/uploads\/2023\/11\/image-6.png&#8221; title_text=&#8221;image&#8221; _builder_version=&#8221;4.23.1&#8243; _module_preset=&#8221;default&#8221; global_colors_info=&#8221;{}&#8221;][\/et_pb_image][et_pb_audio audio=&#8221;https:\/\/www.mariafelix.org\/wp-content\/uploads\/2023\/11\/Oracao-MF-portugues-1.mp3&#8243; title=&#8221;ORA\u00c7\u00c3O&#8221; artist_name=&#8221;para devo\u00e7\u00e3o particular&#8221; _builder_version=&#8221;4.23.1&#8243; _module_preset=&#8221;default&#8221; background_color=&#8221;gcid-5932d176-2d77-4fca-a72d-b55e423a0cb1&#8243; global_colors_info=&#8221;{%22gcid-5932d176-2d77-4fca-a72d-b55e423a0cb1%22:%91%22background_color%22%93}&#8221;][\/et_pb_audio][\/et_pb_column][et_pb_column type=&#8221;1_3&#8243; _builder_version=&#8221;4.23.1&#8243; _module_preset=&#8221;default&#8221; global_colors_info=&#8221;{}&#8221;][et_pb_image src=&#8221;https:\/\/www.mariafelix.org\/wp-content\/uploads\/2023\/11\/image-7.png&#8221; title_text=&#8221;image&#8221; _builder_version=&#8221;4.23.1&#8243; _module_preset=&#8221;default&#8221; global_colors_info=&#8221;{}&#8221;][\/et_pb_image][et_pb_audio audio=&#8221;https:\/\/www.mariafelix.org\/wp-content\/uploads\/2023\/11\/Prayer-MF.mp3&#8243; title=&#8221;PRAYER&#8221; artist_name=&#8221;for private devotion&#8221; _builder_version=&#8221;4.23.1&#8243; _module_preset=&#8221;default&#8221; background_color=&#8221;gcid-5932d176-2d77-4fca-a72d-b55e423a0cb1&#8243; global_colors_info=&#8221;{%22gcid-5932d176-2d77-4fca-a72d-b55e423a0cb1%22:%91%22background_color%22%93}&#8221;][\/et_pb_audio][\/et_pb_column][\/et_pb_row][et_pb_row column_structure=&#8221;1_3,1_3,1_3&#8243; _builder_version=&#8221;4.23.1&#8243; _module_preset=&#8221;default&#8221; global_colors_info=&#8221;{}&#8221;][et_pb_column type=&#8221;1_3&#8243; _builder_version=&#8221;4.23.1&#8243; _module_preset=&#8221;default&#8221; global_colors_info=&#8221;{}&#8221;][et_pb_image src=&#8221;https:\/\/www.mariafelix.org\/wp-content\/uploads\/2023\/11\/image-8.png&#8221; title_text=&#8221;image&#8221; _builder_version=&#8221;4.23.1&#8243; _module_preset=&#8221;default&#8221; global_colors_info=&#8221;{}&#8221;][\/et_pb_image][\/et_pb_column][et_pb_column type=&#8221;1_3&#8243; _builder_version=&#8221;4.23.1&#8243; _module_preset=&#8221;default&#8221; global_colors_info=&#8221;{}&#8221;][et_pb_image src=&#8221;https:\/\/www.mariafelix.org\/wp-content\/uploads\/2023\/11\/image-9.png&#8221; title_text=&#8221;image&#8221; _builder_version=&#8221;4.23.1&#8243; _module_preset=&#8221;default&#8221; global_colors_info=&#8221;{}&#8221;][\/et_pb_image][\/et_pb_column][et_pb_column type=&#8221;1_3&#8243; _builder_version=&#8221;4.23.1&#8243; _module_preset=&#8221;default&#8221; global_colors_info=&#8221;{}&#8221;][et_pb_image src=&#8221;https:\/\/www.mariafelix.org\/wp-content\/uploads\/2023\/11\/image-10.png&#8221; title_text=&#8221;image&#8221; _builder_version=&#8221;4.23.1&#8243; _module_preset=&#8221;default&#8221; global_colors_info=&#8221;{}&#8221;][\/et_pb_image][\/et_pb_column][\/et_pb_row][et_pb_row column_structure=&#8221;1_3,1_3,1_3&#8243; _builder_version=&#8221;4.23.1&#8243; _module_preset=&#8221;default&#8221; global_colors_info=&#8221;{}&#8221;][et_pb_column type=&#8221;1_3&#8243; _builder_version=&#8221;4.23.1&#8243; _module_preset=&#8221;default&#8221; global_colors_info=&#8221;{}&#8221;][et_pb_image src=&#8221;https:\/\/www.mariafelix.org\/wp-content\/uploads\/2023\/11\/image-11.png&#8221; title_text=&#8221;image&#8221; _builder_version=&#8221;4.23.1&#8243; _module_preset=&#8221;default&#8221; global_colors_info=&#8221;{}&#8221;][\/et_pb_image][\/et_pb_column][et_pb_column type=&#8221;1_3&#8243; _builder_version=&#8221;4.23.1&#8243; _module_preset=&#8221;default&#8221; global_colors_info=&#8221;{}&#8221;][\/et_pb_column][et_pb_column type=&#8221;1_3&#8243; _builder_version=&#8221;4.23.1&#8243; _module_preset=&#8221;default&#8221; global_colors_info=&#8221;{}&#8221;][et_pb_image src=&#8221;https:\/\/www.mariafelix.org\/wp-content\/uploads\/2023\/11\/image-12.png&#8221; title_text=&#8221;image&#8221; _builder_version=&#8221;4.23.1&#8243; _module_preset=&#8221;default&#8221; global_colors_info=&#8221;{}&#8221;][\/et_pb_image][\/et_pb_column][\/et_pb_row][\/et_pb_section]<\/p>\n","protected":false},"excerpt":{"rendered":"<p>Numa carta de dire\u00e7\u00e3o espiritual, em 1960, a Madre Felix escreveu:\u00a0de tudo o que agora sai de mim, no c\u00e9u apenas ficar\u00e1 meu imenso amor para com todos.Isto \u00e9 o que muitas pessoas experimentam quando encomendam-se a ela. Aqui voc\u00ea pode encontrar a ora\u00e7\u00e3o para a devo\u00e7\u00e3o pessoal, que pode ser rezada como uma novena, [&hellip;]<\/p>\n","protected":false},"author":1,"featured_media":0,"parent":0,"menu_order":0,"comment_status":"closed","ping_status":"closed","template":"","meta":{"_et_pb_use_builder":"on","_et_pb_old_content":"","_et_gb_content_width":"","footnotes":""},"class_list":["post-18098","page","type-page","status-publish","hentry"],"yoast_head":"<!-- This site is optimized with the Yoast SEO plugin v26.8 - https:\/\/yoast.com\/product\/yoast-seo-wordpress\/ -->\n<title>ORA\u00c7\u00c3O - Madre Mar\u00eda F\u00e9lix Torres<\/title>\n<meta name=\"robots\" content=\"index, follow, max-snippet:-1, max-image-preview:large, max-video-preview:-1\" \/>\n<link rel=\"canonical\" href=\"https:\/\/www.mariafelix.org\/pt-br\/oracao\/\" \/>\n<meta property=\"og:locale\" content=\"pt_BR\" \/>\n<meta property=\"og:type\" content=\"article\" \/>\n<meta property=\"og:title\" content=\"ORA\u00c7\u00c3O - Madre Mar\u00eda F\u00e9lix Torres\" \/>\n<meta property=\"og:description\" content=\"Numa carta de dire\u00e7\u00e3o espiritual, em 1960, a Madre Felix escreveu:\u00a0de tudo o que agora sai de mim, no c\u00e9u apenas ficar\u00e1 meu imenso amor para com todos.Isto \u00e9 o que muitas pessoas experimentam quando encomendam-se a ela. Aqui voc\u00ea pode encontrar a ora\u00e7\u00e3o para a devo\u00e7\u00e3o pessoal, que pode ser rezada como uma novena, [&hellip;]\" \/>\n<meta property=\"og:url\" content=\"https:\/\/www.mariafelix.org\/pt-br\/oracao\/\" \/>\n<meta property=\"og:site_name\" content=\"Madre Mar\u00eda F\u00e9lix Torres\" \/>\n<meta property=\"article:modified_time\" content=\"2023-11-20T09:23:52+00:00\" \/>\n<meta name=\"twitter:card\" content=\"summary_large_image\" \/>\n<meta name=\"twitter:label1\" content=\"Est. tempo de leitura\" \/>\n\t<meta name=\"twitter:data1\" content=\"2 minutos\" \/>\n<script type=\"application\/ld+json\" class=\"yoast-schema-graph\">{\"@context\":\"https:\/\/schema.org\",\"@graph\":[{\"@type\":\"WebPage\",\"@id\":\"https:\/\/www.mariafelix.org\/pt-br\/oracao\/\",\"url\":\"https:\/\/www.mariafelix.org\/pt-br\/oracao\/\",\"name\":\"ORA\u00c7\u00c3O - Madre Mar\u00eda F\u00e9lix Torres\",\"isPartOf\":{\"@id\":\"https:\/\/www.mariafelix.org\/pt-br\/#website\"},\"datePublished\":\"2023-11-09T12:32:46+00:00\",\"dateModified\":\"2023-11-20T09:23:52+00:00\",\"inLanguage\":\"pt-BR\",\"potentialAction\":[{\"@type\":\"ReadAction\",\"target\":[\"https:\/\/www.mariafelix.org\/pt-br\/oracao\/\"]}]},{\"@type\":\"WebSite\",\"@id\":\"https:\/\/www.mariafelix.org\/pt-br\/#website\",\"url\":\"https:\/\/www.mariafelix.org\/pt-br\/\",\"name\":\"Madre Mar\u00eda F\u00e9lix Torres\",\"description\":\"Madre Mar\u00eda F\u00e9lix Torres\",\"potentialAction\":[{\"@type\":\"SearchAction\",\"target\":{\"@type\":\"EntryPoint\",\"urlTemplate\":\"https:\/\/www.mariafelix.org\/pt-br\/?s={search_term_string}\"},\"query-input\":{\"@type\":\"PropertyValueSpecification\",\"valueRequired\":true,\"valueName\":\"search_term_string\"}}],\"inLanguage\":\"pt-BR\"}]}<\/script>\n<!-- \/ Yoast SEO plugin. -->","yoast_head_json":{"title":"ORA\u00c7\u00c3O - Madre Mar\u00eda F\u00e9lix Torres","robots":{"index":"index","follow":"follow","max-snippet":"max-snippet:-1","max-image-preview":"max-image-preview:large","max-video-preview":"max-video-preview:-1"},"canonical":"https:\/\/www.mariafelix.org\/pt-br\/oracao\/","og_locale":"pt_BR","og_type":"article","og_title":"ORA\u00c7\u00c3O - Madre Mar\u00eda F\u00e9lix Torres","og_description":"Numa carta de dire\u00e7\u00e3o espiritual, em 1960, a Madre Felix escreveu:\u00a0de tudo o que agora sai de mim, no c\u00e9u apenas ficar\u00e1 meu imenso amor para com todos.Isto \u00e9 o que muitas pessoas experimentam quando encomendam-se a ela. Aqui voc\u00ea pode encontrar a ora\u00e7\u00e3o para a devo\u00e7\u00e3o pessoal, que pode ser rezada como uma novena, [&hellip;]","og_url":"https:\/\/www.mariafelix.org\/pt-br\/oracao\/","og_site_name":"Madre Mar\u00eda F\u00e9lix Torres","article_modified_time":"2023-11-20T09:23:52+00:00","twitter_card":"summary_large_image","twitter_misc":{"Est. tempo de leitura":"2 minutos"},"schema":{"@context":"https:\/\/schema.org","@graph":[{"@type":"WebPage","@id":"https:\/\/www.mariafelix.org\/pt-br\/oracao\/","url":"https:\/\/www.mariafelix.org\/pt-br\/oracao\/","name":"ORA\u00c7\u00c3O - Madre Mar\u00eda F\u00e9lix Torres","isPartOf":{"@id":"https:\/\/www.mariafelix.org\/pt-br\/#website"},"datePublished":"2023-11-09T12:32:46+00:00","dateModified":"2023-11-20T09:23:52+00:00","inLanguage":"pt-BR","potentialAction":[{"@type":"ReadAction","target":["https:\/\/www.mariafelix.org\/pt-br\/oracao\/"]}]},{"@type":"WebSite","@id":"https:\/\/www.mariafelix.org\/pt-br\/#website","url":"https:\/\/www.mariafelix.org\/pt-br\/","name":"Madre Mar\u00eda F\u00e9lix Torres","description":"Madre Mar\u00eda F\u00e9lix Torres","potentialAction":[{"@type":"SearchAction","target":{"@type":"EntryPoint","urlTemplate":"https:\/\/www.mariafelix.org\/pt-br\/?s={search_term_string}"},"query-input":{"@type":"PropertyValueSpecification","valueRequired":true,"valueName":"search_term_string"}}],"inLanguage":"pt-BR"}]}},"_links":{"self":[{"href":"https:\/\/www.mariafelix.org\/pt-br\/wp-json\/wp\/v2\/pages\/18098","targetHints":{"allow":["GET"]}}],"collection":[{"href":"https:\/\/www.mariafelix.org\/pt-br\/wp-json\/wp\/v2\/pages"}],"about":[{"href":"https:\/\/www.mariafelix.org\/pt-br\/wp-json\/wp\/v2\/types\/page"}],"author":[{"embeddable":true,"href":"https:\/\/www.mariafelix.org\/pt-br\/wp-json\/wp\/v2\/users\/1"}],"replies":[{"embeddable":true,"href":"https:\/\/www.mariafelix.org\/pt-br\/wp-json\/wp\/v2\/comments?post=18098"}],"version-history":[{"count":4,"href":"https:\/\/www.mariafelix.org\/pt-br\/wp-json\/wp\/v2\/pages\/18098\/revisions"}],"predecessor-version":[{"id":18686,"href":"https:\/\/www.mariafelix.org\/pt-br\/wp-json\/wp\/v2\/pages\/18098\/revisions\/18686"}],"wp:attachment":[{"href":"https:\/\/www.mariafelix.org\/pt-br\/wp-json\/wp\/v2\/media?parent=18098"}],"curies":[{"name":"wp","href":"https:\/\/api.w.org\/{rel}","templated":true}]}}