{"id":18101,"date":"2023-11-09T20:50:02","date_gmt":"2023-11-09T19:50:02","guid":{"rendered":"https:\/\/www.mariafelix.org\/otras-noticias\/"},"modified":"2023-11-14T20:59:02","modified_gmt":"2023-11-14T19:59:02","slug":"outras-noticias","status":"publish","type":"page","link":"https:\/\/www.mariafelix.org\/pt-br\/outras-noticias\/","title":{"rendered":"OUTRAS NOT\u00cdCIAS"},"content":{"rendered":"<p>[et_pb_section fb_built=&#8221;1&#8243; fullwidth=&#8221;on&#8221; _builder_version=&#8221;4.22.2&#8243; _module_preset=&#8221;2ce0b7bd-dbb5-4adc-bc83-1100f73502ab&#8221; da_disable_devices=&#8221;off|off|off&#8221; global_colors_info=&#8221;{}&#8221; da_is_popup=&#8221;off&#8221; da_exit_intent=&#8221;off&#8221; da_has_close=&#8221;on&#8221; da_alt_close=&#8221;off&#8221; da_dark_close=&#8221;off&#8221; da_not_modal=&#8221;on&#8221; da_is_singular=&#8221;off&#8221; da_with_loader=&#8221;off&#8221; da_has_shadow=&#8221;on&#8221;][et_pb_fullwidth_slider _builder_version=&#8221;4.23.1&#8243; _module_preset=&#8221;2659e1a5-1f37-4be7-8a70-752039ee73cd&#8221; global_colors_info=&#8221;{}&#8221;][et_pb_slide _builder_version=&#8221;4.23.1&#8243; _module_preset=&#8221;default&#8221; background_image=&#8221;https:\/\/www.mariafelix.org\/wp-content\/uploads\/2023\/11\/image-37.jpeg&#8221; background_enable_image=&#8221;on&#8221; global_colors_info=&#8221;{}&#8221; sticky_transition=&#8221;on&#8221;][\/et_pb_slide][\/et_pb_fullwidth_slider][\/et_pb_section][et_pb_section fb_built=&#8221;1&#8243; admin_label=&#8221;Section&#8221; module_id=&#8221;sectionPorQueMater&#8221; _builder_version=&#8221;4.22.2&#8243; _module_preset=&#8221;f4623393-45eb-49e1-bafe-b8affb231e4d&#8221; da_popup_slug=&#8221;sectionPorQueMater&#8221; da_disable_devices=&#8221;off|off|off&#8221; global_colors_info=&#8221;{}&#8221; da_is_popup=&#8221;off&#8221; da_exit_intent=&#8221;off&#8221; da_has_close=&#8221;on&#8221; da_alt_close=&#8221;off&#8221; da_dark_close=&#8221;off&#8221; da_not_modal=&#8221;on&#8221; da_is_singular=&#8221;off&#8221; da_with_loader=&#8221;off&#8221; da_has_shadow=&#8221;on&#8221;][et_pb_row column_structure=&#8221;2_3,1_3&#8243; use_custom_gutter=&#8221;on&#8221; gutter_width=&#8221;1&#8243; make_equal=&#8221;on&#8221; _builder_version=&#8221;4.23.1&#8243; _module_preset=&#8221;default&#8221; custom_padding=&#8221;20px|30px|0px|0px|false|false&#8221; global_colors_info=&#8221;{}&#8221;][et_pb_column type=&#8221;2_3&#8243; module_class=&#8221;colTextPorQueMater&#8221; _builder_version=&#8221;4.23.1&#8243; _module_preset=&#8221;default&#8221; background_color=&#8221;#efefef&#8221; custom_padding=&#8221;|40px||40px|false|false&#8221; global_colors_info=&#8221;{}&#8221;][et_pb_text _builder_version=&#8221;4.23.1&#8243; _module_preset=&#8221;bd03c851-a360-40e7-b4d0-135f58a7a312&#8243; hover_enabled=&#8221;0&#8243; global_colors_info=&#8221;{}&#8221; sticky_enabled=&#8221;0&#8243;]<\/p>\n<p><b><text>Centen\u00e1rio da voca\u00e7\u00e3o de Madre Maria F\u00e9lix 1922-2022<\/text><\/b><\/p>\n<p>H\u00e1 cem anos, a Vener\u00e1vel Madre Mar\u00eda F\u00e9lix descobriu a sua voca\u00e7\u00e3o. Ela tinha 14 anos, conheceu Jesus Cristo, que a amava, e se ofereceu a Ele completamente e para sempre. Era 13 de abril, Quinta-feira Santa de 1922.<\/p>\n<p>Esse encontro teve uma caracter\u00edstica muito peculiar: aconteceu na escola dele. Ali floresceu a vida crist\u00e3 que Maria herdou dos pais e come\u00e7ou uma vida de intenso apostolado e de busca sincera da vontade de Deus. Hoje muitos, especialmente atrav\u00e9s das <a href=\"https\/\/www.matersalvatoris.org\/\" target=\"_blank\" rel=\"noopener\">Faculdades Mater Salvatoris<\/a>, se beneficiam dos frutos desse &#8220;Sim&#8221; pronunciado por Maria aos quatorze anos, bem como a a\u00e7\u00e3o de Deus nela.<\/p>\n<p><a href=\"https:\/\/youtu.be\/4LeJE3VzZng\/\" target=\"_blank\" rel=\"noopener\">V\u00eddeo comemorativo do centen\u00e1rio<\/a><\/p>\n<p>[\/et_pb_text][\/et_pb_column][et_pb_column type=&#8221;1_3&#8243; _builder_version=&#8221;4.23.1&#8243; _module_preset=&#8221;default&#8221; custom_padding=&#8221;|0px||30px|false|false&#8221; global_colors_info=&#8221;{}&#8221;][et_pb_image src=&#8221;https:\/\/www.mariafelix.org\/wp-content\/uploads\/2023\/11\/image-29.jpeg&#8221; title_text=&#8221;image&#8221; _builder_version=&#8221;4.23.1&#8243; _module_preset=&#8221;default&#8221; global_colors_info=&#8221;{}&#8221;][\/et_pb_image][\/et_pb_column][\/et_pb_row][et_pb_row column_structure=&#8221;1_2,1_2&#8243; use_custom_gutter=&#8221;on&#8221; gutter_width=&#8221;1&#8243; make_equal=&#8221;on&#8221; _builder_version=&#8221;4.23.1&#8243; _module_preset=&#8221;default&#8221; custom_padding=&#8221;20px|30px|0px|0px|false|false&#8221; global_colors_info=&#8221;{}&#8221;][et_pb_column type=&#8221;1_2&#8243; _builder_version=&#8221;4.23.1&#8243; _module_preset=&#8221;default&#8221; custom_padding=&#8221;|20px||0px|false|false&#8221; global_colors_info=&#8221;{}&#8221;][et_pb_image src=&#8221;https:\/\/www.mariafelix.org\/wp-content\/uploads\/2023\/11\/image-13.png&#8221; title_text=&#8221;image&#8221; _builder_version=&#8221;4.23.1&#8243; _module_preset=&#8221;default&#8221; global_colors_info=&#8221;{}&#8221;][\/et_pb_image][\/et_pb_column][et_pb_column type=&#8221;1_2&#8243; module_class=&#8221;colTextPorQueMater&#8221; _builder_version=&#8221;4.23.1&#8243; _module_preset=&#8221;default&#8221; background_color=&#8221;#efefef&#8221; custom_padding=&#8221;|10px||10px|false|false&#8221; global_colors_info=&#8221;{}&#8221;][et_pb_text _builder_version=&#8221;4.23.1&#8243; _module_preset=&#8221;bd03c851-a360-40e7-b4d0-135f58a7a312&#8243; global_colors_info=&#8221;{}&#8221;]<\/p>\n<div class=\"tabla\">\n<p class=\"celda\"><b><text>A fama da santidade da Madre: nos 5 continentes!<\/text><\/b><span><\/span><\/p>\n<p><span>Cada vez s\u00e3o mais e mais cartas de pessoas que escrevem para contar um favor que receberam ou pedir \u00e0 Madre sua intercess\u00e3o em situa\u00e7\u00f5es dif\u00edceis. Desde o dia de sua morte at\u00e9 2005, sua fama de santidade se espalhou por toda a Espanha e Venezuela, en torno das escolas, come\u00e7aram a receber-se testemunhos e favores. A partir de 2007, sua fama da santidade se espalhou a novas regi\u00f5es da Europa e desde regi\u00f5es dos Estados Unidos aonde a Companhia do Salvador n\u00e3o estava presente. Em 2009, para a abertura da Causa, v\u00e1rias fam\u00edlias trouxeram favores escritos para depositar ante o t\u00famulo da Madre. Naquele ano, sua fama se espalhou at\u00e9 a Costa Rica e as Filipinas. Desde ent\u00e3o, o aumento foi progressivo: Peru, Argentina, Cuba, M\u00e9xico, Brasil, Col\u00f4mbia, Bol\u00edvia, Canad\u00e1, Indon\u00e9sia, Tail\u00e2ndia, \u00cdndia, Mal\u00e1sia, Vietn\u00e3, \u00c1frica do Sul &#8230;; Com Mounaya, aluna do Col\u00e9gio Mater Salvatoris Kalal\u00e9 em Benim, a devo\u00e7\u00e1o \u00e0 Madre n\u00e3o s\u00f3 tocou o continente africano, mas tamb\u00e9m provocou uma cadeia de ora\u00e7\u00e3o intercontinental.<\/span><\/p>\n<\/div>\n<p>[\/et_pb_text][\/et_pb_column][\/et_pb_row][et_pb_row column_structure=&#8221;1_2,1_2&#8243; use_custom_gutter=&#8221;on&#8221; gutter_width=&#8221;1&#8243; make_equal=&#8221;on&#8221; _builder_version=&#8221;4.23.1&#8243; _module_preset=&#8221;default&#8221; custom_padding=&#8221;20px|0px|0px|30px|false|false&#8221; global_colors_info=&#8221;{}&#8221;][et_pb_column type=&#8221;1_2&#8243; module_class=&#8221;colTextPorQueMater&#8221; _builder_version=&#8221;4.23.1&#8243; _module_preset=&#8221;default&#8221; background_color=&#8221;#efefef&#8221; custom_padding=&#8221;|10px||10px|false|false&#8221; global_colors_info=&#8221;{}&#8221;][et_pb_text _builder_version=&#8221;4.23.1&#8243; _module_preset=&#8221;bd03c851-a360-40e7-b4d0-135f58a7a312&#8243; custom_margin=&#8221;||0em||false|false&#8221; global_colors_info=&#8221;{}&#8221;]<\/p>\n<p style=\"text-align: justify;\"><b><text>O Mater Salvatoris nos EUA!<\/text><\/b><span><\/span><\/p>\n<p><span>O projeto de um col\u00e9gio Mater Salvatoris nos EUA foi um dos mais queridos pela Madre F\u00e9lix, por\u00e9m ela n\u00e3o p\u00f4de v\u00ea-lo realizado durante sua vida. Hoje, a Companhia do Salvador renova esse projeto.<\/span><\/p>\n<p><span>Em 1961, as Religiosas da Companhia do Salvador, atrav\u00e9s do Servo de Deus, o Padre Patrick Peyton, CSC, chegaram aos Estados Unidos. Foi um projeto muito importante para a Madre F\u00e9lix que via como muitas das alunas do Mater Salvatoris na Venezuela emigravam para os EUA, e ela n\u00e3o queria que perdessem a oportunidade de continuar sua forma\u00e7\u00e3o no Mater. Por mais de 50 anos, as Religiosas ensinaram em escolas paroquiais. No entanto, o encerramento de muitas delas nos \u00faltimos anos provocou uma necessidade providencial: iniciar o projeto de um Mater Salvatoris nos EUA. De acordo com Mons. Frank Caggiano, Bispo de Bridgeport, a Companhia do Salvador abrir\u00e1 as portas de seu primeiro col\u00e9gio na Am\u00e9rica do Norte em setembro de 2018. Assim, tenta responder ao desejo que a Madre expressou em sua ora\u00e7\u00e3o em 31 de agosto de 1988:\u00a0<\/span>&lt;em;&gt;&#8221;Sua maior gl\u00f3ria, o servi\u00e7o \u00e0 Igreja, amar voc\u00ea com toda a minha alma, lev\u00e1-lo a muitas almas \u00e9 o que voc\u00ea me pediu, e eu queria e quero.&#8221;&lt;\/em;&gt;<\/p>\n<p>[\/et_pb_text][\/et_pb_column][et_pb_column type=&#8221;1_2&#8243; _builder_version=&#8221;4.16&#8243; _module_preset=&#8221;default&#8221; custom_padding=&#8221;|30px||20px|false|false&#8221; global_colors_info=&#8221;{}&#8221;][et_pb_image src=&#8221;https:\/\/www.mariafelix.org\/wp-content\/uploads\/2023\/11\/image-38.jpeg&#8221; title_text=&#8221;image&#8221; _builder_version=&#8221;4.23.1&#8243; _module_preset=&#8221;default&#8221; global_colors_info=&#8221;{}&#8221;][\/et_pb_image][\/et_pb_column][\/et_pb_row][et_pb_row column_structure=&#8221;1_3,2_3&#8243; use_custom_gutter=&#8221;on&#8221; gutter_width=&#8221;1&#8243; make_equal=&#8221;on&#8221; _builder_version=&#8221;4.23.1&#8243; _module_preset=&#8221;default&#8221; custom_padding=&#8221;20px|30px|0px|0px|false|false&#8221; global_colors_info=&#8221;{}&#8221;][et_pb_column type=&#8221;1_3&#8243; _builder_version=&#8221;4.16&#8243; _module_preset=&#8221;default&#8221; custom_padding=&#8221;|20px||30px|false|false&#8221; global_colors_info=&#8221;{}&#8221;][et_pb_image src=&#8221;https:\/\/www.mariafelix.org\/wp-content\/uploads\/2023\/11\/image-39.jpeg&#8221; title_text=&#8221;image&#8221; _builder_version=&#8221;4.23.1&#8243; _module_preset=&#8221;default&#8221; hover_enabled=&#8221;0&#8243; global_colors_info=&#8221;{}&#8221; sticky_enabled=&#8221;0&#8243;][\/et_pb_image][\/et_pb_column][et_pb_column type=&#8221;2_3&#8243; module_class=&#8221;colTextPorQueMater&#8221; _builder_version=&#8221;4.23.1&#8243; _module_preset=&#8221;default&#8221; background_color=&#8221;#efefef&#8221; custom_padding=&#8221;0px|10px||10px|false|false&#8221; global_colors_info=&#8221;{}&#8221;][et_pb_text _builder_version=&#8221;4.23.1&#8243; _module_preset=&#8221;bd03c851-a360-40e7-b4d0-135f58a7a312&#8243; global_colors_info=&#8221;{}&#8221;]<\/p>\n<p style=\"text-align: justify;\"><b><text>Padre Mendiz\u00e1bal, Diretor Espiritual da Madre Mar\u00eda F\u00e9lix<\/text><\/b><span><\/span><\/p>\n<p><em>No dia 18 de janeiro, morreu em Alcal\u00e1 de Henares o Padre Mendiz\u00e1bal, diretor espiritual da Madre F\u00e9lix durante os \u00faltimos vinte anos de sua vida.<\/em><\/p>\n<p><span>A Madre Mar\u00eda F\u00e9lix conheceu o Padre Mendiz\u00e1bal em 1972, em um dos exerc\u00edcios espirituais nos quais ele pregava. Foi em 1979, ap\u00f3s a morte do Padre Maz\u00f3n, quando ela colocou-se sob sua orienta\u00e7\u00e3o espiritual. A Madre sempre viu nele um homem de Deus e um profundo conhecedor de Sua a\u00e7\u00e3o nas almas.<\/span><\/p>\n<p><span>A conex\u00e3o espiritual entre os dois foi imediata, nascida de uma profunda uni\u00e3o com Cristo. O Padre Mendiz\u00e1bal, em seu pr\u00f3logo \u00e0 edi\u00e7\u00e3\u00a0<\/span><a href=\"https:\/\/www.mariafelix.org\/publicaciones\/\">dos escritos autobiogr\u00e1ficos da Madre<\/a><span>, escreveu:\u00a0<\/span><em>tive o privil\u00e9gio de tratar a Madre F\u00e9lix espiritualmente em sua maturidade por muitos anos. E sempre tive a impress\u00e3o de encontrar-me diante de uma pessoa de um n\u00edvel superior, uma mulher extraordin\u00e1ria em sua mente, em sua grandeza de cora\u00e7\u00e3o, em sua vis\u00e3o das coisas, em sua eleva\u00e7\u00e3o de esp\u00edrito, em seu amor por Jesus Cristo e Santo In\u00e1cio, em sua dedica\u00e7\u00e3o ilimitada, em sua fidelidade a um carisma que lhe trouxe muitos enigmas e problemas, mas para o qual ele permaneceu fiel ao longo de sua vida, por meio de muitos sofrimentos e muitas alegrias que o Senhor lhe concedeu.<\/em><\/p>\n<p><span>Gra\u00e7as a essa rela\u00e7\u00e3o, as irm\u00e3s da Companhia do Salvador se beneficiaram da paternidade espiritual deste fiel filho de Santo In\u00e1cio, que se tornou um extraordin\u00e1rio confessor e diretor de Exerc\u00edcios da Companhia do Salvador por quase 20 anos. A \u00faltima vez que ele esteve no Col\u00e9gio Mater Salvatoris em Madri foi no dia 21 de junho de 2016, na apresenta\u00e7\u00e3o de seu livro\u00a0<\/span><a href=\"https:\/\/www.religionenlibertad.com\/cor-christi-una-serie-que-marca-hito-bac-50405.htm\">Os Mist\u00e9rios da Vida de Cristo<span>\u00a0<\/span><\/a><span>, publicado pela BAC como parte de sua cole\u00e7\u00e3o Cor Christi.<\/span><\/p>\n<p><span>Confiamos ao Senhor o seu eterno descanso e esperamos que ele, que ajudou tanto a Companhia do Salvador na vida, continue fazendo-o desde o c\u00e9u.<\/span><\/p>\n<p>[\/et_pb_text][\/et_pb_column][\/et_pb_row][et_pb_row column_structure=&#8221;3_5,2_5&#8243; use_custom_gutter=&#8221;on&#8221; gutter_width=&#8221;1&#8243; make_equal=&#8221;on&#8221; _builder_version=&#8221;4.23.1&#8243; _module_preset=&#8221;default&#8221; custom_padding=&#8221;20px|0px|0px|30px|false|false&#8221; global_colors_info=&#8221;{}&#8221;][et_pb_column type=&#8221;3_5&#8243; module_class=&#8221;colTextPorQueMater&#8221; _builder_version=&#8221;4.23.1&#8243; _module_preset=&#8221;default&#8221; background_color=&#8221;#efefef&#8221; custom_padding=&#8221;0px|10px||10px|false|false&#8221; global_colors_info=&#8221;{}&#8221;][et_pb_text _builder_version=&#8221;4.23.1&#8243; _module_preset=&#8221;bd03c851-a360-40e7-b4d0-135f58a7a312&#8243; global_colors_info=&#8221;{}&#8221;]<\/p>\n<p style=\"text-align: justify;\"><b><text>Falece \u00c1ngel F\u00e9lix<\/text><\/b><span><\/span><\/p>\n<p><span>No dia 23 de dezembro de 2016, \u00c1ngel F\u00e9lix, o irm\u00e3o mais novo da Madre F\u00e9lix, a quem ela apelidou carinhosamente de &#8220;Angelit\u00edn&#8221;, falece.<\/span><\/p>\n<p><span>Com ele, acaba uma toda gera\u00e7\u00e3o de pessoas muito \u00edntimas \u00e0 Madre e \u00e0 mem\u00f3ria viva de seu sorriso, sua percep\u00e7\u00e3o e seu senso de humor. Aos 102 anos, \u00c1ngel continuou compondo poesia, publicando na Internet e caminhando livremente por Barcelona. Ele seguiu com prazer o avan\u00e7o da Causa da Canoniza\u00e7\u00e3o de sua irm\u00e3 e estava entusiasmado ao ver crescer a Companhia (com a qual colaborou como um de seus primeiros professores) por outras partes do mundo. Esperamos que a Madre F\u00e9lix, que o amou de uma maneira especial, tenha ido ao seu encontro no c\u00e9u.<\/span><\/p>\n<p>[\/et_pb_text][\/et_pb_column][et_pb_column type=&#8221;2_5&#8243; _builder_version=&#8221;4.16&#8243; _module_preset=&#8221;default&#8221; custom_padding=&#8221;|30px||20px|false|false&#8221; global_colors_info=&#8221;{}&#8221;][et_pb_image src=&#8221;https:\/\/www.mariafelix.org\/wp-content\/uploads\/2023\/11\/image-40.jpeg&#8221; title_text=&#8221;image&#8221; _builder_version=&#8221;4.23.1&#8243; _module_preset=&#8221;default&#8221; global_colors_info=&#8221;{}&#8221;][\/et_pb_image][\/et_pb_column][\/et_pb_row][\/et_pb_section]<\/p>\n","protected":false},"excerpt":{"rendered":"<p>Centen\u00e1rio da voca\u00e7\u00e3o de Madre Maria F\u00e9lix 1922-2022 H\u00e1 cem anos, a Vener\u00e1vel Madre Mar\u00eda F\u00e9lix descobriu a sua voca\u00e7\u00e3o. Ela tinha 14 anos, conheceu Jesus Cristo, que a amava, e se ofereceu a Ele completamente e para sempre. Era 13 de abril, Quinta-feira Santa de 1922. Esse encontro teve uma caracter\u00edstica muito peculiar: aconteceu [&hellip;]<\/p>\n","protected":false},"author":1,"featured_media":0,"parent":0,"menu_order":0,"comment_status":"closed","ping_status":"closed","template":"","meta":{"_et_pb_use_builder":"on","_et_pb_old_content":"","_et_gb_content_width":"","footnotes":""},"class_list":["post-18101","page","type-page","status-publish","hentry"],"yoast_head":"<!-- This site is optimized with the Yoast SEO plugin v26.8 - https:\/\/yoast.com\/product\/yoast-seo-wordpress\/ -->\n<title>OUTRAS NOT\u00cdCIAS - Madre Mar\u00eda F\u00e9lix Torres<\/title>\n<meta name=\"robots\" content=\"index, follow, max-snippet:-1, max-image-preview:large, max-video-preview:-1\" \/>\n<link rel=\"canonical\" href=\"https:\/\/www.mariafelix.org\/pt-br\/outras-noticias\/\" \/>\n<meta property=\"og:locale\" content=\"pt_BR\" \/>\n<meta property=\"og:type\" content=\"article\" \/>\n<meta property=\"og:title\" content=\"OUTRAS NOT\u00cdCIAS - Madre Mar\u00eda F\u00e9lix Torres\" \/>\n<meta property=\"og:description\" content=\"Centen\u00e1rio da voca\u00e7\u00e3o de Madre Maria F\u00e9lix 1922-2022 H\u00e1 cem anos, a Vener\u00e1vel Madre Mar\u00eda F\u00e9lix descobriu a sua voca\u00e7\u00e3o. Ela tinha 14 anos, conheceu Jesus Cristo, que a amava, e se ofereceu a Ele completamente e para sempre. Era 13 de abril, Quinta-feira Santa de 1922. Esse encontro teve uma caracter\u00edstica muito peculiar: aconteceu [&hellip;]\" \/>\n<meta property=\"og:url\" content=\"https:\/\/www.mariafelix.org\/pt-br\/outras-noticias\/\" \/>\n<meta property=\"og:site_name\" content=\"Madre Mar\u00eda F\u00e9lix Torres\" \/>\n<meta property=\"article:modified_time\" content=\"2023-11-14T19:59:02+00:00\" \/>\n<meta name=\"twitter:card\" content=\"summary_large_image\" \/>\n<meta name=\"twitter:label1\" content=\"Est. tempo de leitura\" \/>\n\t<meta name=\"twitter:data1\" content=\"5 minutos\" \/>\n<script type=\"application\/ld+json\" class=\"yoast-schema-graph\">{\"@context\":\"https:\/\/schema.org\",\"@graph\":[{\"@type\":\"WebPage\",\"@id\":\"https:\/\/www.mariafelix.org\/pt-br\/outras-noticias\/\",\"url\":\"https:\/\/www.mariafelix.org\/pt-br\/outras-noticias\/\",\"name\":\"OUTRAS NOT\u00cdCIAS - Madre Mar\u00eda F\u00e9lix Torres\",\"isPartOf\":{\"@id\":\"https:\/\/www.mariafelix.org\/pt-br\/#website\"},\"datePublished\":\"2023-11-09T19:50:02+00:00\",\"dateModified\":\"2023-11-14T19:59:02+00:00\",\"inLanguage\":\"pt-BR\",\"potentialAction\":[{\"@type\":\"ReadAction\",\"target\":[\"https:\/\/www.mariafelix.org\/pt-br\/outras-noticias\/\"]}]},{\"@type\":\"WebSite\",\"@id\":\"https:\/\/www.mariafelix.org\/pt-br\/#website\",\"url\":\"https:\/\/www.mariafelix.org\/pt-br\/\",\"name\":\"Madre Mar\u00eda F\u00e9lix Torres\",\"description\":\"Madre Mar\u00eda F\u00e9lix Torres\",\"potentialAction\":[{\"@type\":\"SearchAction\",\"target\":{\"@type\":\"EntryPoint\",\"urlTemplate\":\"https:\/\/www.mariafelix.org\/pt-br\/?s={search_term_string}\"},\"query-input\":{\"@type\":\"PropertyValueSpecification\",\"valueRequired\":true,\"valueName\":\"search_term_string\"}}],\"inLanguage\":\"pt-BR\"}]}<\/script>\n<!-- \/ Yoast SEO plugin. -->","yoast_head_json":{"title":"OUTRAS NOT\u00cdCIAS - Madre Mar\u00eda F\u00e9lix Torres","robots":{"index":"index","follow":"follow","max-snippet":"max-snippet:-1","max-image-preview":"max-image-preview:large","max-video-preview":"max-video-preview:-1"},"canonical":"https:\/\/www.mariafelix.org\/pt-br\/outras-noticias\/","og_locale":"pt_BR","og_type":"article","og_title":"OUTRAS NOT\u00cdCIAS - Madre Mar\u00eda F\u00e9lix Torres","og_description":"Centen\u00e1rio da voca\u00e7\u00e3o de Madre Maria F\u00e9lix 1922-2022 H\u00e1 cem anos, a Vener\u00e1vel Madre Mar\u00eda F\u00e9lix descobriu a sua voca\u00e7\u00e3o. Ela tinha 14 anos, conheceu Jesus Cristo, que a amava, e se ofereceu a Ele completamente e para sempre. Era 13 de abril, Quinta-feira Santa de 1922. Esse encontro teve uma caracter\u00edstica muito peculiar: aconteceu [&hellip;]","og_url":"https:\/\/www.mariafelix.org\/pt-br\/outras-noticias\/","og_site_name":"Madre Mar\u00eda F\u00e9lix Torres","article_modified_time":"2023-11-14T19:59:02+00:00","twitter_card":"summary_large_image","twitter_misc":{"Est. tempo de leitura":"5 minutos"},"schema":{"@context":"https:\/\/schema.org","@graph":[{"@type":"WebPage","@id":"https:\/\/www.mariafelix.org\/pt-br\/outras-noticias\/","url":"https:\/\/www.mariafelix.org\/pt-br\/outras-noticias\/","name":"OUTRAS NOT\u00cdCIAS - Madre Mar\u00eda F\u00e9lix Torres","isPartOf":{"@id":"https:\/\/www.mariafelix.org\/pt-br\/#website"},"datePublished":"2023-11-09T19:50:02+00:00","dateModified":"2023-11-14T19:59:02+00:00","inLanguage":"pt-BR","potentialAction":[{"@type":"ReadAction","target":["https:\/\/www.mariafelix.org\/pt-br\/outras-noticias\/"]}]},{"@type":"WebSite","@id":"https:\/\/www.mariafelix.org\/pt-br\/#website","url":"https:\/\/www.mariafelix.org\/pt-br\/","name":"Madre Mar\u00eda F\u00e9lix Torres","description":"Madre Mar\u00eda F\u00e9lix Torres","potentialAction":[{"@type":"SearchAction","target":{"@type":"EntryPoint","urlTemplate":"https:\/\/www.mariafelix.org\/pt-br\/?s={search_term_string}"},"query-input":{"@type":"PropertyValueSpecification","valueRequired":true,"valueName":"search_term_string"}}],"inLanguage":"pt-BR"}]}},"_links":{"self":[{"href":"https:\/\/www.mariafelix.org\/pt-br\/wp-json\/wp\/v2\/pages\/18101","targetHints":{"allow":["GET"]}}],"collection":[{"href":"https:\/\/www.mariafelix.org\/pt-br\/wp-json\/wp\/v2\/pages"}],"about":[{"href":"https:\/\/www.mariafelix.org\/pt-br\/wp-json\/wp\/v2\/types\/page"}],"author":[{"embeddable":true,"href":"https:\/\/www.mariafelix.org\/pt-br\/wp-json\/wp\/v2\/users\/1"}],"replies":[{"embeddable":true,"href":"https:\/\/www.mariafelix.org\/pt-br\/wp-json\/wp\/v2\/comments?post=18101"}],"version-history":[{"count":6,"href":"https:\/\/www.mariafelix.org\/pt-br\/wp-json\/wp\/v2\/pages\/18101\/revisions"}],"predecessor-version":[{"id":18620,"href":"https:\/\/www.mariafelix.org\/pt-br\/wp-json\/wp\/v2\/pages\/18101\/revisions\/18620"}],"wp:attachment":[{"href":"https:\/\/www.mariafelix.org\/pt-br\/wp-json\/wp\/v2\/media?parent=18101"}],"curies":[{"name":"wp","href":"https:\/\/api.w.org\/{rel}","templated":true}]}}