{"id":18105,"date":"2023-11-10T10:02:48","date_gmt":"2023-11-10T09:02:48","guid":{"rendered":"https:\/\/www.mariafelix.org\/pensamientos\/"},"modified":"2023-11-14T21:13:48","modified_gmt":"2023-11-14T20:13:48","slug":"pensamentos","status":"publish","type":"page","link":"https:\/\/www.mariafelix.org\/pt-br\/pensamentos\/","title":{"rendered":"PENSAMENTOS"},"content":{"rendered":"<p>[et_pb_section fb_built=&#8221;1&#8243; fullwidth=&#8221;on&#8221; _builder_version=&#8221;4.22.2&#8243; _module_preset=&#8221;2ce0b7bd-dbb5-4adc-bc83-1100f73502ab&#8221; da_disable_devices=&#8221;off|off|off&#8221; global_colors_info=&#8221;{}&#8221; da_is_popup=&#8221;off&#8221; da_exit_intent=&#8221;off&#8221; da_has_close=&#8221;on&#8221; da_alt_close=&#8221;off&#8221; da_dark_close=&#8221;off&#8221; da_not_modal=&#8221;on&#8221; da_is_singular=&#8221;off&#8221; da_with_loader=&#8221;off&#8221; da_has_shadow=&#8221;on&#8221;][et_pb_fullwidth_slider _builder_version=&#8221;4.23.1&#8243; _module_preset=&#8221;2659e1a5-1f37-4be7-8a70-752039ee73cd&#8221; global_colors_info=&#8221;{}&#8221;][et_pb_slide _builder_version=&#8221;4.23.1&#8243; _module_preset=&#8221;default&#8221; background_image=&#8221;https:\/\/www.mariafelix.org\/wp-content\/uploads\/2023\/11\/image-44.jpeg&#8221; background_enable_image=&#8221;on&#8221; global_colors_info=&#8221;{}&#8221; sticky_transition=&#8221;on&#8221;][\/et_pb_slide][\/et_pb_fullwidth_slider][\/et_pb_section][et_pb_section fb_built=&#8221;1&#8243; admin_label=&#8221;Section&#8221; module_id=&#8221;sectionPorQueMater&#8221; _builder_version=&#8221;4.22.2&#8243; _module_preset=&#8221;f4623393-45eb-49e1-bafe-b8affb231e4d&#8221; da_popup_slug=&#8221;sectionPorQueMater&#8221; da_disable_devices=&#8221;off|off|off&#8221; global_colors_info=&#8221;{}&#8221; da_is_popup=&#8221;off&#8221; da_exit_intent=&#8221;off&#8221; da_has_close=&#8221;on&#8221; da_alt_close=&#8221;off&#8221; da_dark_close=&#8221;off&#8221; da_not_modal=&#8221;on&#8221; da_is_singular=&#8221;off&#8221; da_with_loader=&#8221;off&#8221; da_has_shadow=&#8221;on&#8221;][et_pb_row column_structure=&#8221;1_4,1_2,1_4&#8243; use_custom_gutter=&#8221;on&#8221; gutter_width=&#8221;1&#8243; make_equal=&#8221;on&#8221; _builder_version=&#8221;4.23.1&#8243; _module_preset=&#8221;default&#8221; custom_margin=&#8221;||||false|false&#8221; custom_padding=&#8221;0px|0px|0px|0px|false|false&#8221; global_colors_info=&#8221;{}&#8221;][et_pb_column type=&#8221;1_4&#8243; _builder_version=&#8221;4.16&#8243; _module_preset=&#8221;default&#8221; custom_padding=&#8221;|20px||30px|false|false&#8221; global_colors_info=&#8221;{}&#8221;][et_pb_text module_class=&#8221;tituloPaginaVerde tipo-peque&#8221; _builder_version=&#8221;4.23.1&#8243; _dynamic_attributes=&#8221;content&#8221; _module_preset=&#8221;ecb607dd-d36f-4b0d-a6f8-239bd01a7812&#8243; text_font_size=&#8221;31px&#8221; text_line_height=&#8221;1.1em&#8221; background_color=&#8221;gcid-5932d176-2d77-4fca-a72d-b55e423a0cb1&#8243; custom_padding=&#8221;90px||||false|false&#8221; global_colors_info=&#8221;{%22gcid-5932d176-2d77-4fca-a72d-b55e423a0cb1%22:%91%22background_color%22%93}&#8221;]@ET-DC@eyJkeW5hbWljIjp0cnVlLCJjb250ZW50IjoicG9zdF90aXRsZSIsInNldHRpbmdzIjp7ImJlZm9yZSI6IiIsImFmdGVyIjoiIn19@[\/et_pb_text][\/et_pb_column][et_pb_column type=&#8221;1_2&#8243; module_class=&#8221;colTextPorQueMater&#8221; _builder_version=&#8221;4.23.1&#8243; _module_preset=&#8221;default&#8221; background_color=&#8221;#efefef&#8221; custom_padding=&#8221;||||false|false&#8221; global_colors_info=&#8221;{}&#8221;][et_pb_text _builder_version=&#8221;4.23.1&#8243; _module_preset=&#8221;bd03c851-a360-40e7-b4d0-135f58a7a312&#8243; custom_margin=&#8221;||||false|false&#8221; global_colors_info=&#8221;{}&#8221;]<\/p>\n<p><em>Este \u00e9 o segredo da minha alegria espiritual: eu me entreguei ao servi\u00e7o da maior gl\u00f3ria de Deus; nada pode acontecer que n\u00e3o leve ao benef\u00edcio do mesmo.<\/em><span>\u00a0(Escritos Autobiogr\u00e1ficos, 1940)<\/span><\/p>\n<p><em>Atra\u00edda intensamente pela bondade e do\u00e7ura infinita de Cristo. Eu tenho que ser de Cristo, ou melhor, devo me identificar com Cristo, ser um com Ele. De onde vinha a serenidade, a bondade, a do\u00e7ura, a luminosidade de Cristo? De sua uni\u00e3o com o Pai, de sua vis\u00e3o constante e \u00edntima Dele. Se eu quiser transformar-me em Cristo, ser outro Cristo e mostr\u00e1-lo ao mundo, devo esfor\u00e7ar-me para viver em presen\u00e7a divina.<\/em><span>\u00a0(Escritos de conciencia, 1963)<\/span><\/p>\n<p><em>Ao escrever o Salvador, contemplo meu Senhor Crucificado e toda minha alma se levanta no desejo supremo de me pregar na cruz para Ele e com Ele, para que morrendo Eu e morando em Ele viva la Companhia tamb\u00e9m en Ele.<\/em><span>\u00a0(Escritos Autobiogr\u00e1ficos, 1943)<\/span><\/p>\n<p>[\/et_pb_text][\/et_pb_column][et_pb_column type=&#8221;1_4&#8243; _builder_version=&#8221;4.16&#8243; _module_preset=&#8221;default&#8221; custom_padding=&#8221;|30px||20px|false|false&#8221; global_colors_info=&#8221;{}&#8221;][et_pb_image src=&#8221;https:\/\/www.mariafelix.org\/wp-content\/uploads\/2023\/11\/image-42-scaled.jpeg&#8221; title_text=&#8221;image&#8221; _builder_version=&#8221;4.23.1&#8243; _module_preset=&#8221;default&#8221; global_colors_info=&#8221;{}&#8221;][\/et_pb_image][\/et_pb_column][\/et_pb_row][et_pb_row column_structure=&#8221;1_2,1_2&#8243; use_custom_gutter=&#8221;on&#8221; gutter_width=&#8221;1&#8243; make_equal=&#8221;on&#8221; _builder_version=&#8221;4.23.1&#8243; _module_preset=&#8221;default&#8221; custom_padding=&#8221;20px|30px|0px|0px|false|false&#8221; global_colors_info=&#8221;{}&#8221;][et_pb_column type=&#8221;1_2&#8243; _builder_version=&#8221;4.16&#8243; _module_preset=&#8221;default&#8221; custom_padding=&#8221;|20px||30px|false|false&#8221; global_colors_info=&#8221;{}&#8221;][et_pb_image src=&#8221;https:\/\/www.mariafelix.org\/wp-content\/uploads\/2023\/11\/image-43.jpeg&#8221; title_text=&#8221;image&#8221; _builder_version=&#8221;4.23.1&#8243; _module_preset=&#8221;default&#8221; global_colors_info=&#8221;{}&#8221;][\/et_pb_image][\/et_pb_column][et_pb_column type=&#8221;1_2&#8243; module_class=&#8221;colTextPorQueMater&#8221; _builder_version=&#8221;4.23.1&#8243; _module_preset=&#8221;default&#8221; background_color=&#8221;#efefef&#8221; custom_padding=&#8221;0px|0px||0px|false|false&#8221; global_colors_info=&#8221;{}&#8221;][et_pb_text _builder_version=&#8221;4.23.1&#8243; _module_preset=&#8221;bd03c851-a360-40e7-b4d0-135f58a7a312&#8243; global_colors_info=&#8221;{}&#8221;]<\/p>\n<div class=\"tabla\">\n<p class=\"celda\"><em>A Igreja \u00e9 a obra de Jesus Cristo, meu Senhor. \u00c9 o trabalho dos meus amores, e mil vidas daria por ela, porque \u00e9 de Jesus.<\/em><span>\u00a0(Escritos de conciencia, 1941)<\/span><\/p>\n<p><em>Estou feita para salvar e santificar almas. Como sinto esse pensamento! \u2026 Se salvo almas, coopero com a obra de Deus, sou mediadora entre Deus e os homens; companheira de Jesus; como outro Cristo. Que alteza de voca\u00e7\u00e3o! \u2026 Para ser fiel a ela, para n\u00e3o defraudar meu Senhor: que morra todo afeto desordenado e que viva unida intimamente a Deus! \u2026<\/em><span>\u00a0(Exerc\u00edcios Espirituais, 1943)<\/span><\/p>\n<p><em>Em presen\u00e7a do Pai, s\u00f3 sei dizer-lhe: Sou sua filha! \u2026<span>\u00a0<\/span><\/em><span>(Exerc\u00edcios Espirituais, 1948)<\/span><\/p>\n<p><em>O meu desempenho ser\u00e1 eficaz se sou santa, e serei se vivo unida a Deus e entregue \u00e0 sua vontade. N\u00e3o importa sa\u00fade ou doen\u00e7a, mandar ou obedecer, pobreza ou riqueza, vida curta ou longa. O que importa \u00e9 cumprir amorosamente a vontade divina.<\/em><span>\u00a0(Exerc\u00edcios Espirituais, 1943)<\/span><\/p>\n<p><em>Pedir a Maria chegar a Deus, atrav\u00e9s dos m\u00e9ritos de Jesus Cristo, o perd\u00e3o de meus pecados; n\u00e3o cometer nem um s\u00f3 pecado; limpar minha alma, para que em uni\u00e3o com Ela eu possa dizer ao meu Senhor: Gostaria de ajud\u00e1-lo a salvar almas e gostaria de me consumir em seu amor.<\/em><span>\u00a0(Escritos de conciencia, 1945)<\/span><\/p>\n<\/div>\n<p>[\/et_pb_text][\/et_pb_column][\/et_pb_row][\/et_pb_section]<\/p>\n","protected":false},"excerpt":{"rendered":"<p>Este \u00e9 o segredo da minha alegria espiritual: eu me entreguei ao servi\u00e7o da maior gl\u00f3ria de Deus; nada pode acontecer que n\u00e3o leve ao benef\u00edcio do mesmo.\u00a0(Escritos Autobiogr\u00e1ficos, 1940)Atra\u00edda intensamente pela bondade e do\u00e7ura infinita de Cristo. Eu tenho que ser de Cristo, ou melhor, devo me identificar com Cristo, ser um com Ele. [&hellip;]<\/p>\n","protected":false},"author":1,"featured_media":0,"parent":0,"menu_order":0,"comment_status":"closed","ping_status":"closed","template":"","meta":{"_et_pb_use_builder":"on","_et_pb_old_content":"","_et_gb_content_width":"","footnotes":""},"class_list":["post-18105","page","type-page","status-publish","hentry"],"yoast_head":"<!-- This site is optimized with the Yoast SEO plugin v26.8 - https:\/\/yoast.com\/product\/yoast-seo-wordpress\/ -->\n<title>PENSAMENTOS - Madre Mar\u00eda F\u00e9lix Torres<\/title>\n<meta name=\"robots\" content=\"index, follow, max-snippet:-1, max-image-preview:large, max-video-preview:-1\" \/>\n<link rel=\"canonical\" href=\"https:\/\/www.mariafelix.org\/pt-br\/pensamentos\/\" \/>\n<meta property=\"og:locale\" content=\"pt_BR\" \/>\n<meta property=\"og:type\" content=\"article\" \/>\n<meta property=\"og:title\" content=\"PENSAMENTOS - Madre Mar\u00eda F\u00e9lix Torres\" \/>\n<meta property=\"og:description\" content=\"Este \u00e9 o segredo da minha alegria espiritual: eu me entreguei ao servi\u00e7o da maior gl\u00f3ria de Deus; nada pode acontecer que n\u00e3o leve ao benef\u00edcio do mesmo.\u00a0(Escritos Autobiogr\u00e1ficos, 1940)Atra\u00edda intensamente pela bondade e do\u00e7ura infinita de Cristo. Eu tenho que ser de Cristo, ou melhor, devo me identificar com Cristo, ser um com Ele. [&hellip;]\" \/>\n<meta property=\"og:url\" content=\"https:\/\/www.mariafelix.org\/pt-br\/pensamentos\/\" \/>\n<meta property=\"og:site_name\" content=\"Madre Mar\u00eda F\u00e9lix Torres\" \/>\n<meta property=\"article:modified_time\" content=\"2023-11-14T20:13:48+00:00\" \/>\n<meta name=\"twitter:card\" content=\"summary_large_image\" \/>\n<meta name=\"twitter:label1\" content=\"Est. tempo de leitura\" \/>\n\t<meta name=\"twitter:data1\" content=\"3 minutos\" \/>\n<script type=\"application\/ld+json\" class=\"yoast-schema-graph\">{\"@context\":\"https:\/\/schema.org\",\"@graph\":[{\"@type\":\"WebPage\",\"@id\":\"https:\/\/www.mariafelix.org\/pt-br\/pensamentos\/\",\"url\":\"https:\/\/www.mariafelix.org\/pt-br\/pensamentos\/\",\"name\":\"PENSAMENTOS - Madre Mar\u00eda F\u00e9lix Torres\",\"isPartOf\":{\"@id\":\"https:\/\/www.mariafelix.org\/pt-br\/#website\"},\"datePublished\":\"2023-11-10T09:02:48+00:00\",\"dateModified\":\"2023-11-14T20:13:48+00:00\",\"inLanguage\":\"pt-BR\",\"potentialAction\":[{\"@type\":\"ReadAction\",\"target\":[\"https:\/\/www.mariafelix.org\/pt-br\/pensamentos\/\"]}]},{\"@type\":\"WebSite\",\"@id\":\"https:\/\/www.mariafelix.org\/pt-br\/#website\",\"url\":\"https:\/\/www.mariafelix.org\/pt-br\/\",\"name\":\"Madre Mar\u00eda F\u00e9lix Torres\",\"description\":\"Madre Mar\u00eda F\u00e9lix Torres\",\"potentialAction\":[{\"@type\":\"SearchAction\",\"target\":{\"@type\":\"EntryPoint\",\"urlTemplate\":\"https:\/\/www.mariafelix.org\/pt-br\/?s={search_term_string}\"},\"query-input\":{\"@type\":\"PropertyValueSpecification\",\"valueRequired\":true,\"valueName\":\"search_term_string\"}}],\"inLanguage\":\"pt-BR\"}]}<\/script>\n<!-- \/ Yoast SEO plugin. -->","yoast_head_json":{"title":"PENSAMENTOS - Madre Mar\u00eda F\u00e9lix Torres","robots":{"index":"index","follow":"follow","max-snippet":"max-snippet:-1","max-image-preview":"max-image-preview:large","max-video-preview":"max-video-preview:-1"},"canonical":"https:\/\/www.mariafelix.org\/pt-br\/pensamentos\/","og_locale":"pt_BR","og_type":"article","og_title":"PENSAMENTOS - Madre Mar\u00eda F\u00e9lix Torres","og_description":"Este \u00e9 o segredo da minha alegria espiritual: eu me entreguei ao servi\u00e7o da maior gl\u00f3ria de Deus; nada pode acontecer que n\u00e3o leve ao benef\u00edcio do mesmo.\u00a0(Escritos Autobiogr\u00e1ficos, 1940)Atra\u00edda intensamente pela bondade e do\u00e7ura infinita de Cristo. Eu tenho que ser de Cristo, ou melhor, devo me identificar com Cristo, ser um com Ele. [&hellip;]","og_url":"https:\/\/www.mariafelix.org\/pt-br\/pensamentos\/","og_site_name":"Madre Mar\u00eda F\u00e9lix Torres","article_modified_time":"2023-11-14T20:13:48+00:00","twitter_card":"summary_large_image","twitter_misc":{"Est. tempo de leitura":"3 minutos"},"schema":{"@context":"https:\/\/schema.org","@graph":[{"@type":"WebPage","@id":"https:\/\/www.mariafelix.org\/pt-br\/pensamentos\/","url":"https:\/\/www.mariafelix.org\/pt-br\/pensamentos\/","name":"PENSAMENTOS - Madre Mar\u00eda F\u00e9lix Torres","isPartOf":{"@id":"https:\/\/www.mariafelix.org\/pt-br\/#website"},"datePublished":"2023-11-10T09:02:48+00:00","dateModified":"2023-11-14T20:13:48+00:00","inLanguage":"pt-BR","potentialAction":[{"@type":"ReadAction","target":["https:\/\/www.mariafelix.org\/pt-br\/pensamentos\/"]}]},{"@type":"WebSite","@id":"https:\/\/www.mariafelix.org\/pt-br\/#website","url":"https:\/\/www.mariafelix.org\/pt-br\/","name":"Madre Mar\u00eda F\u00e9lix Torres","description":"Madre Mar\u00eda F\u00e9lix Torres","potentialAction":[{"@type":"SearchAction","target":{"@type":"EntryPoint","urlTemplate":"https:\/\/www.mariafelix.org\/pt-br\/?s={search_term_string}"},"query-input":{"@type":"PropertyValueSpecification","valueRequired":true,"valueName":"search_term_string"}}],"inLanguage":"pt-BR"}]}},"_links":{"self":[{"href":"https:\/\/www.mariafelix.org\/pt-br\/wp-json\/wp\/v2\/pages\/18105","targetHints":{"allow":["GET"]}}],"collection":[{"href":"https:\/\/www.mariafelix.org\/pt-br\/wp-json\/wp\/v2\/pages"}],"about":[{"href":"https:\/\/www.mariafelix.org\/pt-br\/wp-json\/wp\/v2\/types\/page"}],"author":[{"embeddable":true,"href":"https:\/\/www.mariafelix.org\/pt-br\/wp-json\/wp\/v2\/users\/1"}],"replies":[{"embeddable":true,"href":"https:\/\/www.mariafelix.org\/pt-br\/wp-json\/wp\/v2\/comments?post=18105"}],"version-history":[{"count":5,"href":"https:\/\/www.mariafelix.org\/pt-br\/wp-json\/wp\/v2\/pages\/18105\/revisions"}],"predecessor-version":[{"id":18639,"href":"https:\/\/www.mariafelix.org\/pt-br\/wp-json\/wp\/v2\/pages\/18105\/revisions\/18639"}],"wp:attachment":[{"href":"https:\/\/www.mariafelix.org\/pt-br\/wp-json\/wp\/v2\/media?parent=18105"}],"curies":[{"name":"wp","href":"https:\/\/api.w.org\/{rel}","templated":true}]}}