{"id":18113,"date":"2023-11-10T10:59:47","date_gmt":"2023-11-10T09:59:47","guid":{"rendered":"https:\/\/www.mariafelix.org\/publicaciones\/"},"modified":"2023-11-14T21:36:53","modified_gmt":"2023-11-14T20:36:53","slug":"publicacoes","status":"publish","type":"page","link":"https:\/\/www.mariafelix.org\/pt-br\/publicacoes\/","title":{"rendered":"PUBLICA\u00c7\u00d5ES"},"content":{"rendered":"<p>[et_pb_section fb_built=&#8221;1&#8243; fullwidth=&#8221;on&#8221; _builder_version=&#8221;4.22.2&#8243; _module_preset=&#8221;2ce0b7bd-dbb5-4adc-bc83-1100f73502ab&#8221; da_disable_devices=&#8221;off|off|off&#8221; global_colors_info=&#8221;{}&#8221; da_is_popup=&#8221;off&#8221; da_exit_intent=&#8221;off&#8221; da_has_close=&#8221;on&#8221; da_alt_close=&#8221;off&#8221; da_dark_close=&#8221;off&#8221; da_not_modal=&#8221;on&#8221; da_is_singular=&#8221;off&#8221; da_with_loader=&#8221;off&#8221; da_has_shadow=&#8221;on&#8221;][et_pb_fullwidth_slider _builder_version=&#8221;4.23.1&#8243; _module_preset=&#8221;2659e1a5-1f37-4be7-8a70-752039ee73cd&#8221; global_colors_info=&#8221;{}&#8221;][et_pb_slide _builder_version=&#8221;4.23.1&#8243; _module_preset=&#8221;default&#8221; background_image=&#8221;https:\/\/www.mariafelix.org\/wp-content\/uploads\/2023\/11\/image-46.jpeg&#8221; background_enable_image=&#8221;on&#8221; global_colors_info=&#8221;{}&#8221; sticky_transition=&#8221;on&#8221;][\/et_pb_slide][\/et_pb_fullwidth_slider][\/et_pb_section][et_pb_section fb_built=&#8221;1&#8243; admin_label=&#8221;Section&#8221; module_id=&#8221;sectionPorQueMater&#8221; _builder_version=&#8221;4.22.2&#8243; _module_preset=&#8221;f4623393-45eb-49e1-bafe-b8affb231e4d&#8221; da_popup_slug=&#8221;sectionPorQueMater&#8221; da_disable_devices=&#8221;off|off|off&#8221; global_colors_info=&#8221;{}&#8221; da_is_popup=&#8221;off&#8221; da_exit_intent=&#8221;off&#8221; da_has_close=&#8221;on&#8221; da_alt_close=&#8221;off&#8221; da_dark_close=&#8221;off&#8221; da_not_modal=&#8221;on&#8221; da_is_singular=&#8221;off&#8221; da_with_loader=&#8221;off&#8221; da_has_shadow=&#8221;on&#8221;][et_pb_row column_structure=&#8221;1_4,1_2,1_4&#8243; use_custom_gutter=&#8221;on&#8221; gutter_width=&#8221;1&#8243; make_equal=&#8221;on&#8221; _builder_version=&#8221;4.23.1&#8243; _module_preset=&#8221;default&#8221; custom_margin=&#8221;||||false|false&#8221; custom_padding=&#8221;0px|0px|0px|0px|false|false&#8221; global_colors_info=&#8221;{}&#8221;][et_pb_column type=&#8221;1_4&#8243; _builder_version=&#8221;4.16&#8243; _module_preset=&#8221;default&#8221; custom_padding=&#8221;|20px||30px|false|false&#8221; global_colors_info=&#8221;{}&#8221;][et_pb_text module_class=&#8221;tituloPaginaVerde tipo-peque&#8221; _builder_version=&#8221;4.23.1&#8243; _dynamic_attributes=&#8221;content&#8221; _module_preset=&#8221;ecb607dd-d36f-4b0d-a6f8-239bd01a7812&#8243; text_font_size=&#8221;31px&#8221; text_line_height=&#8221;1.1em&#8221; background_color=&#8221;gcid-5932d176-2d77-4fca-a72d-b55e423a0cb1&#8243; custom_padding=&#8221;90px||||false|false&#8221; global_colors_info=&#8221;{%22gcid-5932d176-2d77-4fca-a72d-b55e423a0cb1%22:%91%22background_color%22%93}&#8221;]@ET-DC@eyJkeW5hbWljIjp0cnVlLCJjb250ZW50IjoicG9zdF90aXRsZSIsInNldHRpbmdzIjp7ImJlZm9yZSI6IiIsImFmdGVyIjoiIn19@[\/et_pb_text][\/et_pb_column][et_pb_column type=&#8221;1_2&#8243; module_class=&#8221;colTextPorQueMater&#8221; _builder_version=&#8221;4.23.1&#8243; _module_preset=&#8221;default&#8221; background_color=&#8221;#efefef&#8221; custom_padding=&#8221;||||false|false&#8221; global_colors_info=&#8221;{}&#8221;][et_pb_text _builder_version=&#8221;4.23.1&#8243; _module_preset=&#8221;bd03c851-a360-40e7-b4d0-135f58a7a312&#8243; custom_margin=&#8221;||||false|false&#8221; global_colors_info=&#8221;{}&#8221;]<\/p>\n<div class=\"col-sm-8 col-xs-12 texto\">\n<div class=\"tabla\">\n<p class=\"celda\"><strong><text>&#8220;\u00bfQu\u00e9 har\u00e9 por Cristo?&#8221; Pensamientos de la Madre Mar\u00eda F\u00e9lix (Espanhol)<\/text><\/strong><\/p>\n<p>Pensamentos espirituais da Madre Maria F\u00e9lix, extra\u00eddos de seus escritos pessoais. Tal e como est\u00e1, esta sele\u00e7\u00e3o limitada cont\u00e9m textos representativos dos grandes ideais e dos grandes amores da Madre Maria F\u00e9lix: a glorifica\u00e7\u00e3o de Deus, o reinado de Jesus Cristo, a Virgem Maria, a Igreja, as almas &#8230; Tudo, com seu estilo muito pessoal de l\u00f3gica do cora\u00e7\u00e3o, em resposta \u00e0 l\u00f3gica do Cora\u00e7\u00e3o do Senhor, que tem &#8220;suas raz\u00f5es&#8221; para nos amar sem medida.<\/p>\n<p>(Da<span>\u00a0<\/span><a href=\"https:\/\/www.mariafelix.org\/wp-content\/uploads\/2018\/01\/Pr%C3%B3logo-del-P.-Manuel-Iglesias-S.I.-al-libro-de-pensamientos-de-la-Madre-Mar%C3%ADa-F%C3%A9lix.pdf\">apresenta\u00e7\u00e3o<\/a><span>\u00a0<\/span>do Rvdo. P. Manuel Iglesias, S.J.)<\/p>\n<p><a class=\"pull-right\" href=\"mailto:madre.felix@ciasalvador.org\" target=\"_blank\" rel=\"noopener\">Adquirir Publica\u00e7\u00e3o<\/a><\/p>\n<\/div>\n<\/div>\n<p>[\/et_pb_text][\/et_pb_column][et_pb_column type=&#8221;1_4&#8243; _builder_version=&#8221;4.16&#8243; _module_preset=&#8221;default&#8221; custom_padding=&#8221;|30px||20px|false|false&#8221; global_colors_info=&#8221;{}&#8221;][et_pb_image src=&#8221;https:\/\/www.mariafelix.org\/wp-content\/uploads\/2023\/11\/image-47.jpeg&#8221; title_text=&#8221;image&#8221; _builder_version=&#8221;4.23.1&#8243; _module_preset=&#8221;default&#8221; global_colors_info=&#8221;{}&#8221;][\/et_pb_image][\/et_pb_column][\/et_pb_row][et_pb_row column_structure=&#8221;1_2,1_2&#8243; use_custom_gutter=&#8221;on&#8221; gutter_width=&#8221;1&#8243; make_equal=&#8221;on&#8221; _builder_version=&#8221;4.23.1&#8243; _module_preset=&#8221;default&#8221; custom_padding=&#8221;20px|30px|0px|0px|false|false&#8221; global_colors_info=&#8221;{}&#8221;][et_pb_column type=&#8221;1_2&#8243; _builder_version=&#8221;4.16&#8243; _module_preset=&#8221;default&#8221; custom_padding=&#8221;|20px||30px|false|false&#8221; global_colors_info=&#8221;{}&#8221;][et_pb_image src=&#8221;https:\/\/www.mariafelix.org\/wp-content\/uploads\/2023\/11\/image-48.jpeg&#8221; title_text=&#8221;image&#8221; _builder_version=&#8221;4.23.1&#8243; _module_preset=&#8221;default&#8221; global_colors_info=&#8221;{}&#8221;][\/et_pb_image][\/et_pb_column][et_pb_column type=&#8221;1_2&#8243; module_class=&#8221;colTextPorQueMater&#8221; _builder_version=&#8221;4.23.1&#8243; _module_preset=&#8221;default&#8221; background_color=&#8221;#efefef&#8221; custom_padding=&#8221;0px|0px||0px|false|false&#8221; global_colors_info=&#8221;{}&#8221;][et_pb_text _builder_version=&#8221;4.23.1&#8243; _module_preset=&#8221;bd03c851-a360-40e7-b4d0-135f58a7a312&#8243; global_colors_info=&#8221;{}&#8221;]<\/p>\n<div class=\"tabla\">\n<p class=\"celda\"><strong><text>\u201cRecuerdos de mi vida\u201d Escritos autobiogr\u00e1ficos de Mar\u00eda F\u00e9lix Torres (Espanhol)<\/text><\/strong><\/p>\n<p><span>\u201cUma alma entregue sem fissuras. Uma alma cheia de bondade e senso comum, de amor a todos, que entrava nas pessoas e que numa simples conversa conseguia tocar os cora\u00e7\u00f5es e conquist\u00e1-los com sua delicadeza, amor, gentileza, intelig\u00eancia superior.\u201d<\/span><\/p>\n<p><span>\u00abMem\u00f3rias da minha vida\u00bb. Uma alma que aparece retratada fielmente nestas p\u00e1ginas, escritas por ela mesma. Se eu resumisse em uma \u00fanica palavra o conte\u00fado dessas notas autobiogr\u00e1ficas da Madre F\u00e9lix, falaria de uma busca, porque o que aparece nestas \u00ab Mem\u00f3rias da minha vida \u00bb \u00e9 um itiner\u00b4rio de busca intr.\u00e9pida da vontade de Deus, da maior gl\u00f3ria de Deus.\u201d<\/span><\/p>\n<p><span>(Do\u00a0<\/span><a href=\"https:\/\/www.mariafelix.org\/wp-content\/uploads\/2018\/01\/Pr%C3%B3logo-del-P.-Mendiz%C3%A1bal-a-los-Escritos-autobiogr%C3%A1ficos-de-la-Madre-Mar%C3%ADa-F%C3%A9lix.pdf\">pr\u00f3logo<\/a><span>\u00a0do Rvdo. P. Luis M.\u00aa Mendiz\u00e1bal, S.J.)<\/span><\/p>\n<p><a href=\"mailto:madre.felix@ciasalvador.org\" target=\"_blank\" rel=\"noopener\">Adquirir Publica\u00e7\u00e3o<\/a><\/p>\n<\/div>\n<p>[\/et_pb_text][\/et_pb_column][\/et_pb_row][et_pb_row column_structure=&#8221;1_2,1_2&#8243; use_custom_gutter=&#8221;on&#8221; gutter_width=&#8221;1&#8243; make_equal=&#8221;on&#8221; _builder_version=&#8221;4.23.1&#8243; _module_preset=&#8221;default&#8221; custom_padding=&#8221;20px|20px|0px|30px|false|false&#8221; global_colors_info=&#8221;{}&#8221;][et_pb_column type=&#8221;1_2&#8243; module_class=&#8221;colTextPorQueMater&#8221; _builder_version=&#8221;4.23.1&#8243; _module_preset=&#8221;default&#8221; background_color=&#8221;#efefef&#8221; custom_padding=&#8221;0px|0px||0px|false|false&#8221; global_colors_info=&#8221;{}&#8221;][et_pb_text _builder_version=&#8221;4.23.1&#8243; _module_preset=&#8221;bd03c851-a360-40e7-b4d0-135f58a7a312&#8243; hover_enabled=&#8221;0&#8243; global_colors_info=&#8221;{}&#8221; sticky_enabled=&#8221;0&#8243;]<strong><text>&#8220;Dios sobre todo&#8221; Biografia de M. Mar\u00eda F\u00e9lix Torres<\/text><\/strong><\/p>\n<p>Pilar Abraira, C.S. Cole\u00e7\u00e3o Depoimentos. Edi\u00e7\u00f5es Palabra 2021. 320 p\u00e1ginas.<\/p>\n<p>Deus acima de tudo. Se a vida de um ser humano pode ser resumida em tr\u00eas palavras, estas s\u00e3o as palavras de Madre Maria F\u00e9lix. S\u00e3o palavras suas, genuinamente suas, que a acompanharam nas suas grandes alegrias e tamb\u00e9m nas suas ang\u00fastias e frustra\u00e7\u00f5es. S\u00e3o uma variante pr\u00f3pria daquela \u201cmaior gl\u00f3ria de Deus\u201d que recebeu de Santo In\u00e1cio, uma variante feminina, ternamente pessoal: Dios por encima de todo, Dios el primero. Esta \u00e9 talvez a coisa mais surpreendente na vida do fundador da Compa\u00f1\u00eda del Salvador e das Escolas Mater Salvatoris. Desde os quatorze anos, desde aquela Quinta-Feira Santa em que conheceu Jesus Cristo que a amava, ela O colocou acima de tudo. Assim o viam os seus contempor\u00e2neos e assim o viam os primeiros leitores deste livro:<\/p>\n<p>\u201cEsta mulher intr\u00e9pida e santa distinguiu-se, sobretudo, pela paix\u00e3o em procurar e encontrar o que Deus queria dela e, uma vez encontrada, por abra\u00e7ar a sua voca\u00e7\u00e3o divina com gentil for\u00e7a her\u00f3ica. dos consagrados ao amor infinito, e dos companheiros chamados pela Provid\u00eancia \u00e0 mesma consagra\u00e7\u00e3o, era educar as jovens para facilitar o maravilhoso caminho da santidade. Tudo isto, sabendo responder aos desafios dos tempos novos e dif\u00edceis&#8221;. (Do pr\u00f3logo de D. Juan Antonio Mart\u00ednez Camino)<\/p>\n<p><a class=\"pull-right\" href=\"https:\/\/www.palabra.es\/dios-sobre-todo-2724.html\" target=\"_blank\" rel=\"noopener\">Adquirir publica\u00e7\u00e3o<\/a><br \/>\n[\/et_pb_text][\/et_pb_column][et_pb_column type=&#8221;1_2&#8243; _builder_version=&#8221;4.23.1&#8243; _module_preset=&#8221;default&#8221; custom_padding=&#8221;|10px||20px|false|false&#8221; global_colors_info=&#8221;{}&#8221;][et_pb_image src=&#8221;https:\/\/www.mariafelix.org\/wp-content\/uploads\/2023\/11\/image-49.jpeg&#8221; title_text=&#8221;image&#8221; _builder_version=&#8221;4.23.1&#8243; _module_preset=&#8221;default&#8221; global_colors_info=&#8221;{}&#8221;][\/et_pb_image][\/et_pb_column][\/et_pb_row][et_pb_row column_structure=&#8221;1_2,1_2&#8243; use_custom_gutter=&#8221;on&#8221; gutter_width=&#8221;1&#8243; make_equal=&#8221;on&#8221; _builder_version=&#8221;4.23.1&#8243; _module_preset=&#8221;default&#8221; custom_padding=&#8221;20px|30px|0px|0px|false|false&#8221; global_colors_info=&#8221;{}&#8221;][et_pb_column type=&#8221;1_2&#8243; _builder_version=&#8221;4.16&#8243; _module_preset=&#8221;default&#8221; custom_padding=&#8221;|20px||30px|false|false&#8221; global_colors_info=&#8221;{}&#8221;][et_pb_image src=&#8221;https:\/\/www.mariafelix.org\/wp-content\/uploads\/2023\/11\/image-50.jpeg&#8221; title_text=&#8221;image&#8221; _builder_version=&#8221;4.23.1&#8243; _module_preset=&#8221;default&#8221; global_colors_info=&#8221;{}&#8221;][\/et_pb_image][\/et_pb_column][et_pb_column type=&#8221;1_2&#8243; module_class=&#8221;colTextPorQueMater&#8221; _builder_version=&#8221;4.23.1&#8243; _module_preset=&#8221;default&#8221; background_color=&#8221;#efefef&#8221; custom_padding=&#8221;0px|0px||0px|false|false&#8221; global_colors_info=&#8221;{}&#8221;][et_pb_text _builder_version=&#8221;4.23.1&#8243; _module_preset=&#8221;bd03c851-a360-40e7-b4d0-135f58a7a312&#8243; global_colors_info=&#8221;{}&#8221;]<\/p>\n<div class=\"tabla\">\n<div class=\"tabla\">\n<div class=\"col-lg-6 col-md-6 col-sm-6 col-xs-12 texto hidden-xs\">\n<div class=\"tabla\">\n<p class=\"celda\"><strong><text>\u201cMadre Mar\u00eda F\u00e9lix. Fundadora de la Compa\u00f1\u00eda del Salvador y de los Colegios Mater Salvatoris\u201d (Espanhol)<\/text><\/strong><\/p>\n<p>Colecci\u00f3n Vidas y semblanzas. Edibesa 2015<br \/>Esta recente biografia, que conta a hist\u00f3ria da inf\u00e2ncia e da juventude da Madre F\u00e9lix at\u00e9 a funda\u00e7\u00e3o da Companhia do Salvador, tem um m\u00e9rito duplo: faz\u00ea-lo em um tom casual, \u00e1gil e vibrante que permite que os jovens se &#8220;conectem&#8221; com a alma da jovem Maria F\u00e9lix, e de ser muito fiel ao texto de seus escritos autobiogr\u00e1ficos, o que permite um verdadeiro conhecimento de seu caminho de fidelidade a Deus.<\/p>\n<p><a class=\"pull-right\" href=\"http:\/\/www.edibesa.com\/libro.aspx?id=381\" target=\"_blank\" rel=\"noopener\">Adquirir Publica\u00e7\u00e3o<\/a><\/p>\n<\/div>\n<\/div>\n<\/div>\n<\/div>\n<p>[\/et_pb_text][\/et_pb_column][\/et_pb_row][et_pb_row column_structure=&#8221;1_2,1_2&#8243; use_custom_gutter=&#8221;on&#8221; gutter_width=&#8221;1&#8243; make_equal=&#8221;on&#8221; _builder_version=&#8221;4.23.1&#8243; _module_preset=&#8221;default&#8221; custom_padding=&#8221;20px|30px|0px|30px|false|false&#8221; global_colors_info=&#8221;{}&#8221;][et_pb_column type=&#8221;1_2&#8243; module_class=&#8221;colTextPorQueMater&#8221; _builder_version=&#8221;4.23.1&#8243; _module_preset=&#8221;default&#8221; background_color=&#8221;#efefef&#8221; custom_padding=&#8221;0px|0px||0px|false|false&#8221; global_colors_info=&#8221;{}&#8221;][et_pb_text _builder_version=&#8221;4.23.1&#8243; _module_preset=&#8221;bd03c851-a360-40e7-b4d0-135f58a7a312&#8243; hover_enabled=&#8221;0&#8243; global_colors_info=&#8221;{}&#8221; sticky_enabled=&#8221;0&#8243;]<\/p>\n<p><strong><text>&#8220;Via Sacra com textos da Vener\u00e1vel Madre Maria F\u00e9lix&#8221;<\/text><\/strong><\/p>\n<p>Esta Via Sacra foi preparada com uma sele\u00e7\u00e3o dos escritos espirituais de Madre Mar\u00eda F\u00e9lix, Fundadora da Sociedade do Salvador e das Escolas Mater Salvatori (1907-2001).<\/p>\n<p>Pedimos ao Senhor que, refazendo o seu caminho at\u00e9 \u00e0 Cruz da m\u00e3o de Madre F\u00e9lix, possamos penetrar um pouco mais no Mist\u00e9rio da Reden\u00e7\u00e3o. Pedimos tamb\u00e9m \u00e0 Virgem a gra\u00e7a de conhecer mais profundamente estes dois cora\u00e7\u00f5es: o de Jesus, que nos ama e se entrega ao Pai por cada um de n\u00f3s e por todos os homens, e o de Madre F\u00e9lix, que nos ensina a responder a esse amor com entrega total.<\/p>\n<p><a href=\"https:\/\/www.mariafelix.org\/wp-content\/uploads\/2021\/02\/Via-Crucis-con-textos-de-la-Madre-Maria-F%C3%A9lix-A6-3 .pdf\">Baixe as Esta\u00e7\u00f5es da Cruz<\/a> em formato pdf.<\/p>\n<p><a class=\"pull-right\" href=\"mailto:madre.felix@ciasalvador.org\" target=\"_blank\" rel=\"noopener\">Adquirir publica\u00e7\u00e3o<\/a><\/p>\n<p>[\/et_pb_text][\/et_pb_column][et_pb_column type=&#8221;1_2&#8243; _builder_version=&#8221;4.23.1&#8243; _module_preset=&#8221;default&#8221; custom_padding=&#8221;|0px||20px|false|false&#8221; global_colors_info=&#8221;{}&#8221;][et_pb_image src=&#8221;https:\/\/www.mariafelix.org\/wp-content\/uploads\/2023\/11\/image-14.png&#8221; title_text=&#8221;image&#8221; _builder_version=&#8221;4.23.1&#8243; _module_preset=&#8221;default&#8221; global_colors_info=&#8221;{}&#8221;][\/et_pb_image][\/et_pb_column][\/et_pb_row][et_pb_row column_structure=&#8221;1_2,1_2&#8243; use_custom_gutter=&#8221;on&#8221; gutter_width=&#8221;1&#8243; make_equal=&#8221;on&#8221; _builder_version=&#8221;4.23.1&#8243; _module_preset=&#8221;default&#8221; custom_padding=&#8221;20px|30px|0px|0px|false|false&#8221; global_colors_info=&#8221;{}&#8221;][et_pb_column type=&#8221;1_2&#8243; _builder_version=&#8221;4.16&#8243; _module_preset=&#8221;default&#8221; custom_padding=&#8221;|20px||30px|false|false&#8221; global_colors_info=&#8221;{}&#8221;][et_pb_image src=&#8221;https:\/\/www.mariafelix.org\/wp-content\/uploads\/2023\/11\/image-51.jpeg&#8221; title_text=&#8221;image&#8221; _builder_version=&#8221;4.23.1&#8243; _module_preset=&#8221;default&#8221; global_colors_info=&#8221;{}&#8221;][\/et_pb_image][\/et_pb_column][et_pb_column type=&#8221;1_2&#8243; module_class=&#8221;colTextPorQueMater&#8221; _builder_version=&#8221;4.23.1&#8243; _module_preset=&#8221;default&#8221; background_color=&#8221;#efefef&#8221; custom_padding=&#8221;0px|0px||0px|false|false&#8221; global_colors_info=&#8221;{}&#8221;][et_pb_text _builder_version=&#8221;4.23.1&#8243; _module_preset=&#8221;bd03c851-a360-40e7-b4d0-135f58a7a312&#8243; global_colors_info=&#8221;{}&#8221;]<\/p>\n<div class=\"tabla\">\n<div class=\"tabla\">\n<p class=\"celda\"><strong><text>&#8220;Vida de la Madre Mar\u00eda F\u00e9lix&#8221; (Espanhol)<\/text><\/strong><\/p>\n<p><span>Idade: A partir de 9 anos<\/span><\/p>\n<p><span>Por motivo do centen\u00e1rio do nascimento da Madre, a Companhia do Salvador publica um belo livro ilustrado no qual conta \u00e0s crian\u00e7as a vida desta freira e como ela queria ensinar as crian\u00e7as a amar mais a Jesus. \u00c9 especialmente aconselh\u00e1vel para as crian\u00e7as que se preparam para a Primeira Comunh\u00e3o.<\/span><\/p>\n<p><a href=\"mailto:madre.felix@ciasalvador.org\" target=\"_blank\" rel=\"noopener\">Adquirir Publica\u00e7\u00e3o<\/a><\/p>\n<\/div>\n<\/div>\n<p>[\/et_pb_text][\/et_pb_column][\/et_pb_row][et_pb_row column_structure=&#8221;1_2,1_2&#8243; use_custom_gutter=&#8221;on&#8221; gutter_width=&#8221;1&#8243; make_equal=&#8221;on&#8221; _builder_version=&#8221;4.23.1&#8243; _module_preset=&#8221;default&#8221; custom_padding=&#8221;20px|30px|0px|30px|false|false&#8221; global_colors_info=&#8221;{}&#8221;][et_pb_column type=&#8221;1_2&#8243; module_class=&#8221;colTextPorQueMater&#8221; _builder_version=&#8221;4.23.1&#8243; _module_preset=&#8221;default&#8221; background_color=&#8221;#efefef&#8221; custom_padding=&#8221;0px|0px||0px|false|false&#8221; global_colors_info=&#8221;{}&#8221;][et_pb_text _builder_version=&#8221;4.23.1&#8243; _module_preset=&#8221;bd03c851-a360-40e7-b4d0-135f58a7a312&#8243; global_colors_info=&#8221;{}&#8221;]<\/p>\n<div class=\"tabla\">\n<div class=\"tabla\">\n<div class=\"tabla\">\n<div class=\"col-sm-8 col-xs-12 texto\">\n<div class=\"tabla\">\n<div class=\"col-sm-8 col-xs-12 texto\">\n<div class=\"tabla\">\n<p class=\"celda\"><strong><text>&#8220;Toda, solo y siempre de Dios&#8221; (Espanhol)<\/text><\/strong><\/p>\n<p>Esta \u00e9 a hist\u00f3ria de Maria F\u00e9lix: uma jovem que estava entusiasmada com a vida de Santo In\u00e1cio e, como ele, queria entregar-se completamente a Jesus. Uma mulher que percebeu a necessidade de que os jovens conhecessem Deus e por isso fundou os col\u00e9gios Mater Salvatoris. Uma M\u00e3e que soube transmitir a suas filhas o desejo de ser santas como religiosas na Companhia do Salvador.<\/p>\n<p>DVD 47 min<\/p>\n<p><a class=\"pull-right\" href=\"mailto:madre.felix@ciasalvador.org\" target=\"_blank\" rel=\"noopener\">Adquirir Publica\u00e7\u00e3o<\/a><\/p>\n<\/div>\n<\/div>\n<\/div>\n<\/div>\n<\/div>\n<\/div>\n<\/div>\n<p>[\/et_pb_text][\/et_pb_column][et_pb_column type=&#8221;1_2&#8243; _builder_version=&#8221;4.23.1&#8243; _module_preset=&#8221;default&#8221; custom_padding=&#8221;|0px||20px|false|false&#8221; global_colors_info=&#8221;{}&#8221;][et_pb_image src=&#8221;https:\/\/www.mariafelix.org\/wp-content\/uploads\/2023\/11\/image-52.jpeg&#8221; title_text=&#8221;image&#8221; _builder_version=&#8221;4.23.1&#8243; _module_preset=&#8221;default&#8221; global_colors_info=&#8221;{}&#8221;][\/et_pb_image][\/et_pb_column][\/et_pb_row][et_pb_row column_structure=&#8221;1_2,1_2&#8243; use_custom_gutter=&#8221;on&#8221; gutter_width=&#8221;1&#8243; make_equal=&#8221;on&#8221; _builder_version=&#8221;4.23.1&#8243; _module_preset=&#8221;default&#8221; custom_padding=&#8221;20px|30px|0px|0px|false|false&#8221; global_colors_info=&#8221;{}&#8221;][et_pb_column type=&#8221;1_2&#8243; _builder_version=&#8221;4.16&#8243; _module_preset=&#8221;default&#8221; custom_padding=&#8221;|20px||30px|false|false&#8221; global_colors_info=&#8221;{}&#8221;][et_pb_image src=&#8221;https:\/\/www.mariafelix.org\/wp-content\/uploads\/2023\/11\/image-53.jpeg&#8221; title_text=&#8221;image&#8221; _builder_version=&#8221;4.23.1&#8243; _module_preset=&#8221;default&#8221; global_colors_info=&#8221;{}&#8221;][\/et_pb_image][\/et_pb_column][et_pb_column type=&#8221;1_2&#8243; module_class=&#8221;colTextPorQueMater&#8221; _builder_version=&#8221;4.23.1&#8243; _module_preset=&#8221;default&#8221; background_color=&#8221;#efefef&#8221; custom_padding=&#8221;0px|0px||0px|false|false&#8221; global_colors_info=&#8221;{}&#8221;][et_pb_text _builder_version=&#8221;4.23.1&#8243; _module_preset=&#8221;bd03c851-a360-40e7-b4d0-135f58a7a312&#8243; global_colors_info=&#8221;{}&#8221;]<\/p>\n<div class=\"tabla\">\n<div class=\"tabla\">\n<div class=\"tabla\">\n<p class=\"celda\"><strong><text>&#8220;Destellos de Luz&#8221; (Espanhol)<\/text><\/strong><\/p>\n<p><span>H.M. Televisi\u00f3n, Fundaci\u00f3n E.U.K. Mamie<\/span><\/p>\n<p><span>Atrav\u00e9s de testemunhos de religiosas e pessoas pr\u00f3ximas \u00e0 Companhia, descreve o in\u00edcio da mesma e seu desenvolvimento ao longo dos anos em todo o mundo.<\/span><\/p>\n<p><span>DVD 25 min<\/span><\/p>\n<p><span>Para adquirir qualquer uma das publica\u00e7\u00f5es, clique aqu\u00ed.<\/span><\/p>\n<p><a href=\"mailto:madre.felix@ciasalvador.org\" target=\"_blank\" rel=\"noopener\">Adquirir Publica\u00e7\u00e3o<\/a><\/p>\n<\/div>\n<\/div>\n<\/div>\n<p>[\/et_pb_text][\/et_pb_column][\/et_pb_row][\/et_pb_section]<\/p>\n","protected":false},"excerpt":{"rendered":"<p>&#8220;\u00bfQu\u00e9 har\u00e9 por Cristo?&#8221; Pensamientos de la Madre Mar\u00eda F\u00e9lix (Espanhol)Pensamentos espirituais da Madre Maria F\u00e9lix, extra\u00eddos de seus escritos pessoais. Tal e como est\u00e1, esta sele\u00e7\u00e3o limitada cont\u00e9m textos representativos dos grandes ideais e dos grandes amores da Madre Maria F\u00e9lix: a glorifica\u00e7\u00e3o de Deus, o reinado de Jesus Cristo, a Virgem Maria, a [&hellip;]<\/p>\n","protected":false},"author":1,"featured_media":0,"parent":0,"menu_order":0,"comment_status":"closed","ping_status":"closed","template":"","meta":{"_et_pb_use_builder":"on","_et_pb_old_content":"","_et_gb_content_width":"","footnotes":""},"class_list":["post-18113","page","type-page","status-publish","hentry"],"yoast_head":"<!-- This site is optimized with the Yoast SEO plugin v26.8 - https:\/\/yoast.com\/product\/yoast-seo-wordpress\/ -->\n<title>PUBLICA\u00c7\u00d5ES - Madre Mar\u00eda F\u00e9lix Torres<\/title>\n<meta name=\"robots\" content=\"index, follow, max-snippet:-1, max-image-preview:large, max-video-preview:-1\" \/>\n<link rel=\"canonical\" href=\"https:\/\/www.mariafelix.org\/pt-br\/publicacoes\/\" \/>\n<meta property=\"og:locale\" content=\"pt_BR\" \/>\n<meta property=\"og:type\" content=\"article\" \/>\n<meta property=\"og:title\" content=\"PUBLICA\u00c7\u00d5ES - Madre Mar\u00eda F\u00e9lix Torres\" \/>\n<meta property=\"og:description\" content=\"&quot;\u00bfQu\u00e9 har\u00e9 por Cristo?&quot; Pensamientos de la Madre Mar\u00eda F\u00e9lix (Espanhol)Pensamentos espirituais da Madre Maria F\u00e9lix, extra\u00eddos de seus escritos pessoais. Tal e como est\u00e1, esta sele\u00e7\u00e3o limitada cont\u00e9m textos representativos dos grandes ideais e dos grandes amores da Madre Maria F\u00e9lix: a glorifica\u00e7\u00e3o de Deus, o reinado de Jesus Cristo, a Virgem Maria, a [&hellip;]\" \/>\n<meta property=\"og:url\" content=\"https:\/\/www.mariafelix.org\/pt-br\/publicacoes\/\" \/>\n<meta property=\"og:site_name\" content=\"Madre Mar\u00eda F\u00e9lix Torres\" \/>\n<meta property=\"article:modified_time\" content=\"2023-11-14T20:36:53+00:00\" \/>\n<meta name=\"twitter:card\" content=\"summary_large_image\" \/>\n<meta name=\"twitter:label1\" content=\"Est. tempo de leitura\" \/>\n\t<meta name=\"twitter:data1\" content=\"6 minutos\" \/>\n<script type=\"application\/ld+json\" class=\"yoast-schema-graph\">{\"@context\":\"https:\/\/schema.org\",\"@graph\":[{\"@type\":\"WebPage\",\"@id\":\"https:\/\/www.mariafelix.org\/pt-br\/publicacoes\/\",\"url\":\"https:\/\/www.mariafelix.org\/pt-br\/publicacoes\/\",\"name\":\"PUBLICA\u00c7\u00d5ES - Madre Mar\u00eda F\u00e9lix Torres\",\"isPartOf\":{\"@id\":\"https:\/\/www.mariafelix.org\/pt-br\/#website\"},\"datePublished\":\"2023-11-10T09:59:47+00:00\",\"dateModified\":\"2023-11-14T20:36:53+00:00\",\"inLanguage\":\"pt-BR\",\"potentialAction\":[{\"@type\":\"ReadAction\",\"target\":[\"https:\/\/www.mariafelix.org\/pt-br\/publicacoes\/\"]}]},{\"@type\":\"WebSite\",\"@id\":\"https:\/\/www.mariafelix.org\/pt-br\/#website\",\"url\":\"https:\/\/www.mariafelix.org\/pt-br\/\",\"name\":\"Madre Mar\u00eda F\u00e9lix Torres\",\"description\":\"Madre Mar\u00eda F\u00e9lix Torres\",\"potentialAction\":[{\"@type\":\"SearchAction\",\"target\":{\"@type\":\"EntryPoint\",\"urlTemplate\":\"https:\/\/www.mariafelix.org\/pt-br\/?s={search_term_string}\"},\"query-input\":{\"@type\":\"PropertyValueSpecification\",\"valueRequired\":true,\"valueName\":\"search_term_string\"}}],\"inLanguage\":\"pt-BR\"}]}<\/script>\n<!-- \/ Yoast SEO plugin. -->","yoast_head_json":{"title":"PUBLICA\u00c7\u00d5ES - Madre Mar\u00eda F\u00e9lix Torres","robots":{"index":"index","follow":"follow","max-snippet":"max-snippet:-1","max-image-preview":"max-image-preview:large","max-video-preview":"max-video-preview:-1"},"canonical":"https:\/\/www.mariafelix.org\/pt-br\/publicacoes\/","og_locale":"pt_BR","og_type":"article","og_title":"PUBLICA\u00c7\u00d5ES - Madre Mar\u00eda F\u00e9lix Torres","og_description":"\"\u00bfQu\u00e9 har\u00e9 por Cristo?\" Pensamientos de la Madre Mar\u00eda F\u00e9lix (Espanhol)Pensamentos espirituais da Madre Maria F\u00e9lix, extra\u00eddos de seus escritos pessoais. Tal e como est\u00e1, esta sele\u00e7\u00e3o limitada cont\u00e9m textos representativos dos grandes ideais e dos grandes amores da Madre Maria F\u00e9lix: a glorifica\u00e7\u00e3o de Deus, o reinado de Jesus Cristo, a Virgem Maria, a [&hellip;]","og_url":"https:\/\/www.mariafelix.org\/pt-br\/publicacoes\/","og_site_name":"Madre Mar\u00eda F\u00e9lix Torres","article_modified_time":"2023-11-14T20:36:53+00:00","twitter_card":"summary_large_image","twitter_misc":{"Est. tempo de leitura":"6 minutos"},"schema":{"@context":"https:\/\/schema.org","@graph":[{"@type":"WebPage","@id":"https:\/\/www.mariafelix.org\/pt-br\/publicacoes\/","url":"https:\/\/www.mariafelix.org\/pt-br\/publicacoes\/","name":"PUBLICA\u00c7\u00d5ES - Madre Mar\u00eda F\u00e9lix Torres","isPartOf":{"@id":"https:\/\/www.mariafelix.org\/pt-br\/#website"},"datePublished":"2023-11-10T09:59:47+00:00","dateModified":"2023-11-14T20:36:53+00:00","inLanguage":"pt-BR","potentialAction":[{"@type":"ReadAction","target":["https:\/\/www.mariafelix.org\/pt-br\/publicacoes\/"]}]},{"@type":"WebSite","@id":"https:\/\/www.mariafelix.org\/pt-br\/#website","url":"https:\/\/www.mariafelix.org\/pt-br\/","name":"Madre Mar\u00eda F\u00e9lix Torres","description":"Madre Mar\u00eda F\u00e9lix Torres","potentialAction":[{"@type":"SearchAction","target":{"@type":"EntryPoint","urlTemplate":"https:\/\/www.mariafelix.org\/pt-br\/?s={search_term_string}"},"query-input":{"@type":"PropertyValueSpecification","valueRequired":true,"valueName":"search_term_string"}}],"inLanguage":"pt-BR"}]}},"_links":{"self":[{"href":"https:\/\/www.mariafelix.org\/pt-br\/wp-json\/wp\/v2\/pages\/18113","targetHints":{"allow":["GET"]}}],"collection":[{"href":"https:\/\/www.mariafelix.org\/pt-br\/wp-json\/wp\/v2\/pages"}],"about":[{"href":"https:\/\/www.mariafelix.org\/pt-br\/wp-json\/wp\/v2\/types\/page"}],"author":[{"embeddable":true,"href":"https:\/\/www.mariafelix.org\/pt-br\/wp-json\/wp\/v2\/users\/1"}],"replies":[{"embeddable":true,"href":"https:\/\/www.mariafelix.org\/pt-br\/wp-json\/wp\/v2\/comments?post=18113"}],"version-history":[{"count":7,"href":"https:\/\/www.mariafelix.org\/pt-br\/wp-json\/wp\/v2\/pages\/18113\/revisions"}],"predecessor-version":[{"id":18663,"href":"https:\/\/www.mariafelix.org\/pt-br\/wp-json\/wp\/v2\/pages\/18113\/revisions\/18663"}],"wp:attachment":[{"href":"https:\/\/www.mariafelix.org\/pt-br\/wp-json\/wp\/v2\/media?parent=18113"}],"curies":[{"name":"wp","href":"https:\/\/api.w.org\/{rel}","templated":true}]}}