{"id":18115,"date":"2023-11-09T20:57:49","date_gmt":"2023-11-09T19:57:49","guid":{"rendered":"https:\/\/www.mariafelix.org\/sus-escritos\/"},"modified":"2023-11-14T21:10:29","modified_gmt":"2023-11-14T20:10:29","slug":"seus-escritos","status":"publish","type":"page","link":"https:\/\/www.mariafelix.org\/pt-br\/seus-escritos\/","title":{"rendered":"SEUS ESCRITOS"},"content":{"rendered":"<p>[et_pb_section fb_built=&#8221;1&#8243; fullwidth=&#8221;on&#8221; _builder_version=&#8221;4.22.2&#8243; _module_preset=&#8221;2ce0b7bd-dbb5-4adc-bc83-1100f73502ab&#8221; da_disable_devices=&#8221;off|off|off&#8221; global_colors_info=&#8221;{}&#8221; da_is_popup=&#8221;off&#8221; da_exit_intent=&#8221;off&#8221; da_has_close=&#8221;on&#8221; da_alt_close=&#8221;off&#8221; da_dark_close=&#8221;off&#8221; da_not_modal=&#8221;on&#8221; da_is_singular=&#8221;off&#8221; da_with_loader=&#8221;off&#8221; da_has_shadow=&#8221;on&#8221;][et_pb_fullwidth_slider _builder_version=&#8221;4.23.1&#8243; _module_preset=&#8221;9587e0c8-d8ae-4497-80de-dc6ac7c71289&#8243; global_colors_info=&#8221;{}&#8221;][et_pb_slide _builder_version=&#8221;4.23.1&#8243; _module_preset=&#8221;default&#8221; background_image=&#8221;https:\/\/www.mariafelix.org\/wp-content\/uploads\/2023\/11\/image-41.jpeg&#8221; background_enable_image=&#8221;on&#8221; global_colors_info=&#8221;{}&#8221; sticky_transition=&#8221;on&#8221;][\/et_pb_slide][\/et_pb_fullwidth_slider][\/et_pb_section][et_pb_section fb_built=&#8221;1&#8243; _builder_version=&#8221;4.22.2&#8243; _module_preset=&#8221;c3571faf-1673-4b9f-bf46-f8250e9a3f6a&#8221; da_disable_devices=&#8221;off|off|off&#8221; global_colors_info=&#8221;{}&#8221; da_is_popup=&#8221;off&#8221; da_exit_intent=&#8221;off&#8221; da_has_close=&#8221;on&#8221; da_alt_close=&#8221;off&#8221; da_dark_close=&#8221;off&#8221; da_not_modal=&#8221;on&#8221; da_is_singular=&#8221;off&#8221; da_with_loader=&#8221;off&#8221; da_has_shadow=&#8221;on&#8221;][et_pb_row column_structure=&#8221;1_4,3_4&#8243; _builder_version=&#8221;4.22.2&#8243; _module_preset=&#8221;0b5ba106-5785-489f-ba7b-9fa41143096f&#8221; global_colors_info=&#8221;{}&#8221;][et_pb_column type=&#8221;1_4&#8243; _builder_version=&#8221;4.22.2&#8243; _module_preset=&#8221;824ebbaf-e3b5-4405-acb8-3b2fd9286d17&#8243; global_colors_info=&#8221;{}&#8221;][et_pb_text _builder_version=&#8221;4.23.1&#8243; _dynamic_attributes=&#8221;content&#8221; _module_preset=&#8221;ecb607dd-d36f-4b0d-a6f8-239bd01a7812&#8243; background_color=&#8221;#821b33&#8243; global_colors_info=&#8221;{}&#8221;]@ET-DC@eyJkeW5hbWljIjp0cnVlLCJjb250ZW50IjoicG9zdF90aXRsZSIsInNldHRpbmdzIjp7ImJlZm9yZSI6IiIsImFmdGVyIjoiIn19@[\/et_pb_text][\/et_pb_column][et_pb_column type=&#8221;3_4&#8243; _builder_version=&#8221;4.22.2&#8243; _module_preset=&#8221;fec2c85f-4b95-4256-bb6d-4b28d4ff7161&#8243; global_colors_info=&#8221;{}&#8221;][et_pb_text _builder_version=&#8221;4.23.1&#8243; _module_preset=&#8221;20504ce9-00fc-4f70-97e5-cb8f521d8155&#8243; global_colors_info=&#8221;{}&#8221;]<\/p>\n<p><strong><em>Pelo que transborda o cora\u00e7\u00e3o, fala a boca<\/em><\/strong><strong><span>\u00a0<\/span>ou, neste caso, a caneta. A partir da rica correspond\u00eancia da Madre Felix, podemos desenhar as linhas principais de sua espiritualidade.<\/strong><\/p>\n<p>[\/et_pb_text][et_pb_accordion _builder_version=&#8221;4.23.1&#8243; _module_preset=&#8221;default&#8221; hover_enabled=&#8221;0&#8243; global_colors_info=&#8221;{%22gcid-5932d176-2d77-4fca-a72d-b55e423a0cb1%22:%91%22icon_color%22,%22open_toggle_text_color%22,%22toggle_text_color%22%93}&#8221; sticky_enabled=&#8221;0&#8243;][et_pb_accordion_item title=&#8221;A gl\u00f3ria de Deus&#8221; open=&#8221;on&#8221; _builder_version=&#8221;4.23.1&#8243; _module_preset=&#8221;default&#8221; hover_enabled=&#8221;0&#8243; global_colors_info=&#8221;{}&#8221; sticky_enabled=&#8221;0&#8243;]<\/p>\n<div class=\"readmore\">\n<div class=\"less collapse\">\n<p><span style=\"color: #9b173a;\">Esta carta, escrita a seu Diretor Espiritual ao elaborar as Constitui\u00e7\u00f5es da Companhia do Salvador, resume a vida inteira de Madre Felix e seu trabalho fundamental. Ela mesma expressa isso para o fim: \u00e9 bem verdade que s\u00f3 desejo uma coisa com toda a minha alma: a glorifica\u00e7\u00e3o de Deus.<\/span><\/p>\n<p><span>Jhs.<\/span><br \/><span>Madrid a 27 de junho de 1957<\/span><br \/><span>Rdo. P. C\u00e1ndido Maz\u00f3n, S.J.<\/span><br \/><span>Pax Xti.<\/span><\/p>\n<p><span>Reverendo Pai:<\/span><\/p>\n<p><span>Em Lleida e Madri, j\u00e1 terminaram o curso, muito bem Gra\u00e7as a Deus. E como j\u00e1 ouviu ou recebeu noticias de cada uma das Casas, n\u00e3o vou me estender mais. Em Barcelona, parece que n\u00e3o terminar\u00e3o at\u00e9 o 6 ou 7 do pr\u00f3ximo m\u00eas, mas, por enquanto, tudo est\u00e1 indo bem.<\/span><\/p>\n<p><span>Eu, no \u00faltimo dia do m\u00eas de maio, no final da noite terminei de escrever as emendas das Constitui\u00e7\u00f5es. E como\u00a0<\/span><span style=\"color: #9b173a;\">as Constitui\u00e7\u00f5es terminadas eram o presente que eu desejava oferecer \u00e0 Sant\u00edssima Virgem,<span>\u00a0<\/span><\/span><span>fui at\u00e9 a capela antes de pass\u00e1-las a limpo. E ali, ao lado do Sacr\u00e1rio, naquela hora de solid\u00e3o e sil\u00eancio total, coloquei os Evangelhos sobre minha cabe\u00e7a e meu cora\u00e7\u00e3o e os beijei com fervor, protestando ante meu Senhor e meu Deus, que somente o esp\u00edrito de Jesus Cristo, seu amor e sua imita\u00e7\u00e3o e glorifica\u00e7\u00e3o, desejamos na Companhia; fiz o mesmo com o missal, porque queremos ser filhas da Igreja e porque a nossa vida h\u00e1 de ser Missa: Eucaristia e Sacrif\u00edcio; e repeti o mesmo com as Constitui\u00e7\u00f5es de Santo In\u00e1cio, e pedi tanto ao nosso Pai que apresentara nossas Constitui\u00e7\u00f5es, filhas mais novas das suas, \u00e0 Sant\u00edssima Virgem e \u00e0s Tr\u00eas Pessoas da Sant\u00edssima Trindade, e finalmente peguei aquele punhado de p\u00e1ginas e em esp\u00edrito, coloquei-as em suas m\u00e3os e confiei o curso do mesmo e a aprova\u00e7\u00e3o de tudo o que \u00e9 de acordo com a vontade de Deus e a anula\u00e7\u00e3o do que n\u00e3o \u00e9.\u00a0<\/span><span style=\"color: #9b173a;\">\u00c9 verdade que s\u00f3 desejo uma coisa com toda a minha alma: a glorifica\u00e7\u00e3o de Deus.<span>\u00a0<\/span><\/span><span>Este \u00e9 o grande desejo que o Senhor colocou no meu cora\u00e7\u00e3o, este \u00e9 o seu grande presente, a grande gra\u00e7a que ele me deu.<\/span><span style=\"color: #9b173a;\"><span>\u00a0<\/span>Este grande desejo que \u00e0s vezes \u00e9 fogo e sempre \u00e9 luz<span>\u00a0<\/span><\/span><span>\u00e9 aquele que me levanta nas quedas, aquele que me conserva do perigo, o meio que me coloca em p\u00e9, a for\u00e7a impetuosa que enche minha alma de \u00e2nsias infinitas de almas e de santidade, \u00e9 o que me faz sentir de forma \u00fanica e inef\u00e1vel esse desejo de Deus<\/span><span style=\"color: #9b173a;\"><span>\u00a0<\/span>que, embora as vezes seja mart\u00edrio, \u00e9 o \u00fanico que d\u00e1 sensa\u00e7\u00e3o de plenitude \u00e0 minha vida.<\/span><span><\/span><\/p>\n<p><span>Quando comecei a escrever, n\u00e3o era minha inten\u00e7\u00e3o contar-lhe esses sentimentos; mas n\u00e3o importa, tem sido um derramamento desses que minha alma s\u00f3 sabe ter em V.R., porque Deus quer assim e porque V.R. \u00e9 de acordo com o Cora\u00e7\u00e3o Dele. Amanh\u00e3 \u00e9 a festa deste Sagrado Cora\u00e7\u00e3o e eu gostaria muito de am\u00e1-lo e desagrav\u00e1-lo.\u00a0<\/span><span style=\"color: #9b173a;\">N\u00f3s somos criaturas t\u00e3o pequenas e t\u00e3o pouca coisa para amar a Deus e desagravar-lhe&#8230;, mas Ele pede e quero que de mim Ele disponha \u00e0 vontade. (&#8230;). (&#8230;)<\/span><span><\/span><\/p>\n<p><span>(Arquivo Geral da Companhia do Salvador &#8211; M 301.57,008)<\/span><\/p>\n<\/div>\n<\/div>\n<p>[\/et_pb_accordion_item][et_pb_accordion_item title=&#8221;Santas de carne e osso&#8221; _builder_version=&#8221;4.23.1&#8243; _module_preset=&#8221;default&#8221; hover_enabled=&#8221;0&#8243; global_colors_info=&#8221;{}&#8221; open=&#8221;off&#8221; sticky_enabled=&#8221;0&#8243;]<\/p>\n<p><span style=\"color: #9b173a;\">A Madre escreve da Venezuela para as Irm\u00e3s de L\u00e9rida sobre como deve ser a santidade de uma religiosa da Companhia: \u201cSantas de carne e Osso&#8221; e sobre o ideal apost\u00f3lico e mission\u00e1rio que Deus deseja imprimir nelas.<\/span><\/p>\n<p><span>Jhs<\/span><br \/><span>Caracas, 28 de Agosto de 1957<\/span><br \/><span>Pax Xti.<\/span><\/p>\n<p><span>Muito amadas Madres e Irm\u00e3s da Casa de L\u00e9rida:<\/span><\/p>\n<p><span>Escrevo a todas voc\u00eas, mas de uma forma especial fa\u00e7o-o para acompanhar as duas novi\u00e7as que emitir\u00e3o seus votos no dia de sua Consagra\u00e7\u00e3o perp\u00e9tua a Deus na Companhia. Neste dia eu pedirei de uma maneira especial por ambas, e se o Senhor quiser me ouvir, que ele far\u00e1, voc\u00eas podem se preparar para a santidade mais her\u00f3ica.\u00a0<\/span><span style=\"color: #9b173a;\">Olhem, \u00e9 que, se n\u00e3o somos santas, n\u00e3o somos nada.<\/span><span>\u00a0Santas de carne e osso, n\u00e3o aquelas pintadas nas impress\u00f5es baratas com sorriso beat\u00edfico, mas aquelas que t\u00eam \u00edmpeto, que se ca\u00edrem, se levantam e, ao mesmo tempo, amarram-se mais forte \u00e0 cruz; e que se ca\u00edrem novamente, se levantam de novo e amam com um novo amor, mais intenso, mais total e de maior entrega a Deus nosso Senhor.\u00a0<\/span><span style=\"color: #9b173a;\">Santas que medem o tempo com a eternidade e a superf\u00edcie da Terra com o infinito;<\/span><span>\u00a0para aquelas que o tempo de trabalho e luta, de sofrimento e humilha\u00e7\u00e3o, \u00e9 um breve segundo no rel\u00f3gio de m\u00e9rito e amor a Deus e as almas; para aquelas que toda a redondeza da Terra \u00e9 uma superf\u00edcie t\u00e3o pequena que n\u00e3o oferece espa\u00e7o suficiente para sustentar o cora\u00e7\u00e3o; t\u00e3o pequena que no momento de oferec\u00ea-la a Deus, parece-lhes a cabe\u00e7a de um pequeno alfinete e\u00a0<\/span><span style=\"color: #9b173a;\">elas gostariam de ter milh\u00f5es de mundos para oferecer a Ele, porque apenas um \u00e9 pouco.<\/span><span>\u00a0Assim, santas deste calibre, corajosas e fervorosas, de um esp\u00edrito amplo e intr\u00e9pido, para a conquista da maior gl\u00f3ria de Deus pela salva\u00e7\u00e3o das almas, assim \u00e9 como a Companhia precisa delas, assim \u00e9 como o Senhor as quer, e assim devem ser todas. Por aqui ainda estamos explorando, ou melhor, esperando por alguma informa\u00e7\u00e3o sobre o poss\u00edvel trabalho a ser feito. Mas temos muito trabalho em todos os campos, e um dos mais estim\u00e1veis e mais gratificantes para a minha alma \u00e9 o dos &#8220;ranchitos&#8221; dos pobres ind\u00edgenas, que cercam a capital de Caracas e se estendem pelo centro da Venezuela. Est\u00e1 claro que tamb\u00e9m teremos que trabalhar com outras classes sociais e intelectuais, almas tamb\u00e9m redimidas por Cristo, mas devemos pedir a Deus que nos deixe parte nesta heran\u00e7a t\u00e3o querida por Seu Cora\u00e7\u00e3o.\u00a0<\/span><span style=\"color: #9b173a;\">Falem muito com as meninas sobre essas necessidades. Pe\u00e7am a Deus, com os bra\u00e7os em sinal da cruz, por muitas voca\u00e7\u00f5es. Que a\u00ed se perde um tempo precioso e aqui precisamos de Religiosas Mission\u00e1rios.<\/span><span>\u00a0Amo muito a todas voc\u00eas em Jesus e Maria<\/span><\/p>\n<p><span>Mar\u00eda F\u00e9lix<\/span><\/p>\n<p><span>PS: Comuniquem estas primeiras letras de uma Casa a outra, para que todas as nossas Irm\u00e3s conhe\u00e7am tudo.<\/span><\/p>\n<p><span>(Arquivo Geral da Companhia do Salvador &#8211; E 32.004)<\/span><\/p>\n<p>[\/et_pb_accordion_item][et_pb_accordion_item title=&#8221;O tesouro escondido&#8221; _builder_version=&#8221;4.23.1&#8243; _module_preset=&#8221;default&#8221; hover_enabled=&#8221;0&#8243; global_colors_info=&#8221;{}&#8221; open=&#8221;off&#8221; sticky_enabled=&#8221;0&#8243;]<\/p>\n<p><span style=\"color: #9b173a;\">A Madre felicita uma religiosa por sua profiss\u00e3o perp\u00e9tua e expressa sua an\u00e1lise da vida religiosa: uma gra\u00e7a extraordin\u00e1ria e um benef\u00edcio imenso, fruto do amor de Deus.<\/span><span><\/span><\/p>\n<p><span>Caracas, 14 de mar\u00e7o de 1958<\/span><\/p>\n<p><span>Pax Xti<\/span><\/p>\n<p><span>Muito amada em Jesus e Maria:<\/span><\/p>\n<p><span>O que posso dizer-lhe em ocasi\u00e3o de sua consagra\u00e7\u00e3o can\u00f4nica, oficial e solene, ao servi\u00e7o de Deus para sua Profiss\u00e3o Religiosa? Gostaria de enviar-lhe meus parab\u00e9ns, a express\u00e3o da minha satisfa\u00e7\u00e3o e da minha alegria pela GRA\u00c7A EXTRAORDIN\u00c1RIA E O BENEF\u00cdCIO IMENSO que o Senhor se digna a dar-lhe, admitindo-a ao seu servi\u00e7o, n\u00e3o de uma maneira qualquer, mas pela entrega total e exclusiva e com uma reconhecida consagra\u00e7\u00e3o, endossada e ratificada pela Igreja.<\/span><\/p>\n<p><span style=\"color: #9b173a;\">A vida religiosa \u00e9 uma gra\u00e7a e um benef\u00edcio, e n\u00e3o \u00e9 uma cruz ou um sacrif\u00edcio.<\/span><span>\u00a0A cruz e o sacrif\u00edcio s\u00e3o o combate a nossos defeitos, a nossas inclina\u00e7\u00f5es menos perfeitas, a nossa vontade quando estamos em desacordo com a vontade de Deus, mas essa cruz e esse sacrif\u00edcio s\u00e3o necess\u00e1rios para a nossa salva\u00e7\u00e3o dentro ou fora da Religi\u00e3o. Essa cruz e esse sacrif\u00edcio n\u00e3o s\u00e3o propriamente a vida religiosa.<\/span><\/p>\n<p><span>\u00c9 verdade que a vida religiosa \u00e9 um tesouro e que a sua aquisi\u00e7\u00e3o e preserva\u00e7\u00e3o muitas vezes tem uma hist\u00f3ria: a da par\u00e1bola do tesouro escondido e da p\u00e9rola preciosa que conhecemos no Evangelho de S\u00e3o Mateus.\u00a0<\/span><span style=\"color: #9b173a;\">O sacrif\u00edcio est\u00e1 nesse&#8221; vender tudo quanto tinha\u201d, mas na p\u00e9rola, no tesouro da vida religiosa, est\u00e1 a satisfa\u00e7\u00e3o, a alegria e a plenitude da posse do que existe de melhor;<span>\u00a0<\/span><\/span><span>eu acredito que \u00e9 assim que o Senhor faz com que se sinta. Que, por intercess\u00e3o da Sant\u00edssima Virgem, a primeira criatura consagrada ao servi\u00e7o de Jesus Cristo, a Primeira da Companhia do Salvador, voc\u00ea sinta essa maravilhosa verdade ao longo de toda a sua vida.<\/span><\/p>\n<p><span>Voc\u00ea vai come\u00e7ar sua vida religiosa: \u00e9 uma vida de perfei\u00e7\u00e3o, e uma vida de perfei\u00e7\u00e3o \u00e9 uma vida de caridade para com Deus e para com o pr\u00f3ximo pelo amor de Deus. Mas a caridade, o amor, \u00e9 imposs\u00edvel sem o conhecimento do bem a ser amado, e o conhecimento de Deus \u00e9 gerado tratando com Deus.\u00a0<\/span><span style=\"color: #9b173a;\">\u00a0Trate-o muito, trate-o intimamente nas profundezas de seu cora\u00e7\u00e3o e trate-o constantemente. Esta \u00e9 a vida espiritual, e o amor de Jesus Cristo, que \u00e9 nela cultivado, transforma nossas vidas insensivelmente, quase sem que percebamos.<span>\u00a0<\/span><\/span><span>Esse amor, quando \u00e9 intenso, fortalece nossa vontade diante do sacrif\u00edcio pequeno, mas muito santificador, de nosso trabalho di\u00e1rio. Por esse amor, sacrificamos o cultivo e a complac\u00eancia de nossas &#8220;gra\u00e7as e garbo&#8221; de estilo mundano e, em vez disso, recebemos a gra\u00e7a e o garbo dos santos, como foram recebidos por Santa Teresa de Jesus, S\u00e3o Francisco de Sales, S\u00e3o Pio X e tantos outro. E esse amor de Jesus Cristo nos faz sacrificar a \u00e2nsia e a curiosidade das coisas de fora e nos d\u00e1 a ci\u00eancia da intimidade da alma humana junto com a ci\u00eancia de Deus, e \u00e9 por esse sacrif\u00edcio que tais dons nos alcan\u00e7am e pelo que podemos produzi-los nas almas, e esta verdade est\u00e1 confirmada com o exemplo de tantos santos que tiveram uma influ\u00eancia decisiva entre os seus semelhantes, precisamente porque colocaram sua aten\u00e7\u00e3o apenas em Deus.<\/span><span style=\"color: #9b173a;\"><span>\u00a0<\/span>Gostaria que seu v\u00e9u preto, sua medalha, seu crucifixo de Votos, falasse constantemente sobre isso: VIDA ESPIRITUAL INTENSA.<\/span><span><\/span><\/p>\n<p><span>Companhia precisa de Religiosas que sejam assim; Deus a quer assim, a Sant\u00edssima Virgem a quer assim e N. P. S. In\u00e1cio a quer assim. E para que assim seja, conte com minhas ora\u00e7\u00f5es. Pe\u00e7a para mim e para todas as da Companhia a mesma gra\u00e7a.<\/span><\/p>\n<p><span>Sua em Jesus e Maria.<\/span><\/p>\n<p><span>Mar\u00eda F\u00e9lix, C.S.<\/span><\/p>\n<p><span>(Arquivo Geral da Companhia do Salvador &#8211; E 43.124)<\/span><\/p>\n<p>[\/et_pb_accordion_item][et_pb_accordion_item title=&#8221;As estudantes universit\u00e1rias: um grande trabalho e uma dupla preocupa\u00e7\u00e3o&#8221; _builder_version=&#8221;4.23.1&#8243; _module_preset=&#8221;default&#8221; hover_enabled=&#8221;0&#8243; global_colors_info=&#8221;{}&#8221; open=&#8221;off&#8221; sticky_enabled=&#8221;0&#8243;]<\/p>\n<p><span style=\"color: #9b173a;\">A Superiora do Col\u00e9gio Universit\u00e1rio de Barcelona prop\u00f5e \u00e0 Madre Felix algumas reformas para tornar a resid\u00eancia mais atraente para as moradoras e para as jovens da Congrega\u00e7\u00e3o Mariana. A Madre Felix responde sua carta abordando o centro da quest\u00e3o: as verdadeiras preocupa\u00e7\u00f5es no cora\u00e7\u00e3o das jovens.<\/span><\/p>\n<p><span>JHS<\/span><\/p>\n<p><span>Madrid, 10 &#8211; 07 &#8211; 1953<\/span><br \/><span>Pax Xti.<\/span><\/p>\n<p><span>Muito amada Madre:<\/span><\/p>\n<p><span>Nos primeiros dias da Resid\u00eancia e da Congrega\u00e7\u00e3o Universit\u00e1ria, pensava-se que algumas &#8220;atra\u00e7\u00f5es&#8221;, como o t\u00eanis e outros entretenimentos, aumentariam o n\u00famero de congregantes e, por conseguinte, providenciamos uma quadra de t\u00eanis. Bem, s\u00f3 algumas de nossas residentes usaram a quadra com muito pouco entusiasmo. Ent\u00e3o, pensamos que, como apenas poucas jogadoras podiam intervir ao mesmo tempo nesse jogo, seria melhor instalar uma quadra de basquete. E assim fizemos, obtendo o mesmo resultado.<\/span><\/p>\n<p><span>\u00c9 que as estudantes universit\u00e1rias s\u00e3o meninas que\u00a0<\/span><span style=\"color: #9b173a;\">t\u00eam muitos afazeres e simultaneamente duas preocupa\u00e7\u00f5es: uma intelectual sobre a VERDADE, que \u00e9 Deus, e elas n\u00e3o sabem que isso \u00e9 inquietude dele; e outra afetiva, sobre o destino que elas dar\u00e3o a seu cora\u00e7\u00e3o.<\/span><span><\/span><\/p>\n<p><span>Se voc\u00ea lhes der uma boa biblioteca, aulas e professores, preencher\u00e3o uma das necessidades delas, lhes ajudar\u00e3o a cumprir com suas obriga\u00e7\u00f5es e elas aceitar\u00e3o sua oferta, quanto mais eficiente for o que lhes proporcionem. Do mesmo modo, elas aceitar\u00e3o, tornando-o compat\u00edvel com suas ocupa\u00e7\u00f5es, algumas confer\u00eancias, alguns cursos que lhes ajudar\u00e3o a descobrir a VERDADE que lhes preocupa. E j\u00e1 que a maioria, gra\u00e7as a Deus, j\u00e1 possui lampejos daquela Verdade, elas tamb\u00e9m aceitar\u00e3o com prazer qualquer ato que suponha uma adora\u00e7\u00e3o e uma vassalagem a Deus Nosso Senhor.<\/span><\/p>\n<p><span>Elas tamb\u00e9m aparecer\u00e3o para atividades que, de alguma forma, aliviem sua sede afetiva, e por isso aceitar\u00e3o visitas a hospitais, asilos de idosos, etc. desde que n\u00e3o as privem do estudo, j\u00e1 que nisso est\u00e1 o que \u00e9 de Deus, que, por si s\u00f3, est\u00e1 hierarquizado, estando sempre em primeiro lugar a obriga\u00e7\u00e3o.<\/span><\/p>\n<p><span style=\"color: #9b173a;\">O resto, essas &#8220;atra\u00e7\u00f5es&#8221;, n\u00e3o preenchem nenhuma de suas necessidades,<\/span><span>\u00a0\u00a0a menos que se acrescente o elemento masculino, assim, indubitavelmente, elas ser\u00e3o estimuladas fortemente pelo desassossego afetivo e, como \u00e0s vezes neste assunto o diabo entra em jogo, isso poder\u00e1 alterar os termos, e n\u00e3o ser\u00e1 precisamente a obriga\u00e7\u00e3o que esteja em primeiro lugar na hierarquia.\u00a0<\/span><span style=\"color: #9b173a;\">Agora, se v\u00ea t\u00e3o claramente o sucesso com a instala\u00e7\u00e3o dessas atra\u00e7\u00f5es, saiba que n\u00e3o encontrar\u00e1 nenhuma oposi\u00e7\u00e3o de minha parte.<span>\u00a0<\/span><\/span><span>Mas se n\u00e3o o v\u00ea com total certeza, e pensa que o sucesso \u00e9 prov\u00e1vel, poderia come\u00e7ar aproveitando o que j\u00e1 t\u00eam ou o que envolve pouca despesa. De qualquer forma, deixo isso ao seu bom ju\u00edzo e discri\u00e7\u00e3o.<\/span><br \/><span style=\"color: #9b173a;\">De qualquer forma, independentemente da solu\u00e7\u00e3o que escolherem, n\u00e3o percam de vista o fato de que a conversa particular, mostrando &#8211; e sentindo &#8211; interesse em rela\u00e7\u00e3o aos problemas das meninas<span>\u00a0<\/span><\/span><span>e as suas coisas, e mostrando-lhes amor e desejo por seu bem, \u00e9 a maior atra\u00e7\u00e3o para as jovens e<\/span><span style=\"color: #9b173a;\"><span>\u00a0<\/span>\u00e9 o que elas realmente precisam. Ora\u00e7\u00e3o, que faz milagres; abnega\u00e7\u00e3o, constru\u00e7\u00e3o do exemplo, s\u00e3o tamb\u00e9m atra\u00e7\u00f5es infal\u00edveis.<span>\u00a0<\/span><\/span><span>E, juntamente com esses elementos sobrenaturais, podemos colocar os naturais e aqui \u00e9 onde encaixam os cursos, as obras de caridade e quantos meios voc\u00eas pensem que s\u00e3o eficazes.<\/span><\/p>\n<p><span>N\u00e3o deixem a Congrega\u00e7\u00e3o morrer. N\u00e3o deve morrer tendo de 30 a 40 residentes em casa. Voc\u00eas j\u00e1 pensaram o que representa 30 ou 40 jovens em casa durante horas por dia?\u00a0<\/span><span style=\"color: #9b173a;\">\u00c9 um campo onde podem conseguir colher muitos frutos para a maior gl\u00f3ria de Deus.<span>\u00a0<\/span><\/span><span>Acendam o cora\u00e7\u00e3o delas, mesmo que apenas o consigam somente em 2 ou 3, e elas acender\u00e3o o cora\u00e7\u00e3o de suas colegas de Universidade. D\u00ea-lhes objetivos claros, determinados, s\u00f3lidos e de acordo com suas necessidades juvenis e ver\u00e3o como a gra\u00e7a de Deus ajuda com essa contribui\u00e7\u00e3o de car\u00e1ter humano, aben\u00e7oando seus esfor\u00e7os e seus sacrif\u00edcios;\u00a0<\/span><span style=\"color: #9b173a;\">porque, isso sim, haver\u00e1 esfor\u00e7o, sacrif\u00edcio, amarguras e humilha\u00e7\u00f5es se for para produzir os frutos que desejamos.<\/span><\/p>\n<p><span>N\u00e3o deixem a Congrega\u00e7\u00e3o Mariana perder. Esta Congrega\u00e7\u00e3o nunca ser\u00e1 de quantidade: deve ser uma congrega\u00e7\u00e3o de qualidade. Coloquem esta id\u00e9ia nas congregantes. Qualidade pela classe de congregantes do ponto de vista intelectual e, se Deus quiser, e isto devemos cuidar, que tamb\u00e9m seja qualidade do ponto de vista espiritual, porque sejam congregantes de alma excelente.<\/span><\/p>\n<p><span>E por enquanto nada mais. Acho que respondo sua carta. Reze por mim. Sua em Jesus e Maria.<\/span><\/p>\n<p><span>Mar\u00eda F\u00e9lix, C.S.<\/span><\/p>\n<p><span>(Arquivo Geral da Companhia do Salvador &#8211; E 30,074)<\/span><\/p>\n<p>[\/et_pb_accordion_item][\/et_pb_accordion][\/et_pb_column][\/et_pb_row][\/et_pb_section]<\/p>\n","protected":false},"excerpt":{"rendered":"<p>Pelo que transborda o cora\u00e7\u00e3o, fala a boca\u00a0ou, neste caso, a caneta. A partir da rica correspond\u00eancia da Madre Felix, podemos desenhar as linhas principais de sua espiritualidade. Esta carta, escrita a seu Diretor Espiritual ao elaborar as Constitui\u00e7\u00f5es da Companhia do Salvador, resume a vida inteira de Madre Felix e seu trabalho fundamental. Ela [&hellip;]<\/p>\n","protected":false},"author":1,"featured_media":0,"parent":0,"menu_order":0,"comment_status":"closed","ping_status":"closed","template":"","meta":{"_et_pb_use_builder":"on","_et_pb_old_content":"","_et_gb_content_width":"","footnotes":""},"class_list":["post-18115","page","type-page","status-publish","hentry"],"yoast_head":"<!-- This site is optimized with the Yoast SEO plugin v26.8 - https:\/\/yoast.com\/product\/yoast-seo-wordpress\/ -->\n<title>SEUS ESCRITOS - Madre Mar\u00eda F\u00e9lix Torres<\/title>\n<meta name=\"robots\" content=\"index, follow, max-snippet:-1, max-image-preview:large, max-video-preview:-1\" \/>\n<link rel=\"canonical\" href=\"https:\/\/www.mariafelix.org\/pt-br\/seus-escritos\/\" \/>\n<meta property=\"og:locale\" content=\"pt_BR\" \/>\n<meta property=\"og:type\" content=\"article\" \/>\n<meta property=\"og:title\" content=\"SEUS ESCRITOS - Madre Mar\u00eda F\u00e9lix Torres\" \/>\n<meta property=\"og:description\" content=\"Pelo que transborda o cora\u00e7\u00e3o, fala a boca\u00a0ou, neste caso, a caneta. A partir da rica correspond\u00eancia da Madre Felix, podemos desenhar as linhas principais de sua espiritualidade. Esta carta, escrita a seu Diretor Espiritual ao elaborar as Constitui\u00e7\u00f5es da Companhia do Salvador, resume a vida inteira de Madre Felix e seu trabalho fundamental. Ela [&hellip;]\" \/>\n<meta property=\"og:url\" content=\"https:\/\/www.mariafelix.org\/pt-br\/seus-escritos\/\" \/>\n<meta property=\"og:site_name\" content=\"Madre Mar\u00eda F\u00e9lix Torres\" \/>\n<meta property=\"article:modified_time\" content=\"2023-11-14T20:10:29+00:00\" \/>\n<meta name=\"twitter:card\" content=\"summary_large_image\" \/>\n<meta name=\"twitter:label1\" content=\"Est. tempo de leitura\" \/>\n\t<meta name=\"twitter:data1\" content=\"13 minutos\" \/>\n<script type=\"application\/ld+json\" class=\"yoast-schema-graph\">{\"@context\":\"https:\/\/schema.org\",\"@graph\":[{\"@type\":\"WebPage\",\"@id\":\"https:\/\/www.mariafelix.org\/pt-br\/seus-escritos\/\",\"url\":\"https:\/\/www.mariafelix.org\/pt-br\/seus-escritos\/\",\"name\":\"SEUS ESCRITOS - Madre Mar\u00eda F\u00e9lix Torres\",\"isPartOf\":{\"@id\":\"https:\/\/www.mariafelix.org\/pt-br\/#website\"},\"datePublished\":\"2023-11-09T19:57:49+00:00\",\"dateModified\":\"2023-11-14T20:10:29+00:00\",\"inLanguage\":\"pt-BR\",\"potentialAction\":[{\"@type\":\"ReadAction\",\"target\":[\"https:\/\/www.mariafelix.org\/pt-br\/seus-escritos\/\"]}]},{\"@type\":\"WebSite\",\"@id\":\"https:\/\/www.mariafelix.org\/pt-br\/#website\",\"url\":\"https:\/\/www.mariafelix.org\/pt-br\/\",\"name\":\"Madre Mar\u00eda F\u00e9lix Torres\",\"description\":\"Madre Mar\u00eda F\u00e9lix Torres\",\"potentialAction\":[{\"@type\":\"SearchAction\",\"target\":{\"@type\":\"EntryPoint\",\"urlTemplate\":\"https:\/\/www.mariafelix.org\/pt-br\/?s={search_term_string}\"},\"query-input\":{\"@type\":\"PropertyValueSpecification\",\"valueRequired\":true,\"valueName\":\"search_term_string\"}}],\"inLanguage\":\"pt-BR\"}]}<\/script>\n<!-- \/ Yoast SEO plugin. -->","yoast_head_json":{"title":"SEUS ESCRITOS - Madre Mar\u00eda F\u00e9lix Torres","robots":{"index":"index","follow":"follow","max-snippet":"max-snippet:-1","max-image-preview":"max-image-preview:large","max-video-preview":"max-video-preview:-1"},"canonical":"https:\/\/www.mariafelix.org\/pt-br\/seus-escritos\/","og_locale":"pt_BR","og_type":"article","og_title":"SEUS ESCRITOS - Madre Mar\u00eda F\u00e9lix Torres","og_description":"Pelo que transborda o cora\u00e7\u00e3o, fala a boca\u00a0ou, neste caso, a caneta. A partir da rica correspond\u00eancia da Madre Felix, podemos desenhar as linhas principais de sua espiritualidade. Esta carta, escrita a seu Diretor Espiritual ao elaborar as Constitui\u00e7\u00f5es da Companhia do Salvador, resume a vida inteira de Madre Felix e seu trabalho fundamental. Ela [&hellip;]","og_url":"https:\/\/www.mariafelix.org\/pt-br\/seus-escritos\/","og_site_name":"Madre Mar\u00eda F\u00e9lix Torres","article_modified_time":"2023-11-14T20:10:29+00:00","twitter_card":"summary_large_image","twitter_misc":{"Est. tempo de leitura":"13 minutos"},"schema":{"@context":"https:\/\/schema.org","@graph":[{"@type":"WebPage","@id":"https:\/\/www.mariafelix.org\/pt-br\/seus-escritos\/","url":"https:\/\/www.mariafelix.org\/pt-br\/seus-escritos\/","name":"SEUS ESCRITOS - Madre Mar\u00eda F\u00e9lix Torres","isPartOf":{"@id":"https:\/\/www.mariafelix.org\/pt-br\/#website"},"datePublished":"2023-11-09T19:57:49+00:00","dateModified":"2023-11-14T20:10:29+00:00","inLanguage":"pt-BR","potentialAction":[{"@type":"ReadAction","target":["https:\/\/www.mariafelix.org\/pt-br\/seus-escritos\/"]}]},{"@type":"WebSite","@id":"https:\/\/www.mariafelix.org\/pt-br\/#website","url":"https:\/\/www.mariafelix.org\/pt-br\/","name":"Madre Mar\u00eda F\u00e9lix Torres","description":"Madre Mar\u00eda F\u00e9lix Torres","potentialAction":[{"@type":"SearchAction","target":{"@type":"EntryPoint","urlTemplate":"https:\/\/www.mariafelix.org\/pt-br\/?s={search_term_string}"},"query-input":{"@type":"PropertyValueSpecification","valueRequired":true,"valueName":"search_term_string"}}],"inLanguage":"pt-BR"}]}},"_links":{"self":[{"href":"https:\/\/www.mariafelix.org\/pt-br\/wp-json\/wp\/v2\/pages\/18115","targetHints":{"allow":["GET"]}}],"collection":[{"href":"https:\/\/www.mariafelix.org\/pt-br\/wp-json\/wp\/v2\/pages"}],"about":[{"href":"https:\/\/www.mariafelix.org\/pt-br\/wp-json\/wp\/v2\/types\/page"}],"author":[{"embeddable":true,"href":"https:\/\/www.mariafelix.org\/pt-br\/wp-json\/wp\/v2\/users\/1"}],"replies":[{"embeddable":true,"href":"https:\/\/www.mariafelix.org\/pt-br\/wp-json\/wp\/v2\/comments?post=18115"}],"version-history":[{"count":5,"href":"https:\/\/www.mariafelix.org\/pt-br\/wp-json\/wp\/v2\/pages\/18115\/revisions"}],"predecessor-version":[{"id":18627,"href":"https:\/\/www.mariafelix.org\/pt-br\/wp-json\/wp\/v2\/pages\/18115\/revisions\/18627"}],"wp:attachment":[{"href":"https:\/\/www.mariafelix.org\/pt-br\/wp-json\/wp\/v2\/media?parent=18115"}],"curies":[{"name":"wp","href":"https:\/\/api.w.org\/{rel}","templated":true}]}}