{"id":18117,"date":"2023-11-09T10:44:14","date_gmt":"2023-11-09T09:44:14","guid":{"rendered":"https:\/\/www.mariafelix.org\/testimonios\/"},"modified":"2023-11-21T13:09:14","modified_gmt":"2023-11-21T12:09:14","slug":"testemunhos","status":"publish","type":"page","link":"https:\/\/www.mariafelix.org\/pt-br\/testemunhos\/","title":{"rendered":"TESTEMUNHOS"},"content":{"rendered":"<p>[et_pb_section fb_built=&#8221;1&#8243; fullwidth=&#8221;on&#8221; _builder_version=&#8221;4.22.2&#8243; _module_preset=&#8221;2ce0b7bd-dbb5-4adc-bc83-1100f73502ab&#8221; global_colors_info=&#8221;{}&#8221;][et_pb_fullwidth_slider _builder_version=&#8221;4.23.1&#8243; _module_preset=&#8221;9587e0c8-d8ae-4497-80de-dc6ac7c71289&#8243; global_colors_info=&#8221;{}&#8221;][et_pb_slide _builder_version=&#8221;4.23.1&#8243; _module_preset=&#8221;default&#8221; background_image=&#8221;https:\/\/www.mariafelix.org\/wp-content\/uploads\/2023\/11\/image-18.jpeg&#8221; background_enable_image=&#8221;on&#8221; global_colors_info=&#8221;{}&#8221; sticky_transition=&#8221;on&#8221;][\/et_pb_slide][\/et_pb_fullwidth_slider][\/et_pb_section][et_pb_section fb_built=&#8221;1&#8243; _builder_version=&#8221;4.22.2&#8243; _module_preset=&#8221;c3571faf-1673-4b9f-bf46-f8250e9a3f6a&#8221; global_colors_info=&#8221;{}&#8221;][et_pb_row column_structure=&#8221;1_4,3_4&#8243; _builder_version=&#8221;4.22.2&#8243; _module_preset=&#8221;0b5ba106-5785-489f-ba7b-9fa41143096f&#8221; global_colors_info=&#8221;{}&#8221;][et_pb_column type=&#8221;1_4&#8243; _builder_version=&#8221;4.22.2&#8243; _module_preset=&#8221;824ebbaf-e3b5-4405-acb8-3b2fd9286d17&#8243; global_colors_info=&#8221;{}&#8221;][et_pb_text _builder_version=&#8221;4.23.1&#8243; _dynamic_attributes=&#8221;content&#8221; _module_preset=&#8221;ecb607dd-d36f-4b0d-a6f8-239bd01a7812&#8243; background_color=&#8221;#821b33&#8243; global_colors_info=&#8221;{}&#8221;]@ET-DC@eyJkeW5hbWljIjp0cnVlLCJjb250ZW50IjoicG9zdF90aXRsZSIsInNldHRpbmdzIjp7ImJlZm9yZSI6IiIsImFmdGVyIjoiIn19@[\/et_pb_text][et_pb_image src=&#8221;https:\/\/www.mariafelix.org\/wp-content\/uploads\/2023\/11\/image-3.png&#8221; title_text=&#8221;image&#8221; url=&#8221;https:\/\/www.youtube.com\/watch?v=HAWUBo-Lc0I&#8221; _builder_version=&#8221;4.23.1&#8243; _module_preset=&#8221;297e1017-935b-4f23-bad4-fd6565b57637&#8243; global_colors_info=&#8221;{}&#8221;][\/et_pb_image][et_pb_image src=&#8221;https:\/\/www.mariafelix.org\/wp-content\/uploads\/2023\/11\/MM-Felix-y-Cristina-P-2.jpg&#8221; title_text=&#8221;MM-Felix-y-Cristina-P-2&#8243; _builder_version=&#8221;4.23.1&#8243; _module_preset=&#8221;78b8f189-3fc7-40bb-b902-2ab30819502b&#8221; global_colors_info=&#8221;{}&#8221;][\/et_pb_image][\/et_pb_column][et_pb_column type=&#8221;3_4&#8243; _builder_version=&#8221;4.22.2&#8243; _module_preset=&#8221;fec2c85f-4b95-4256-bb6d-4b28d4ff7161&#8243; global_colors_info=&#8221;{}&#8221;][et_pb_text _builder_version=&#8221;4.23.1&#8243; _module_preset=&#8221;20504ce9-00fc-4f70-97e5-cb8f521d8155&#8243; global_colors_info=&#8221;{}&#8221;]<\/p>\n<p><strong>A Madre tinha uma intelig\u00eancia privilegiada, mas, acima de tudo, um grande cora\u00e7\u00e3o.<\/strong><\/p>\n<p>Aqueles que a trataram nos falam de seu profundo amor a Deus, que ela transmitiu atrav\u00e9s de seu amor por cada pessoa que tratava. Todos eles guardam uma bela lembran\u00e7a dela: <strong>\u201cEla me amou de uma maneira especial\u201d.<\/strong><\/p>\n<p><strong>Aqui oferecemos algumas est\u00f3rias de sua vida, que nos d\u00e3o seu perfil humano e espiritual.<\/strong><\/p>\n<p>[\/et_pb_text][et_pb_accordion _builder_version=&#8221;4.23.1&#8243; _module_preset=&#8221;default&#8221; hover_enabled=&#8221;0&#8243; sticky_enabled=&#8221;0&#8243;][et_pb_accordion_item title=&#8221;Amor a Deus&#8221; _builder_version=&#8221;4.23.1&#8243; _module_preset=&#8221;default&#8221; open=&#8221;on&#8221; hover_enabled=&#8221;0&#8243; sticky_enabled=&#8221;0&#8243;]<\/p>\n<p><strong>EUCARISTA: O CENTRO DE SUA VIDA E SEU AMOR<\/strong><\/p>\n<p>Um detalhe que eu adorava era ver o seu profundo amor e gratid\u00e3o \u00e0 Eucaristia. Para ela ter um tabern\u00e1culo em casa era motivo de alegria e consolo. Sempre que passava pela porta da capela, cumprimentava o Senhor. E eu lembro que, quando eu a acompanhava no elevador, ela me fazia parar no t\u00e9rreo para olhar o Tabern\u00e1culo por alguns segundos atrav\u00e9s da porta de vidro, embora estivesse fechada. Verdadeiramente, como dizem nossas Constitui\u00e7\u00f5es, a Eucaristia foi \u201co centro de sua vida e seu amor\u201d.<\/p>\n<p><em>M. Cristina Parejo, CS<\/em><\/p>\n<p><em><\/em><\/p>\n<p><strong>UMA MULHER DE DEUS<\/strong><\/p>\n<p>Tive o privil\u00e9gio de lidar espiritualmente com Madre F\u00e9lix na sua maturidade durante muitos anos. E sempre tive a impress\u00e3o de me encontrar diante de uma pessoa de categoria superior, uma mulher extraordin\u00e1ria em sua mente, em sua grandeza de cora\u00e7\u00e3o, em sua vis\u00e3o das coisas, em sua eleva\u00e7\u00e3o de esp\u00edrito, em seu amor por Jesus Cristo e por Santo In\u00e1cio. , na sua dedica\u00e7\u00e3o ilimitada, na sua fidelidade a um carisma que lhe trouxe muitos enigmas e problemas, mas ao qual permaneceu fiel durante toda a sua vida, atrav\u00e9s de muitos sofrimentos e tamb\u00e9m de muitas alegrias que o Senhor lhe concedeu.<\/p>\n<p>Sendo uma mulher excepcional, acima de todas as suas qualidades humanas, conservo na minha mem\u00f3ria a imagem de uma pessoa dedicada a Deus: uma mulher de Deus. Era not\u00e1vel a sua simplicidade de esp\u00edrito, a sua bondade e a sua intimidade com o Senhor, o que muitas vezes o fazia irromper em l\u00e1grimas que lhe corriam pelo rosto ao falar do amor de Deus. O amor de Deus era o seu tema preferido; Ele se entregou ao amor e \u00e0 gl\u00f3ria de Deus desde a juventude com toda a sua alma.<\/p>\n<p>Padre Luis M.\u00aa Mendiz\u00e1bal Ostolaza, SJ<\/p>\n<p>&nbsp;<\/p>\n<p><strong>O AVENTAL<\/strong><\/p>\n<p>Quando fui procur\u00e1-la para descer \u00e0 missa, ela estava de avental e percebeu, olhou para mim e come\u00e7ou a tir\u00e1-lo, me dizendo: estou tirando porque \u00e9 meu Deus, mas eu poderia deixe ligado porque \u00e9 meu pai.<\/p>\n<p>M. Isabel Moreno de Barreda, CS<\/p>\n<p>&nbsp;<\/p>\n<p><strong>O NOVO: EM CRISTO<\/strong><\/p>\n<p>Lembro-me que, pouco depois de entrar, perguntei \u00e0 Madre se n\u00e3o se cansava da rotina de fazer sempre as mesmas coisas, pois vi que havia freiras que faziam o mesmo trabalho h\u00e1 muitos anos. Fiquei impressionado com a sua resposta: Bendita seja a rotina, que nos faz encontrar novidade em Cristo!<\/p>\n<p>M. Pilar Lorente, CS<\/p>\n<p>&nbsp;<\/p>\n<p><strong>A TOALHA DE MESA DE PENTECOSTES<\/strong><\/p>\n<p>Num dia de Pentecostes, quando eu era sacrist\u00e3o, perguntamos \u00e0 Superiora que toalha de mesa ir\u00edamos estender para a Missa e ela teve vontade de escolher a melhor, a de segunda categoria. M. F\u00e9lix, que estava ao lado dela, prestes a pegar o elevador, disse-lhe, apenas implorando gentilmente, por que n\u00e3o pegar o primeiro. A M\u00e3e duvidou e M\u00e3e F\u00e9lix come\u00e7ou a chorar dizendo M\u00e3e, Nosso Senhor vem e n\u00e3o vamos receb\u00ea-lo com o melhor! Obviamente, ela colocou a toalha de mesa na primeira aula e todos n\u00f3s quase come\u00e7amos a chorar de emo\u00e7\u00e3o quando a vimos. Durante o tempo que fui sacrist\u00e3o devo admitir que tinha medo da Madre, porque \u00e0s vezes eu mandava montar a capela numa festa, ela entrava\u2026 e era muito prov\u00e1vel que ela quisesse que ela usasse algo mais digno ou melhor para honrar ao Senhor. E, com esses argumentos, como n\u00e3o mudar tudo!<\/p>\n<p>M. Ana de Aizp\u00farua, CS<\/p>\n<p>[\/et_pb_accordion_item][et_pb_accordion_item title=&#8221;Amor aos demais&#8221; _builder_version=&#8221;4.23.1&#8243; _module_preset=&#8221;default&#8221; open=&#8221;off&#8221; hover_enabled=&#8221;0&#8243; sticky_enabled=&#8221;0&#8243;]<\/p>\n<p><strong>ELE FALOU ENCORAJADOR<\/strong><\/p>\n<p>Uma caracter\u00edstica que me chamou a aten\u00e7\u00e3o em M. F\u00e9lix \u00e9 que ela sempre incentivou. Creio que \u00e9 isso que caracteriza o olhar de miseric\u00f3rdia: nunca se sentir julgado ou corrigido; Nunca se percebe o descontentamento&#8230; Bem, assim era o Sr. F\u00e9lix. De modo particular com as meninas, com as jovens: falava sempre de forma encorajadora, o que \u00e9 caracter\u00edstico do Esp\u00edrito Santo. Nunca nada que expressasse corre\u00e7\u00e3o, desagrado ou julgamento interno sobre ela. O que ele fez foi destacar a virtude contr\u00e1ria ao defeito que queria corrigir; Ela educava incentivando, corrigia incentivando e ensinava incentivando. Quando aconteciam coisas desse tipo, sempre pensei que o Esp\u00edrito Santo \u00e9 um Consolador, e isso me ajudou muito a entender o Esp\u00edrito Santo como um Animador, um Consolador.<\/p>\n<p><em>D. Antonio Cano de Santayana Ortega, pbro<\/em><\/p>\n<p>&nbsp;<\/p>\n<p><strong>AMAR COM AS FAM\u00cdLIAS<\/strong><\/p>\n<p>Lembro-me que muitas vezes, quando \u00edamos a Rosalar, Madre Mar\u00eda F\u00e9lix sa\u00eda para nos cumprimentar e passava algum tempo conversando conosco. De todos esses tempos guardo v\u00e1rias coisas na mem\u00f3ria:<br \/>1\u00ba Ele nunca tinha pressa em terminar a conversa, mesmo que a campainha tocasse, ele continuava como se o que estava fazendo fosse a coisa mais importante que tinha que fazer naquele momento.<\/p>\n<p>2\u00ba Ele sempre nos ouviu e nos atendeu como se f\u00f4ssemos as pessoas mais importantes do mundo e aquelas que poderiam lhe dar mais e melhor informa\u00e7\u00e3o sobre o assunto abordado, sempre prestando total aten\u00e7\u00e3o e nunca nos interrompendo.<\/p>\n<p>3\u00ba Na hora de ir embora n\u00e3o tinha como nos despedir dela dentro do Rosalar, por mais que ped\u00edamos, ela sempre fazia quest\u00e3o de nos acompanhar at\u00e9 a porta, e por mais frio que estivesse, e sem mais roupa do que ela tinha dentro de casa, sa\u00ed e esperei at\u00e9 ligarmos o carro e come\u00e7armos a nos separar do Rosalar. O que pessoalmente me incomodou bastante, pois pensei que ia esfriar.<\/p>\n<p>4\u00ba Como se deduz dos pontos anteriores, era uma pessoa de tratamento e delicadeza requintados, nada normais hoje em dia.<\/p>\n<p><em>D. Fernando Vez Sixte, pai de freira<\/em><\/p>\n<p><em><\/em><\/p>\n<p><strong>SUA PREOCUPA\u00c7\u00c3O, OUTROS: N\u00c3O TE SOFRE<\/strong><\/p>\n<p>\u00c0s vezes, as coisas relacionadas a servi\u00e7os e fornecedores em geral n\u00e3o aconteciam t\u00e3o rapidamente e da maneira que todos desej\u00e1vamos. Madre F\u00e9lix, que sempre esteve atenta ao que acontecia, nos 11 anos que a conheci, nunca pareceu chateada com nada, minimizou tudo, porque disse que n\u00e3o era isso que importava, que havia solu\u00e7\u00e3o, que o no dia seguinte o outro arrumava, e sempre, sempre, sempre&#8230; ele repetia para mim a mesma frase, possivelmente a frase que eu mais ouvia ele dizer: \u201cn\u00e3o sofra\u201d.<\/p>\n<p><em>Sr. Pedro Mesa, Engenheiro T\u00e9cnico Industrial, respons\u00e1vel pela manuten\u00e7\u00e3o das instala\u00e7\u00f5es de Rosalar.<\/em><\/p>\n<p><em><\/em><\/p>\n<p><strong>UM AMOR QUE LEVA A DEUS: \u201cSEJA SANTO\u201d<\/strong><\/p>\n<p>Levo-o no meu brevi\u00e1rio. Esta \u00e9 uma fotografia da imagem do Cora\u00e7\u00e3o de Jesus em mosaico que adorna a entrada da Casa M\u00e3e dos Religiosos da Companhia do Salvador em Rosalar (Madri). Era 9 de setembro de 1989, apenas dois meses depois da minha ordena\u00e7\u00e3o sacerdotal, e Madre F\u00e9lix me deu este simples presente. Eu, imaginando o que significaria no futuro ter algo \u201cpessoal\u201d desta santa mulher, pedi-lhe que assinasse para mim. Ela n\u00e3o escreveu seu nome, mas substituiu sua assinatura pelo que considero ser o lema de toda a sua vida. Ele escreveu: \u201cSeja santo\u201d. Essa foi a sua assinatura. Guardo-o como uma verdadeira rel\u00edquia; A sua mensagem j\u00e1 n\u00e3o \u00e9 apenas um conselho espiritual de algu\u00e9m que te conhece, te ama e quer o melhor para ti, mas tornou-se para mim o testamento espiritual que Madre F\u00e9lix deixou a muitos de n\u00f3s. Quando recebi a not\u00edcia da sua morte, abri o meu brevi\u00e1rio e l\u00e1 \u201cestava\u201d. \u201cSeja santo\u201d, li novamente, e a tristeza da not\u00edcia tornou-se fonte de alegria interior ao lembrar como era a vida desta humilde freira\u2026 um convite constante \u00e0 santidade. E comecei a rezar&#8230; Curiosamente, e digo curiosamente porque eu mesmo fiquei surpreso com isso, instintivamente comecei a rezar para ela. Desde ent\u00e3o, pedi muitas coisas a Deus Pai atrav\u00e9s dela e continuo a faz\u00ea-lo no meio das tarefas quotidianas da minha vida sacerdotal. E sinto que a sua intercess\u00e3o \u00e9 poderosa e eficaz&#8230; mas tamb\u00e9m discreta, sem estrid\u00eancia, sem ser notada&#8230; como foi a sua vida aqui na terra.<\/p>\n<p><em>Sr. Jos\u00e9 Miguel Gonz\u00e1lez Mart\u00edn, pbro.<\/em><\/p>\n<p>&nbsp;<\/p>\n<p><strong>O M\u00c9RITO DAS CAMADAS<\/strong><\/p>\n<p>Conheci Madre F\u00e9lix em 1949, quando, aos 10 anos, ingressei na rec\u00e9m-inaugurada Escola Mater Salvatoris, em L\u00e9rida. O tratamento com ela, embora descont\u00ednuo, continuou at\u00e9 sua morte. Lembro-me dela como uma pessoa extremamente inteligente, serena e equilibrada, al\u00e9m de intensamente gentil. O tratamento que pude desfrutar com ela me ajudou na minha vida pessoal; O simples fato de visit\u00e1-lo me encheu de alegria e me deu esperan\u00e7a. Achei extremamente compreensivo da sua parte que sempre aludisse ao m\u00e9rito dos leigos em seguir em frente, em manter uma fam\u00edlia, em ser honestos. Sua serenidade e alegria de viver sempre me chamaram a aten\u00e7\u00e3o. Quando \u00e0s vezes lhe perguntava como era poss\u00edvel tal otimismo, ela respondia que a vida de freira era muito simples, mais do que a vida secular, que a ora\u00e7\u00e3o a confortava e que deixava nas m\u00e3os de Deus quest\u00f5es que mais tarde seriam resolvidas. Ele deu import\u00e2ncia vital \u00e0 ora\u00e7\u00e3o.<\/p>\n<p><em>Sra. Beatriz Camino Germ\u00e1, ex-aluna do Col\u00e9gio de L\u00e9rida<\/em><\/p>\n<p>&nbsp;<\/p>\n<p><strong>TUDO O MEU \u00c9 SEU<\/strong><\/p>\n<p>A generosidade da m\u00e3e e o pouco apego \u00e0s coisas materiais sempre me agradaram nela. Lembro que uma vez a casa dos meus pais foi assaltada e tivemos que ficar na escola at\u00e9 muito tarde. As m\u00e3es prepararam lanche e jantar para n\u00f3s. Fiquei muito preocupado porque era o mais velho e n\u00e3o sabia onde eu e meus tr\u00eas irm\u00e3os dormir\u00edamos. Finalmente, \u00e0s nove e meia da noite, meus pais vieram nos buscar. Pouco depois, a M\u00e3e chegou \u00e0 escola e eu contei-lhe o que nos tinha acontecido. Naquele dia ela me disse que se eu tivesse que dormir na escola eu poderia ficar na casa dela, porque a casa dela tamb\u00e9m era minha casa. Depois de lhe dar um grande abra\u00e7o e saber que algo dela tamb\u00e9m era meu, pedi que ela contasse para as outras freiras da escola porque elas nunca nos deixavam ir at\u00e9 aquela \u00e1rea. Eu tinha apenas 9 ou 10 anos e naquele dia entendi o quanto os outros eram importantes para ela e que as coisas materiais n\u00e3o pertencem a quem as tem, mas a quem precisa delas.<\/p>\n<p><em>Marianina Alfonso, ex-aluna e professora do Col\u00e9gio de Caracas<\/em><\/p>\n<p>[\/et_pb_accordion_item][et_pb_accordion_item title=&#8221;Las almas&#8221; _builder_version=&#8221;4.23.1&#8243; _module_preset=&#8221;default&#8221; hover_enabled=&#8221;0&#8243; sticky_enabled=&#8221;0&#8243;]<\/p>\n<p><strong>AP\u00d3STOLOS, FAZENDO O QUE FOR PRECISO<\/strong><\/p>\n<p>Seu zelo pelo apostolado nos foi constantemente transmitido e ela sempre aproveitou o momento presente para fazer o bem. Em Cirajas (Valladolid) havia uma pequena col\u00f4nia de trabalhadores que estavam a cargo das terras dos jesu\u00edtas. L\u00e1 ela nos enviou, \u00e9ramos duas novi\u00e7as, para dar o Catecismo e, de passagem, ensinar-lhes algo de corte e confec\u00e7\u00e3o e assist\u00eancia infantil \u00e0s mulheres. O importante era ajud\u00e1-los e atend\u00ea-los no que precisassem e, acima de tudo, que algu\u00e9m lhes falasse sobre Deus. Eu acho que foi durante esse tempo que ela nos fez entender o qu\u00e3o importante s\u00e3o os que temos ao nosso lado, as pessoas que temos ao nosso redor, e que nosso apostolado est\u00e1 aonde Deus nos colocou, fazendo o que for preciso.<\/p>\n<p><em>M. Concepci\u00f3n Sag\u00fcillo, CS<\/em><\/p>\n<p><em><\/em><\/p>\n<p><strong>O QUE EU QUERO \u00c9 SALVAR TODOS<\/strong><\/p>\n<p>Ele ficou profundamente feliz por conhecer os frutos dos apostolados da Sociedade. Muitas vezes os seus olhos encheram-se de l\u00e1grimas: \u201c\u00e9 que a n\u00f3s, velhos, s\u00f3 nos resta o cora\u00e7\u00e3o\u2026\u201d As ofensas que Deus nosso Senhor sofreu fizeram-no sofrer indescritivelmente. Acredito que um dos seus maiores sofrimentos nos \u00faltimos anos foi ver que os jovens se afastavam de Deus para se lan\u00e7arem inconscientemente numa vida de pecado. Conversei muitas vezes com ela sobre esse assunto e ela me disse que a caracter\u00edstica de uma filha da Companhia era preocupar-se com o que o Cora\u00e7\u00e3o do Salvador estava vivendo: anseios redentores\u2026 Ela transmitia isso at\u00e9 em piadas.<\/p>\n<p>Conhecida \u00e9 a \u00e9poca em que, ao saber que muitas meninas da escola come\u00e7avam a se perder numa vida de impureza devido \u00e0s noitadas em ambientes ruins, ele insinuou, em tom de brincadeira e com sinceridade, que dever\u00edamos abrir uma boate para que os jovens as pessoas poderiam se divertir de forma saud\u00e1vel. , \u201cporque os jovens precisam se divertir\u201d. Quando, \u00e0s gargalhadas, tentamos faz\u00ea-la ver que sua ideia era um pouco bizarra, de repente ela ficou s\u00e9ria e com l\u00e1grimas nos olhos nos disse: \u201cO que eu quero \u00e9 salvar todos eles, e se \u00e9 isso que leva Precisamos abrir boates, ent\u00e3o n\u00f3s as abrimos\u2026\u201d<\/p>\n<p>M. Cristina Parejo, CS<\/p>\n<p>&nbsp;<\/p>\n<p><strong>DA TRASEIRA<\/strong><\/p>\n<p>Quando \u00edamos passear com as meninas da Escola sempre pass\u00e1vamos na sala dela para nos despedirmos e ouvir seus conselhos. Ele nos perguntou quantas meninas havia, que idades, como eram\u2026, e ent\u00e3o nos disse que ia rezar para que f\u00f4ssemos a transpar\u00eancia de Deus, que as meninas vissem Jesus Cristo em n\u00f3s e que n\u00f3s teria muita paci\u00eancia com elas, porque s\u00e3o! meninas! Quando voltamos, ela tamb\u00e9m gostou quando fomos contar como as coisas tinham acontecido e ela gostou muito de ouvir como as meninas conheceram Deus.<br \/>M. Marta Tiagonce, CS<\/p>\n<p>&nbsp;<\/p>\n<p><strong>VOCA\u00c7\u00d5ES: PARA DEUS<\/strong><\/p>\n<p>Em diversas ocasi\u00f5es falei com ela sobre meninas que tinham sinais de voca\u00e7\u00e3o, ou que j\u00e1 se encaminhavam para a voca\u00e7\u00e3o de consagra\u00e7\u00e3o especial ao Senhor. Seu interesse priorit\u00e1rio nunca foi que elas ingressassem na Companhia do Salvador, mas sim o bem das meninas, ajudando-as a conhecer e amar Jesus Cristo. Portanto, n\u00e3o era um olhar interessado, mas sim um olhar de ap\u00f3stolo. E isso sempre. Essas coisas que falei n\u00e3o \u00e9 que uma vez ela se manifestou assim, mas que ela sempre foi assim, de forma natural, como h\u00e1bitos adquiridos. Dava para perceber que ele viveu isso espontaneamente e sem ter que se for\u00e7ar. Nunca notei nada for\u00e7ado nela; Tudo foi natural, adquirido, toda uma vida que a levou a ser assim.<\/p>\n<p>D. Antonio Cano de Santayana Ortega, pbro.<\/p>\n<p>[\/et_pb_accordion_item][et_pb_accordion_item title=&#8221;Acredite em Deus&#8221; _builder_version=&#8221;4.23.1&#8243; _module_preset=&#8221;default&#8221; hover_enabled=&#8221;0&#8243; sticky_enabled=&#8221;0&#8243;]<\/p>\n<p><strong>SE FOR OBRA DE DEUS, ELE DAR\u00c1 OS MEDIOS<\/strong><\/p>\n<p>Eu sempre vi na Madre uma pessoa muito inteligente, serena, transparente, comunicativa e educada, com uma espiritualidade muito profunda, mas extremamente simples. Ela sempre falava sobre a Companhia do Salvador, sobre suas afinidades, projetos, dificuldades, etc. com uma objetividade absoluta, como se fosse uma obra que n\u00e3o a tocara diretamente. Ao falar de seus projetos futuros, especialmente das escolas, ela manifestava uma confian\u00e7a absoluta, posso at\u00e9 dizer seguran\u00e7a, de que os recursos \u2013 que n\u00e3o existiam no momento \u2013 n\u00e3o faltariam quando realmente fossem necess\u00e1rios. E ela falava disso sem qualquer alarde providencialista, mas como se fosse a coisa mais natural do mundo. Seu jeito de falar costumava expressar essa id\u00e9ia: se realmente for obra de Deus, Ele dar\u00e1 os meios para realiz\u00e1-la.<\/p>\n<p><em>Cardeal Urbano Navarrete Cort\u00e9s, SJ<\/em><\/p>\n<p><em><\/em><\/p>\n<p><strong>\u00abVOC\u00ca VER\u00c1 QUANTOS ALUNOS V\u00caM!\u00bb<\/strong><\/p>\n<p>Em 1957 foi fundada a Escola Mater Salvatoris de Caracas (Venezuela), primeira institui\u00e7\u00e3o da Companhia do Salvador em terras americanas. M. F\u00e9lix, como Superiora Geral, incentivou e acompanhou com a sua presen\u00e7a os primeiros passos do Col\u00e9gio.<\/p>\n<p>Assim que o barco chegou come\u00e7amos a preparar o percurso. M. Aige e eu distribu\u00edmos propaganda pelos chal\u00e9s do empreendimento. O nome da Escola era: \u201cEscola Infantil Mater Salvatoris\u201d. As primeiras visitas come\u00e7aram. A M\u00e3e, com a simpatia que a caracterizava, falava de tudo at\u00e9 que a senhora perguntou o pre\u00e7o; Imediatamente a Madre disse: \u201cOlha, como \u00e9 uma das primeiras inscri\u00e7\u00f5es, a menina ser\u00e1 convidada de honra\u201d. Aqueles de n\u00f3s que ouvimos como ele convenceu a senhora a aceitar a oferta ficaram surpresos e o Sr. Aige com seu senso pr\u00e1tico disse \u00e0 Madre: \u201cMas como vamos viver se os estudantes n\u00e3o pagam?\u201d e a M\u00e3e, como uma menina safada, respondeu: \u201cVoc\u00ea vai ver quantos alunos vir\u00e3o\u201d\u2026 E risos e sem estresse. M. Aige resignou-se e confiou que a M\u00e3e era profetisa, como ela era. Terminamos aquele primeiro curso com 25 alunos e tivemos que procurar uma casa nova, algo maior. Acab\u00e1mos por ter mais de uma centena de alunos e assim foram aumentando at\u00e9 passarmos para a Quinta Gladys, que foi pioneira em novas villas: Sacromonte, Lola, Bellita\u2026 que formou uma pequena col\u00f3nia \u00e0 sua volta, com o jardim Gladys em o centro.<\/p>\n<p>M. Concepci\u00f3n Saguillo, CS<\/p>\n<p>&nbsp;<\/p>\n<p><strong>SANTOS COXOS, MAS APOIADOS EM CRISTO<\/strong><\/p>\n<p>A M\u00e3e confiou em Deus tamb\u00e9m espiritualmente. Ele sabia fazer compara\u00e7\u00f5es ao falar da vida espiritual e fazia muito isso. Falando em defeito, ela disse que era como ser coxo e que, claro, ningu\u00e9m gosta de ser coxo, mas n\u00e3o precisamos querer ser santos lindos e perfeitos sem defeitos, temos que aceitar que somos coxos . E, sendo manco, isso nos faz cair de vez em quando. Ent\u00e3o, a solu\u00e7\u00e3o \u00e9 uma boa muleta na qual nos apoiamos para n\u00e3o cair. Essa muleta \u00e9 Jesus. Devemos sempre ser apoiados por Jesus Cristo.<\/p>\n<p>M. Pilar Lorente, CS<\/p>\n<p>[\/et_pb_accordion_item][et_pb_accordion_item title=&#8221;Mod\u00e9stia&#8221; _builder_version=&#8221;4.23.1&#8243; _module_preset=&#8221;default&#8221; hover_enabled=&#8221;0&#8243; sticky_enabled=&#8221;0&#8243;]<\/p>\n<p><strong>ELA N\u00c3O QUIS A REELEI\u00c7\u00c3O: EU SOU O CARTEIRO<\/strong><\/p>\n<p>Apesar de ter grandes disposi\u00e7\u00f5es para liderar a Companhia e saber que muitos estavam dispostos a inscrev\u00ea-la no Cap\u00edtulo Geral de 1971, no qual tinha tudo a seu favor, como a Fundadora, ela fez tudo o poss\u00edvel para que n\u00e3o a apresentassem como candidata. Ap\u00f3s as elei\u00e7\u00f5es e at\u00e9 o ano de sua morte, trinta anos depois, destacou-se pela obedi\u00eancia e a defer\u00eancia as duas Superioras Gerais que a sucederam, uma das quais era um ex-aluna do Col\u00e9gio de Madri, e que conheceu a Madre Felix quando era menina e tinha apenas dez anos. Ela sempre evitou toda notoriedade e, quando era apresentada como Fundadora da Companhia, costumava dizer: \u201cEu sou como o carteiro que entrega uma carta, e qual \u00e9 a import\u00e2ncia do carteiro?<\/p>\n<p><em>M. Mar\u00eda Cruz Vaquero, CS<\/em><\/p>\n<p><em><\/em><\/p>\n<p><strong>VAMOS VER SE APRENDO<\/strong><\/p>\n<p>Sempre fiquei impressionado com sua humildade, que nada tinha a ver com encolhimento. Pela primeira vez tive a oportunidade de conviver com uma pessoa cheia de qualidades humanas e que, no entanto, tinha muita consci\u00eancia da sua pr\u00f3pria mis\u00e9ria diante de Deus. Muitas vezes contou a anedota do livro de Beaudenom, Forma\u00e7\u00e3o na Humildade: como o seu diretor espiritual lhe recomendou, e quando foi devolv\u00ea-lo, dizendo-lhe que tinha gostado muito, aquele padre disse-lhe para come\u00e7ar a ler de novo, porque ele n\u00e3o conseguia, ela n\u00e3o tinha aprendido nada: n\u00e3o se tratava de ler, mas de viver\u2026 Uma vez perguntei \u00e0 Madre se, aos 93 anos, ela j\u00e1 havia aprendido o que era humildade. \u201cS\u00f3 um pouquinho\u201d, ele respondeu, com um sorriso. Mas ainda leio aquele livrinho de vez em quando, para ver se aprendo um pouco\u2026 Acho que \u00e9 por isso que estou com oitenta anos, porque demoro muito para aprender.\u201d A\u00ed eu ri: \u201cM\u00e3e, ele j\u00e1 tem noventa!\u201d \u201cMuitos? Imagine, minha filha, que sou mais desajeitado do que pensava\u2026\u201d<\/p>\n<p>M. Cristina Parejo, CS<\/p>\n<p>&nbsp;<\/p>\n<p><strong>\u00abN\u00c3O QUEREMOS VER ISSO FALANDO\u00bb<\/strong><\/p>\n<p>No dia 7 de mar\u00e7o de 1995 recebi uma carta do Diretor do Dizionario degli Instituti di Perfezione, publicado pela Edizioni Paoline (Roma, 1985). Enviei uma breve mensagem do fundador da Companhia do Salvador, para uma nova edi\u00e7\u00e3o da obra, para que pud\u00e9ssemos devolver a prova devidamente corrigida e atualizada. Quando mostrei a carta ao Sr. F\u00e9lix, ela manifestou visivelmente o seu desagrado; Era a sua rea\u00e7\u00e3o habitual sempre que algu\u00e9m pensava em mencionar o seu papel como fundadora. Pouco depois, ela me trouxe uma resposta escrita por ela mesma. Assinei, s\u00f3 para n\u00e3o aborrec\u00ea-la: \u201cNada pode ser publicado sobre esta fundadora porque ela ainda est\u00e1 viva e n\u00e3o gostamos de ver ningu\u00e9m falando dela\u201d. Como esperado, e para nossa grande alegria, as suas objec\u00e7\u00f5es foram ignoradas em Roma.<\/p>\n<p>M. Am\u00e9lia Lora-Tamayo, CS<\/p>\n<p>&nbsp;<\/p>\n<p><strong>DEUS A FEZ PEQUENA E HUMILDE<\/strong><\/p>\n<p>A impress\u00e3o que Rosalar e a Companhia del Salvador causaram em mim foi extraordin\u00e1ria. Ali se respira uma atmosfera de f\u00e9, de esperan\u00e7a, de ora\u00e7\u00e3o, de ardor apost\u00f3lico, de amor \u00e0 Igreja\u2026 que me parecia sem precedentes. A gratid\u00e3o e a estima que tenho pela Madre F\u00e9lix come\u00e7aram com aquele primeiro encontro. A quem a Igreja deve tudo isto?, perguntei-me. Uma das freiras explicou-me a trajet\u00f3ria de Madre F\u00e9lix, a sua venera\u00e7\u00e3o por Santo In\u00e1cio e o seu desejo de imita\u00e7\u00e3o. Imaginei-a ent\u00e3o como uma mulher excepcional, com actividade fren\u00e9tica e lideran\u00e7a humana, uma \u201cconquistadora\u201d de vontades, ao estilo de Joana D\u2019Arc\u2026 mas a Madre F\u00e9lix que conheci mais tarde estava longe de ser tudo isso. vezes que visitei o Rosalar, a Madre F\u00e9lix veio ao nosso encontro para nos cumprimentar com admir\u00e1vel humildade. Tomou as m\u00e3os dos sacerdotes e, com um respeito cheio de venera\u00e7\u00e3o, mostrou interesse pelas ocupa\u00e7\u00f5es apost\u00f3licas destes sacerdotes, sem parar para falar das suas pr\u00f3prias ocupa\u00e7\u00f5es e preocupa\u00e7\u00f5es. Este primeiro aspecto da sua personalidade chamou-me a aten\u00e7\u00e3o: era uma freira que o Senhor tornou pequena e humilde. Era muito delicada no tratamento e extremamente discreta: n\u00e3o chegava primeiro, nem necessariamente a \u00faltima, aparecia num corredor, era recebida com mod\u00e9stia e carinho cordial, n\u00e3o se esbanjava com longas despedidas, e sempre sorria para todos.<\/p>\n<p>D. Manuel Vargas, Cano de Santayana, pbro.<\/p>\n<p>[\/et_pb_accordion_item][et_pb_accordion_item title=&#8221;A Igreja&#8221; _builder_version=&#8221;4.23.1&#8243; _module_preset=&#8221;default&#8221; hover_enabled=&#8221;0&#8243; sticky_enabled=&#8221;0&#8243;]<\/p>\n<p><strong>AMOR AO PAPA<\/strong><\/p>\n<p>Uma \u201cfraqueza\u201d? Seu amor ao Papa. Lembro-me como se fosse hoje sua \u00faltima visita a Roma e o momento em que recebeu a comunh\u00e3o do Santo Padre em junho de 2000, imortalizado na fotografia que todos conhecemos. Eu sou um testemunho pessoal das d\u00favidas que invadiram seu nobre esp\u00edrito nos dias anteriores a esse momento. \u201cEu n\u00e3o sou digna\u201d, ela sussurrava quase obsessivamente com seus olhos avermelhados e seu rosto um tanto contrariado. No final, o \u00fanico argumento que conseguimos exercer os que a rode\u00e1vamos foi o da obedi\u00eancia. Eu me lembro de que disse algo como \u201cest\u00e1 tudo bem \u2026 Eu irei em obedi\u00eancia \u00e0 minha Superiora\u201d. Sua fidelidade \u00e0 vontade de Deus Pai foi encarnada em obedi\u00eancia \u00e0 hierarquia e ao Magist\u00e9rio da Igreja. Eu tamb\u00e9m lembro-me de ser surpreendido pela rapidez e profundidade com que lia todas as enc\u00edclicas, exorta\u00e7\u00f5es, cartas, discurso ou interven\u00e7\u00f5es do Santo Padre.<\/p>\n<p><em>D. Jos\u00e9 Miguel Gonz\u00e1lez Mart\u00edn, Presb\u00edtero.<\/em><\/p>\n<p><em><\/em><\/p>\n<p><strong>SANTO, SANTO, SANTO, SANTO<\/strong><\/p>\n<p>Conheci Madre F\u00e9lix, ainda seminarista, quando fui a uma celebra\u00e7\u00e3o de missa. Eu estava cumprimentando as freiras quando o elevador se abriu e Madre F\u00e9lix apareceu acompanhada de outras. Eles me apresentaram dizendo que eu era um futuro padre. Assim que ouviu isso, ele agarrou minha m\u00e3o com for\u00e7a e com a outra deu um tapinha firme na minha enquanto repetia uma \u00fanica palavra: \u201cSanto, santo, santo, santo!\u201d Ele disse isso algumas vezes e acabou beijando minha m\u00e3o. Fiquei t\u00e3o chocado que n\u00e3o soube como reagir e ela continuou cumprimentando outras pessoas. Essa imagem ficou profundamente gravada na minha mem\u00f3ria, pois fiquei impressionado com o equil\u00edbrio, a convic\u00e7\u00e3o e a urg\u00eancia das suas palavras. Ele deu a entender que todo o resto era dispens\u00e1vel e que a \u00fanica coisa importante num sacerdote de Jesus Cristo era a santidade da vida. Algo que ela irradiava com sua presen\u00e7a.<\/p>\n<p>D. Javier Siegrist Ridruejo, pbro.<\/p>\n<p>&nbsp;<\/p>\n<p><strong>ALEGRIA PELA CONFIRMA\u00c7\u00c3O DA IGREJA<\/strong><\/p>\n<p>Em junho de 2000 fui convidado a ministrar um minicurso de eclesiologia aos religiosos em per\u00edodo de forma\u00e7\u00e3o: postulantes, novi\u00e7os, juniores. Como mais uma, quase como um Santo In\u00e1cio com seus trinta anos aprendendo latim, mas ela alguns anos mais velha, a Madre tamb\u00e9m me apareceu sentada a uma escrivaninha, sempre ansiosa por aprender. Quando a certa altura falei da infalibilidade pontif\u00edcia aludi ao facto, por vezes pouco conhecido, de que esta n\u00e3o se exerce apenas na proclama\u00e7\u00e3o solene de um dogma de f\u00e9. H\u00e1 tamb\u00e9m outras ocasi\u00f5es, acrescentei, como canoniza\u00e7\u00f5es ou aprova\u00e7\u00f5es de Constitui\u00e7\u00f5es de Congrega\u00e7\u00f5es religiosas em que esta prerrogativa \u00e9 posta em pr\u00e1tica. Isso trouxe grande conforto para Madre F\u00e9lix. N\u00e3o foi ela, mas o julgamento da Igreja, que garantiu que as Constitui\u00e7\u00f5es fossem um caminho cuja vida fiel conduzia a garantir a santidade. E a Igreja Matriz selou com a sua autoridade o itiner\u00e1rio at\u00e9 ent\u00e3o realizado.<\/p>\n<p>D. Pablo Cervera Barranco, pbro.<\/p>\n<p>&nbsp;<\/p>\n<p><strong>AMOR AOS SACERDOTES<\/strong><\/p>\n<p>Depois da minha ordena\u00e7\u00e3o sacerdotal, fui um dia celebrar a Santa Missa no Rosalar. Eu tinha muito a agradecer a Deus e tamb\u00e9m queria agradecer \u00e0s M\u00e3es da Companhia pelas ora\u00e7\u00f5es e aten\u00e7\u00e3o durante os anos de Semin\u00e1rio. Dessa vez eu estava de batina. Embora eu estivesse com muita vergonha de aparecer assim, fiquei t\u00e3o animado! Era o dia de Santo Estanislau de Kostka. Como em ocasi\u00f5es anteriores, Madre F\u00e9lix veio nos receber na sala Rosalar. Ele nos viu, e parece que me lembro que ficou visivelmente emocionado\u2026 Embora eu estivesse de batina e tivesse sido ordenado, era o mesmo jovem de algumas semanas atr\u00e1s (foi o que pensei). Mas ela pegou minhas m\u00e3os e as beijou com um amor e uma f\u00e9 que eram \u00f3bvios para todos. Isso me comoveu: n\u00e3o me lembro de ter visto tanta f\u00e9 no sacerd\u00f3cio de Jesus Cristo como a de Madre F\u00e9lix. Embora me tenha sentido muito amado por ela (n\u00e3o sei explicar muito bem porqu\u00ea), aquele gesto n\u00e3o foi apenas de afecto pessoal: foi amor \u00e0 Igreja e aos seus ministros, foi reconhecer humildemente Cristo sacerdote sob aquela pobre apar\u00eancia.<\/p>\n<p>D. Manuel Vargas Cano de Santayana, pbro.<\/p>\n<p>[\/et_pb_accordion_item][et_pb_accordion_item title=&#8221;San Ignacio&#8221; _builder_version=&#8221;4.23.1&#8243; _module_preset=&#8221;default&#8221; hover_enabled=&#8221;0&#8243; sticky_enabled=&#8221;0&#8243;]<\/p>\n<p><strong>PARA ELA ACIMA DE TUDO: SANTO IN\u00c1CIO<\/strong><\/p>\n<p>Quanto amor a Madre teve por Santo In\u00e1cio! Muitas vezes, explicando coisas espirituais, ela mencionava Santo In\u00e1cio para aprender com ele, e era divertido como ela falava: ao nome\u00e1-lo, por pura devo\u00e7\u00e3o, ela colocava mais \u00eanfase no \u201cSanto\u201d do que no \u201cIn\u00e1cio\u201d. Tampouco sofria com paci\u00eancia ao lembrar-se dos dias de juventude do Santo, nos que ele pr\u00f3prio confessou haver sido \u201cum soldado despeda\u00e7ado e vaidoso\u201d. A um capel\u00e3o do col\u00e9gio que a lembrou brincando, nem quis ouvi-lo falar sobre isso e, seguindo a piada, o amea\u00e7ou com a bengala. Para ela, era principalmente SANTO In\u00e1cio.<\/p>\n<p><em>M. Pilar Lorente, CS<\/em><\/p>\n<p><em><\/em><\/p>\n<p><strong>PEDIU SUA B\u00caN\u00c7\u00c3O<\/strong><\/p>\n<p>\u00c0s vezes, ao passar diante da imagem de Santo In\u00e1cio, olhava para ela e persignava-se; Um dia ele me contou que pediu sua b\u00ean\u00e7\u00e3o quando passei na frente dele.<\/p>\n<p>M. Paula Mart\u00ednez, CS<\/p>\n<p>[\/et_pb_accordion_item][et_pb_accordion_item title=&#8221;Como era?&#8221; _builder_version=&#8221;4.23.1&#8243; _module_preset=&#8221;default&#8221; hover_enabled=&#8221;0&#8243; sticky_enabled=&#8221;0&#8243;]<\/p>\n<p><strong>DECIDIDA: OS PINTINHOS<\/strong><\/p>\n<p>No m\u00eas de maio de 1951, o noviciado de Barcelona mudou-se para Madri. N\u00f3s fizemos a viagem de trem com a Madre Felix e Aige. Est\u00e1vamos viajando em segunda classe, e ocup\u00e1vamos todo um vag\u00e3o do trem. N\u00f3s levamos alguns pintinhos que as Madres haviam comprado para que tiv\u00e9ssemos um pequeno galinheiro na nossa casa em Madri. Os pintinhos estavam em uma grande caixa de papel\u00e3o. A Madre Felix queria aliment\u00e1-los, colocou um avental e os pintinhos em cima de sua saia. Quando ela estava naquela posi\u00e7\u00e3o bateu na porta o revisor do trem. Quando ele entrou, a Madre dobrou a ponta do avental sobre os pintinhos, cobrindo-os. Era permitido ou n\u00e3o levar pintos na segunda classe? N\u00e3o sabemos! O fato \u00e9 que o revisor parecia muito surpreso com a saia da Madre porque \u201cela estava se mexendo\u201d, embora os pintinhos n\u00e3o fizessem nenhum barulho. Ele n\u00e3o disse nada, mas quando saiu, a gargalhada foi geral, e a primeira em rir foi a Madre.<\/p>\n<p><em>M. Pilar Basallo, CS<\/em><\/p>\n<p><em><\/em><\/p>\n<p><strong>GENEROSO AO EXAGERO<\/strong><\/p>\n<p>\u00c9 verdade que ela era espl\u00eandida ao extremo. Lembro que um dos carteiros, sempre que batia na porta, pedia \u201caquela freira mais velha e simp\u00e1tica\u201d, sabendo que v\u00ea-la significava uma gorjeta incr\u00edvel. A alguns pedreiros que vieram, s\u00f3 para pregar um prego na parede, ele deu vinte e cinco mil pesetas cada! E Madre Lora tentava cont\u00ea-la\u2026 \u201cO que voc\u00ea quiser, filha, mam\u00e3e. Mas nunca nos faltou o que dar, e a Empresa ter\u00e1 um mau desempenho se procurar a sua pr\u00f3pria seguran\u00e7a antes das necessidades dos outros. Pass\u00e1mos por momentos dif\u00edceis e dificuldades econ\u00f3micas, mas nunca nos faltou doar\u2026\u201d<\/p>\n<p>Depois de uma de suas opera\u00e7\u00f5es, convidou todos os m\u00e9dicos e enfermeiros da Cl\u00ednica Puerta de Hierro para virem fazer um lanche em casa e agradecer a aten\u00e7\u00e3o.<\/p>\n<p>M. Cristina Parejo, CS<\/p>\n<p>&nbsp;<\/p>\n<p><strong>ELE SEMPRE ME TRAZEU ALGO NOVO<\/strong><\/p>\n<p>Nos cerca de 15 anos que desfrutei de sua amizade, como tantos outros, sempre considerei Madre F\u00e9lix como algu\u00e9m que sempre me trazia algo novo. As suas palavras simples e inteligentes nunca me deixaram indiferente. Seus s\u00e1bios conselhos, suas ousadas intui\u00e7\u00f5es revelaram a profunda vida espiritual desta mulher. E quando digo vida espiritual estou dizendo uni\u00e3o com Cristo. Fazer a vontade do Pai era a sua obsess\u00e3o\u2026 como Cristo. Ambos vieram ao mundo para fazer a vontade do Pai. Generosa como ningu\u00e9m e com vontade de ferro, entregou-se com confian\u00e7a \u00e0 Divina Provid\u00eancia a cada momento e, sem lhe dizer nada expressamente porque era extremamente respeitosa e delicada, convidou-vos a confiar da mesma forma. Nunca ouvi cr\u00edticas pessoais de ningu\u00e9m nem ouvi elogios desproporcionais. Ela era uma mulher equilibrada, que sabia ouvir como se s\u00f3 precisasse te ouvir e falar com voc\u00ea com do\u00e7ura, como se n\u00e3o tivesse mais nada para fazer durante o dia. Nunca olhei para o rel\u00f3gio\u2026 nem me lembro se tinha rel\u00f3gio.<\/p>\n<p>Sr. Jos\u00e9 Miguel Gonz\u00e1lez Mart\u00edn, pbro.<\/p>\n<p>&nbsp;<\/p>\n<p><strong>GRANDE NO PEQUENO<\/strong><\/p>\n<p>Ela foi magn\u00e2nima, nos desejos e nas a\u00e7\u00f5es, decidida e ousada em tudo o que fosse para a maior gl\u00f3ria de Deus (e chegou a propor coisas inimagin\u00e1veis, como uma discoteca saud\u00e1vel para os nossos jovens). Ela estava animada com tudo, mas ao mesmo tempo serena. As suas palavras eram por vezes acompanhadas de um olhar s\u00e9rio, atento e profundo; outros, um olhar alegre e quase travesso que nos fazia rir. Nos seus conselhos ela foi s\u00e1bia, prudente e de mente aberta; na corre\u00e7\u00e3o, ao mesmo tempo firme e delicado, perspicaz e gentil, paciente, mas sem deixar escapar nenhum defeito que possa prejudicar a gl\u00f3ria de Deus. Com todos, com os de dentro e com os de fora, ela era tremendamente acolhedora, muito generosa a ponto de chocar, gentil, abnegada, profundamente maternal, abnegada e amante da abnega\u00e7\u00e3o. Tinha um cora\u00e7\u00e3o gigante que amava a todos com carinho transbordante e, acima de tudo, um cora\u00e7\u00e3o humilde e uma alma profundamente simples. N\u00e3o sei por que falo no passado, porque ele agora tem tudo isso e muito mais, participando mais plenamente do amor de Deus e de todas as suas virtudes.<\/p>\n<p>M. Pilar Lorente, CS<\/p>\n<p>&nbsp;<\/p>\n<p><strong>EU TINHA ALGO ESPECIAL<\/strong><\/p>\n<p>Conheci Madre Mar\u00eda F\u00e9lix quando tinha cinco anos, quando entrei como estudante na escola Mater Salvatoris. Entre os cinco e os oito anos, quando andava na escola, via-a com alguma regularidade. Depois s\u00f3 quando cheguei a Lleida na companhia da irm\u00e3 do meu pai, a m\u00e3e Carmen Aige, que \u00edamos visitar, ambas complementares, o \u201calter ego\u201d uma da outra, a minha tia era pura energia, intelig\u00eancia pr\u00e1tica; Lembro-me de sua risada franca enquanto seus olhos negros te penetravam, te entendiam e te olhavam com carinho. M\u00e3e Maria\u2026era diferente, diferente de qualquer pessoa que j\u00e1 conheci. Sentado diante dela, percebi algo de natureza espiritual, dif\u00edcil de definir, que comunicava uma sensa\u00e7\u00e3o de paz que te cobria como um cobertor de inverno.<\/p>\n<p>Meus irm\u00e3os e eu comentamos \u2013 fica na mem\u00f3ria deles \u2013 que um dia Madre Maria seria elevada aos altares pela Igreja.<\/p>\n<p>Sr. Francisco Aige, sobrinho de M. Carmen Aige<\/p>\n<p>[\/et_pb_accordion_item][et_pb_accordion_item title=&#8221;A doen\u00e7a&#8221; _builder_version=&#8221;4.23.1&#8243; _module_preset=&#8221;default&#8221; hover_enabled=&#8221;0&#8243; sticky_enabled=&#8221;0&#8243;]<\/p>\n<p><strong>A AFASIA<\/strong><\/p>\n<p>Era a manh\u00e3 de 12 de mar\u00e7o de 1965: a Madre acordou sem conseguir falar. Em face de nossa preocupa\u00e7\u00e3o, ela tentou nos animar com seu sorriso. Ela foi diagnosticada com afasia e o neurologista disse que possivelmente tinha perdido alguns neur\u00f4nios. Ela teria que criar um novo centro de linguagem em seu c\u00e9rebro e isso era quase imposs\u00edvel. Isso nos entristeceu muito, mas os m\u00e9dicos n\u00e3o conheciam o temperamento da Madre. Ela estava ciente do que estava acontecendo e tentou se comunicar com a gente como estava. Quando cheg\u00e1vamos a entend\u00ea-la, comemorava com alegria.<\/p>\n<p>A recupera\u00e7\u00e3o deve ter sido um verdadeiro mart\u00edrio para ela, mas ela nunca se deixou levar pelo pessimismo. Os m\u00e9dicos ficaram surpresos com os resultados e o fonoaudi\u00f3logo ficou profundamente impressionado com a personalidade da Madre. \u201cEu nunca tive um paciente que conseguisse se recuperar desse jeito\u201d. O mais significativo em rela\u00e7\u00e3o a sua doen\u00e7a foi a sua tenacidade, vontade, trabalho e aceita\u00e7\u00e3o. Ela aceitou com alegria a doen\u00e7a, e pode-se at\u00e9 dizer que com senso de humor. Ela nos dizia que \u00e0s vezes Deus nos envia presentes, que aparentemente n\u00e3o s\u00e3o presentes, mas que sim s\u00e3o. Aqueles de n\u00f3s que tivemos a sorte de estar ao seu lado, tentando ajud\u00e1-la, sentimos sua gratid\u00e3o, ternura e carinho e a convic\u00e7\u00e3o de Deus era com ela.<\/p>\n<p><em>M. Concepci\u00f3n Sag\u00fcillo, CS<\/em><\/p>\n<p><em><\/em><\/p>\n<p><strong>Um LIPOMA de 5KG!<\/strong><\/p>\n<p>Fiquei impressionado com o qu\u00e3o silenciosamente ele sofria com o enorme caro\u00e7o que crescia em sua coxa esquerda. A M\u00e3e tinha um grande peda\u00e7o de gordura na coxa, que foi operado e foi ficando cada vez maior, mas ela nunca reclamou \u2013 e deve ter do\u00eddo bastante. Quando voc\u00ea perguntava a ele sobre isso, ele tocava e sorria.<\/p>\n<p>Myriam C\u00e2mara, arquiteta<\/p>\n<p>Outra vez, quando toquei no assunto do lipoma e do desconforto que ele deve causar, a Madre me respondeu: \u201cComo n\u00e3o sou muito penitente, Deus deixa isso comigo, para que eu tenha algo a oferecer\u201d.<\/p>\n<p>M. Amelia Lora-Tamayo, Superiora Geral da Companhia de Salvador<\/p>\n<p>&nbsp;<\/p>\n<p><strong>SEM PALAVRAS<\/strong><\/p>\n<p>Quero sublinhar a impress\u00e3o que me causou a \u00fanica vez que vi a Madre depois que ela teve a trombose. Foi na Escola Aravaca. Acho que n\u00e3o faz muito tempo que ele teve um grave acidente. Mas ele j\u00e1 levava uma vida normal e conversamos muito no corredor. M. Aige esteve presente. M. F\u00e9lix falou com not\u00e1vel dificuldade. As palavras nem sempre obedeciam ao que ela queria dizer. Pois bem, fiquei impressionado com a extraordin\u00e1ria serenidade que refletia o seu rosto e a sua forma de se expressar, sem pensar particularmente no que tinha acontecido. Quando nenhuma palavra lhe veio, sem se mostrar nem um pouco impaciente, com grande autocontrole, chegou a esbo\u00e7ar um sorriso sereno, reflexo da profunda paz de sua alma e uma express\u00e3o de que a cruz \u2013 muito pesada e com graves consequ\u00eancias para o seu apostolado \u2013 Foi totalmente aceito. Muitos anos se passaram desde esta visita e lembro-me dela como se fosse ontem. Tal foi a impress\u00e3o que a paz, o autocontrole, a for\u00e7a crist\u00e3, a total aceita\u00e7\u00e3o da vontade de Deus causaram em mim, que refletiu toda a atitude da M\u00e3e diante da dif\u00edcil prova\u00e7\u00e3o que atravessava.<\/p>\n<p>Cart\u00e3o Urbano Navarrete Cort\u00e9s, SJ<\/p>\n<p>[\/et_pb_accordion_item][et_pb_accordion_item title=&#8221;Religiosos da Companhia do Salvador&#8221; _builder_version=&#8221;4.23.1&#8243; _module_preset=&#8221;default&#8221; hover_enabled=&#8221;0&#8243; sticky_enabled=&#8221;0&#8243;]<\/p>\n<p><strong>CARIDADE FRATERNA: COLCH\u00d5ES E CORDAS<\/strong><\/p>\n<p>Ela nos exortou a ter muita caridade uma com a outra, ela dizia que dev\u00edamos ser como um colch\u00e3o que protegia frente \u00e0s coisas desagrad\u00e1veis que outros nos diziam. Se algu\u00e9m joga uma bola em um colch\u00e3o, n\u00e3o salta nem faz barulho, mas fica em sil\u00eancio e nada acontece \u2026 Tamb\u00e9m disse que dev\u00edamos ser como uma corda com tr\u00eas ramos, muito juntas, a corda com tr\u00eas ramos \u00e9 muito forte, e \u00e9 muito dif\u00edcil de quebrar. Que todos saibam, e especialmente as Nossas, que t\u00eam as costas bem cobertas conosco.<\/p>\n<p><em>M. Pilar Basallo, CS<\/em><\/p>\n<p><em><\/em><\/p>\n<p><strong>SUAS CORRE\u00c7\u00d5ES<\/strong><\/p>\n<p>Muitas das vezes em que nos corrigia por pequenas coisas, pedia-nos perd\u00e3o, porque lhe dava a impress\u00e3o de que estava sempre a incomodar-nos. Ele disse algo como: \u201cessa velha j\u00e1 est\u00e1 estragando tudo\u2026 Mas eu quero que voc\u00ea seja perfeito!\u201d<br \/>Certa vez, falando sobre isso, ela comentou que quando algu\u00e9m sa\u00eda chorando do consult\u00f3rio ela ficava chorando l\u00e1 dentro. Certamente deve ter sido dif\u00edcil para ele corrigir, mas ele n\u00e3o parou de faz\u00ea-lo se viu que a gl\u00f3ria de Deus assim o exigia.<\/p>\n<p>M. Pilar Lorente, CS<\/p>\n<p>&nbsp;<\/p>\n<p><strong>A P\u00c9ROLA DE MAIOR VALOR<\/strong><\/p>\n<p>Quando pedi para ingressar na Companhia, encontrei-me primeiro com o Sr. Aige, que me perguntou sobre a minha voca\u00e7\u00e3o e depois veio o Sr. F\u00e9lix. Entre as coisas que me contou, disse-me que a vida religiosa era como a p\u00e9rola valiosa que aquele comerciante encontrou. Quem deu tudo para consegui-lo. Existem p\u00e9rolas brancas que s\u00e3o lindas e de cor mais comum, mas havia outras p\u00e9rolas pretas, mais raras. Estes, pela sua escassez, n\u00e3o eram t\u00e3o comuns, mas tinham um grande valor, muito mais que os brancos. Assim, nos tempos da vida religiosa haveria p\u00e9rolas pretas e brancas. Parece-me que ele percebeu que eu n\u00e3o entendia muito bem o assunto e me disse: \u201cVou lhe fazer outra compara\u00e7\u00e3o. \u201cO petr\u00f3leo na Venezuela \u00e9 ouro negro, sua cor e outras caracter\u00edsticas n\u00e3o s\u00e3o atraentes, mas n\u00e3o podemos nos deixar levar apenas pela impress\u00e3o ou pelo desgosto\u201d. Ele enfatizou novamente para mim o significado dos momentos sombrios ou dif\u00edceis.<br \/>Pareceu-me naquela \u00e9poca que isso n\u00e3o era muito inspirador para algu\u00e9m que pedia para entrar na vida religiosa. Contudo, aprecio profundamente a sinceridade e a clareza das suas palavras, a sua honestidade e sobretudo por me ensinar a valorizar e oferecer o que humanamente pode custar mais como valioso aos olhos de Deus. Sempre me lembro de como as p\u00e9rolas negras e o \u00f3leo s\u00e3o gr\u00e1ficos e n\u00e3o posso deixar de sorrir ao concordar com ele.<\/p>\n<p>M. Emma Reyna, CS.<\/p>\n<p>&nbsp;<\/p>\n<p><strong>ELE QUERIA IR PARA O C\u00c9U PARA FAZER MAIS PELA EMPRESA<\/strong><\/p>\n<p>Depois da missa da meia-noite, no Natal de 2000, acompanhei-a; Estava muito frio e contei para ela, mas ela me respondeu: n\u00e3o, filha, mas se eu ficasse com frio e Deus me levasse, do c\u00e9u eu poderia fazer mais pela Companhia. Isso ficou na minha cabe\u00e7a desde que ele faleceu no m\u00eas seguinte e tamb\u00e9m porque considerei isso um sinal de grande humildade.<\/p>\n<p>Dona Elena Bigeriego, m\u00e3e de uma freira<\/p>\n<p>[\/et_pb_accordion_item][\/et_pb_accordion][et_pb_tabs _builder_version=&#8221;4.23.1&#8243; _module_preset=&#8221;eab9c4f8-6512-4325-9aa9-616f239cc977&#8243; global_colors_info=&#8221;%91%93&#8243;][et_pb_tab title=&#8221;Amor a Deus&#8221; _builder_version=&#8221;4.23.1&#8243; _module_preset=&#8221;baef46e7-81cc-46cc-8c41-03b4db9f0978&#8243; global_colors_info=&#8221;{}&#8221;]<\/p>\n<p><strong>EUCARISTA: O CENTRO DE SUA VIDA E SEU AMOR<\/strong><\/p>\n<p>Um detalhe que eu adorava era ver o seu profundo amor e gratid\u00e3o \u00e0 Eucaristia. Para ela ter um tabern\u00e1culo em casa era motivo de alegria e consolo. Sempre que passava pela porta da capela, cumprimentava o Senhor. E eu lembro que, quando eu a acompanhava no elevador, ela me fazia parar no t\u00e9rreo para olhar o Tabern\u00e1culo por alguns segundos atrav\u00e9s da porta de vidro, embora estivesse fechada. Verdadeiramente, como dizem nossas Constitui\u00e7\u00f5es, a Eucaristia foi \u201co centro de sua vida e seu amor\u201d.<\/p>\n<p><em>M. Cristina Parejo, CS<\/em><\/p>\n<p><em><\/em><\/p>\n<p><strong>UMA MULHER DE DEUS<\/strong><\/p>\n<p>Tive o privil\u00e9gio de lidar espiritualmente com Madre F\u00e9lix na sua maturidade durante muitos anos. E sempre tive a impress\u00e3o de me encontrar diante de uma pessoa de categoria superior, uma mulher extraordin\u00e1ria em sua mente, em sua grandeza de cora\u00e7\u00e3o, em sua vis\u00e3o das coisas, em sua eleva\u00e7\u00e3o de esp\u00edrito, em seu amor por Jesus Cristo e por Santo In\u00e1cio. , na sua dedica\u00e7\u00e3o ilimitada, na sua fidelidade a um carisma que lhe trouxe muitos enigmas e problemas, mas ao qual permaneceu fiel durante toda a sua vida, atrav\u00e9s de muitos sofrimentos e tamb\u00e9m de muitas alegrias que o Senhor lhe concedeu.<\/p>\n<p>Sendo uma mulher excepcional, acima de todas as suas qualidades humanas, conservo na minha mem\u00f3ria a imagem de uma pessoa dedicada a Deus: uma mulher de Deus. Era not\u00e1vel a sua simplicidade de esp\u00edrito, a sua bondade e a sua intimidade com o Senhor, o que muitas vezes o fazia irromper em l\u00e1grimas que lhe corriam pelo rosto ao falar do amor de Deus. O amor de Deus era o seu tema preferido; Ele se entregou ao amor e \u00e0 gl\u00f3ria de Deus desde a juventude com toda a sua alma.<\/p>\n<p>Padre Luis M.\u00aa Mendiz\u00e1bal Ostolaza, SJ<\/p>\n<p>&nbsp;<\/p>\n<p><strong>O AVENTAL<\/strong><\/p>\n<p>Quando fui procur\u00e1-la para descer \u00e0 missa, ela estava de avental e percebeu, olhou para mim e come\u00e7ou a tir\u00e1-lo, me dizendo: estou tirando porque \u00e9 meu Deus, mas eu poderia deixe ligado porque \u00e9 meu pai.<\/p>\n<p>M. Isabel Moreno de Barreda, CS<\/p>\n<p>&nbsp;<\/p>\n<p><strong>O NOVO: EM CRISTO<\/strong><\/p>\n<p>Lembro-me que, pouco depois de entrar, perguntei \u00e0 Madre se n\u00e3o se cansava da rotina de fazer sempre as mesmas coisas, pois vi que havia freiras que faziam o mesmo trabalho h\u00e1 muitos anos. Fiquei impressionado com a sua resposta: Bendita seja a rotina, que nos faz encontrar novidade em Cristo!<\/p>\n<p>M. Pilar Lorente, CS<\/p>\n<p>&nbsp;<\/p>\n<p><strong>A TOALHA DE MESA DE PENTECOSTES<\/strong><\/p>\n<p>Num dia de Pentecostes, quando eu era sacrist\u00e3o, perguntamos \u00e0 Superiora que toalha de mesa ir\u00edamos estender para a Missa e ela teve vontade de escolher a melhor, a de segunda categoria. M. F\u00e9lix, que estava ao lado dela, prestes a pegar o elevador, disse-lhe, apenas implorando gentilmente, por que n\u00e3o pegar o primeiro. A M\u00e3e duvidou e M\u00e3e F\u00e9lix come\u00e7ou a chorar dizendo M\u00e3e, Nosso Senhor vem e n\u00e3o vamos receb\u00ea-lo com o melhor! Obviamente, ela colocou a toalha de mesa na primeira aula e todos n\u00f3s quase come\u00e7amos a chorar de emo\u00e7\u00e3o quando a vimos. Durante o tempo que fui sacrist\u00e3o devo admitir que tinha medo da Madre, porque \u00e0s vezes eu mandava montar a capela numa festa, ela entrava&#8230; e era muito prov\u00e1vel que ela quisesse que ela usasse algo mais digno ou melhor para honrar ao Senhor. E, com esses argumentos, como n\u00e3o mudar tudo!<\/p>\n<p>M. Ana de Aizp\u00farua, CS<\/p>\n<p>[\/et_pb_tab][et_pb_tab title=&#8221;Amor aos demais&#8221; _builder_version=&#8221;4.23.1&#8243; _module_preset=&#8221;baef46e7-81cc-46cc-8c41-03b4db9f0978&#8243; global_colors_info=&#8221;{}&#8221;]<\/p>\n<p><strong>FALAVA SEMPRE APOIANDO<\/strong><\/p>\n<p>Uma caracter\u00edstica que chamou minha aten\u00e7\u00e3o foi que Madre Felix sempre tinha palavras de apoio. Acredito que \u00e9 caracter\u00edstico do olhar de miseric\u00f3rdia: voc\u00ea nunca se sente julgado ou corrigido; voc\u00ea nunca sente que est\u00e1 desagradando\u2026 Assim era a Madre Felix. E era assim particularmente com as meninas, com as jovens ela sempre falava animando, o que \u00e9 uma caracter\u00edstica do Esp\u00edrito Santo. Nunca havia nela manifesta\u00e7\u00e3o de corre\u00e7\u00e3o, aborrecimento ou julgamento interno. O que ela fazia era destacar a virtude contr\u00e1ria ao defeito que queria corrigir. Ela educava animando, e corrigia animando, e ensinava animando. Quando ocorriam essas coisas, eu sempre pensava que o Esp\u00edrito Santo consola, e isso me ajudou muito a entender o Esp\u00edrito Santo como Animador e Consolador.<\/p>\n<p><em>D. Antonio Cano de Santayana Ortega, Presb\u00edtero<\/em><\/p>\n<p><em><\/em><\/p>\n<p><strong>AMAR COM AS FAM\u00cdLIAS<\/strong><\/p>\n<p>Lembro-me que muitas vezes, quando \u00edamos a Rosalar, Madre Mar\u00eda F\u00e9lix sa\u00eda para nos cumprimentar e passava algum tempo conversando conosco. De todos esses tempos guardo v\u00e1rias coisas na mem\u00f3ria:<\/p>\n<p>1\u00ba Ele nunca tinha pressa em terminar a conversa, mesmo que a campainha tocasse, ele continuava como se o que estava fazendo fosse a coisa mais importante que tinha que fazer naquele momento.<br \/>2\u00ba Ele sempre nos ouviu e nos atendeu como se f\u00f4ssemos as pessoas mais importantes do mundo e aquelas que poderiam lhe dar mais e melhor informa\u00e7\u00e3o sobre o assunto abordado, sempre prestando total aten\u00e7\u00e3o e nunca nos interrompendo.<br \/>3\u00ba Na hora de ir embora n\u00e3o tinha como nos despedir dela dentro do Rosalar, por mais que ped\u00edamos, ela sempre fazia quest\u00e3o de nos acompanhar at\u00e9 a porta, e por mais frio que estivesse, e sem mais roupa do que ela tinha dentro de casa, sa\u00ed e esperei at\u00e9 ligarmos o carro e come\u00e7armos a nos separar do Rosalar. O que pessoalmente me incomodou bastante, pois pensei que ia esfriar.<br \/>4\u00ba Como se deduz dos pontos anteriores, era uma pessoa de tratamento e delicadeza requintados, nada normais hoje em dia.<\/p>\n<p>D. Fernando Vez Sixte, pai de freira<\/p>\n<p>&nbsp;<\/p>\n<p><strong>SUA PREOCUPA\u00c7\u00c3O, OUTROS: N\u00c3O TE SOFRE<\/strong><\/p>\n<p>\u00c0s vezes, as coisas relacionadas a servi\u00e7os e fornecedores em geral n\u00e3o aconteciam t\u00e3o rapidamente e da maneira que todos desej\u00e1vamos. Madre F\u00e9lix, que sempre esteve atenta ao que se passava, nos 11 anos que a conheci, nunca pareceu chateada com nada, minimizou tudo, porque disse que n\u00e3o era isso que importava, que havia solu\u00e7\u00e3o, que no dia seguinte o outro arrumava, e sempre, sempre, sempre&#8230; ele repetia para mim a mesma frase, possivelmente a frase que eu mais ouvia ele dizer: \u201cn\u00e3o sofra\u201d.<\/p>\n<p>Sr. Pedro Mesa, Engenheiro T\u00e9cnico Industrial, respons\u00e1vel pela manuten\u00e7\u00e3o das instala\u00e7\u00f5es de Rosalar.<\/p>\n<p>&nbsp;<\/p>\n<p><strong>UM AMOR QUE LEVA A DEUS: \u201cSEJA SANTO\u201d<\/strong><\/p>\n<p>Levo-o no meu brevi\u00e1rio. Esta \u00e9 uma fotografia da imagem do Cora\u00e7\u00e3o de Jesus em mosaico que adorna a entrada da Casa M\u00e3e dos Religiosos da Companhia do Salvador em Rosalar (Madri). Era 9 de setembro de 1989, apenas dois meses depois da minha ordena\u00e7\u00e3o sacerdotal, e Madre F\u00e9lix me deu este simples presente. Eu, imaginando o que significaria no futuro ter algo \u201cpessoal\u201d desta santa mulher, pedi-lhe que assinasse para mim. Ela n\u00e3o escreveu seu nome, mas substituiu sua assinatura pelo que considero ser o lema de toda a sua vida. Ele escreveu: \u201cSeja santo\u201d. Essa foi a sua assinatura. Guardo-o como uma verdadeira rel\u00edquia; A sua mensagem j\u00e1 n\u00e3o \u00e9 apenas um conselho espiritual de algu\u00e9m que te conhece, te ama e quer o melhor para ti, mas tornou-se para mim o testamento espiritual que Madre F\u00e9lix deixou a muitos de n\u00f3s. Quando recebi a not\u00edcia da sua morte, abri o meu brevi\u00e1rio e l\u00e1 \u201cestava\u201d. \u201cSeja santo\u201d, li novamente, e a tristeza da not\u00edcia tornou-se fonte de alegria interior ao lembrar como era a vida desta humilde freira\u2026 um convite constante \u00e0 santidade. E comecei a rezar&#8230; Curiosamente, e digo curiosamente porque eu mesmo fiquei surpreso com isso, instintivamente comecei a rezar para ela. Desde ent\u00e3o, pedi muitas coisas a Deus Pai atrav\u00e9s dela e continuo a faz\u00ea-lo no meio das tarefas quotidianas da minha vida sacerdotal. E sinto que a sua intercess\u00e3o \u00e9 poderosa e eficaz&#8230; mas tamb\u00e9m discreta, sem estrid\u00eancia, sem ser notada&#8230; como foi a sua vida aqui na terra.<\/p>\n<p>Sr. Jos\u00e9 Miguel Gonz\u00e1lez Mart\u00edn, pbro.<\/p>\n<p>&nbsp;<\/p>\n<p><strong>O M\u00c9RITO DAS CAMADAS<\/strong><\/p>\n<p>Conheci Madre F\u00e9lix em 1949, quando, aos 10 anos, ingressei na rec\u00e9m-inaugurada Escola Mater Salvatoris, em L\u00e9rida. O tratamento com ela, embora descont\u00ednuo, continuou at\u00e9 sua morte. Lembro-me dela como uma pessoa extremamente inteligente, serena e equilibrada, al\u00e9m de intensamente gentil. O tratamento que pude desfrutar com ela me ajudou na minha vida pessoal; O simples fato de visit\u00e1-lo me encheu de alegria e me deu esperan\u00e7a. Achei extremamente compreensivo da sua parte que sempre aludisse ao m\u00e9rito dos leigos em seguir em frente, em manter uma fam\u00edlia, em ser honestos. Sua serenidade e alegria de viver sempre me chamaram a aten\u00e7\u00e3o. Quando \u00e0s vezes lhe perguntava como era poss\u00edvel tal otimismo, ela respondia que a vida de freira era muito simples, mais do que a vida secular, que a ora\u00e7\u00e3o a confortava e que deixava nas m\u00e3os de Deus quest\u00f5es que mais tarde seriam resolvidas. Ele deu import\u00e2ncia vital \u00e0 ora\u00e7\u00e3o.<\/p>\n<p>Sra. Beatriz Camino Germ\u00e1, ex-aluna do Col\u00e9gio de L\u00e9rida<\/p>\n<p>&nbsp;<\/p>\n<p><strong>TUDO O MEU \u00c9 SEU<\/strong><\/p>\n<p>A generosidade da m\u00e3e e o pouco apego \u00e0s coisas materiais sempre me agradaram nela. Lembro que uma vez a casa dos meus pais foi assaltada e tivemos que ficar na escola at\u00e9 muito tarde. As m\u00e3es prepararam lanche e jantar para n\u00f3s. Fiquei muito preocupado porque era o mais velho e n\u00e3o sabia onde eu e meus tr\u00eas irm\u00e3os dormir\u00edamos. Finalmente, para<\/p>\n<p>[\/et_pb_tab][et_pb_tab title=&#8221;Las almas&#8221; _builder_version=&#8221;4.23.1&#8243; _module_preset=&#8221;baef46e7-81cc-46cc-8c41-03b4db9f0978&#8243; global_colors_info=&#8221;{}&#8221;]<\/p>\n<p><strong>AP\u00d3STOLOS, FAZENDO O QUE FOR PRECISO<\/strong><\/p>\n<p>Seu zelo pelo apostolado nos foi constantemente transmitido e ela sempre aproveitou o momento presente para fazer o bem. Em Cirajas (Valladolid) havia uma pequena col\u00f4nia de trabalhadores que estavam a cargo das terras dos jesu\u00edtas. L\u00e1 ela nos enviou, \u00e9ramos duas novi\u00e7as, para dar o Catecismo e, de passagem, ensinar-lhes algo de corte e confec\u00e7\u00e3o e assist\u00eancia infantil \u00e0s mulheres. O importante era ajud\u00e1-los e atend\u00ea-los no que precisassem e, acima de tudo, que algu\u00e9m lhes falasse sobre Deus. Eu acho que foi durante esse tempo que ela nos fez entender o qu\u00e3o importante s\u00e3o os que temos ao nosso lado, as pessoas que temos ao nosso redor, e que nosso apostolado est\u00e1 aonde Deus nos colocou, fazendo o que for preciso.<\/p>\n<p><em>M. Concepci\u00f3n Sag\u00fcillo, CS<\/em><\/p>\n<p><em><\/em><\/p>\n<p><strong>O QUE EU QUERO \u00c9 SALVAR TODOS<\/strong><\/p>\n<p>Ele ficou profundamente feliz por conhecer os frutos dos apostolados da Sociedade. Muitas vezes os seus olhos encheram-se de l\u00e1grimas: \u201c\u00e9 que a n\u00f3s, velhos, s\u00f3 nos resta o cora\u00e7\u00e3o&#8230;\u201d As ofensas que Deus nosso Senhor sofreu fizeram-no sofrer indescritivelmente. Acredito que um dos seus maiores sofrimentos nos \u00faltimos anos foi ver que os jovens se afastavam de Deus para se lan\u00e7arem inconscientemente numa vida de pecado. Conversei muitas vezes com ela sobre esse assunto e ela me disse que a caracter\u00edstica de uma filha da Companhia era preocupar-se com o que o Cora\u00e7\u00e3o do Salvador estava vivendo: anseios redentores&#8230; Ela transmitia isso at\u00e9 em piadas.<\/p>\n<p>Conhecida \u00e9 a \u00e9poca em que, ao saber que muitas meninas da escola come\u00e7avam a se perder numa vida de impureza devido \u00e0s noitadas em ambientes ruins, ele insinuou, em tom de brincadeira e com sinceridade, que dever\u00edamos abrir uma boate para que os jovens as pessoas poderiam se divertir de forma saud\u00e1vel. , \u201cporque os jovens precisam se divertir\u201d. Quando, \u00e0s gargalhadas, tentamos faz\u00ea-la ver que sua ideia era um pouco bizarra, de repente ela ficou s\u00e9ria e com l\u00e1grimas nos olhos nos disse: \u201cO que eu quero \u00e9 salvar todos eles, e se \u00e9 isso que leva Precisamos abrir boates, ent\u00e3o n\u00f3s as abrimos\u2026\u201d<\/p>\n<p>M. Cristina Parejo, CS<\/p>\n<p>&nbsp;<\/p>\n<p><strong>DA TRASEIRA<\/strong><\/p>\n<p>Quando \u00edamos passear com as meninas da Escola sempre pass\u00e1vamos na sala dela para nos despedirmos e ouvir seus conselhos. Ele nos perguntou quantas meninas havia, que idades, como eram&#8230;, e ent\u00e3o nos disse que ia rezar para que f\u00f4ssemos a transpar\u00eancia de Deus, que as meninas vissem Jesus Cristo em n\u00f3s e que n\u00f3s teria muita paci\u00eancia com elas, porque s\u00e3o! meninas! Quando voltamos, ela tamb\u00e9m gostou quando fomos contar como as coisas tinham acontecido e ela gostou muito de ouvir como as meninas conheceram Deus.<br \/>M. Marta Tiagonce, CS<\/p>\n<p>&nbsp;<\/p>\n<p><strong>VOCA\u00c7\u00d5ES: PARA DEUS<\/strong><\/p>\n<p>Em diversas ocasi\u00f5es falei com ela sobre meninas que tinham sinais de voca\u00e7\u00e3o, ou que j\u00e1 se encaminhavam para a voca\u00e7\u00e3o de consagra\u00e7\u00e3o especial ao Senhor. Seu interesse priorit\u00e1rio nunca foi que elas ingressassem na Companhia do Salvador, mas sim o bem das meninas, ajudando-as a conhecer e amar Jesus Cristo. Portanto, n\u00e3o era um olhar interessado, mas sim um olhar de ap\u00f3stolo. E isso sempre. Essas coisas que falei n\u00e3o \u00e9 que uma vez ela se manifestou assim, mas que ela sempre foi assim, de forma natural, como h\u00e1bitos adquiridos. Dava para perceber que ele viveu isso espontaneamente e sem ter que se for\u00e7ar. Nunca notei nada for\u00e7ado nela; Tudo foi natural, adquirido, toda uma vida que a levou a ser assim.<\/p>\n<p>D. Antonio Cano de Santayana Ortega, pbro.<\/p>\n<p>[\/et_pb_tab][et_pb_tab title=&#8221;Confianza en Dios&#8221; _builder_version=&#8221;4.23.1&#8243; _module_preset=&#8221;default&#8221; global_colors_info=&#8221;{}&#8221;]<\/p>\n<p><strong>SE FOR OBRA DE DEUS, ELE DAR\u00c1 OS MEDIOS<\/strong><\/p>\n<p>Eu sempre vi na Madre uma pessoa muito inteligente, serena, transparente, comunicativa e educada, com uma espiritualidade muito profunda, mas extremamente simples. Ela sempre falava sobre a Companhia do Salvador, sobre suas afinidades, projetos, dificuldades, etc. com uma objetividade absoluta, como se fosse uma obra que n\u00e3o a tocara diretamente. Ao falar de seus projetos futuros, especialmente das escolas, ela manifestava uma confian\u00e7a absoluta, posso at\u00e9 dizer seguran\u00e7a, de que os recursos \u2013 que n\u00e3o existiam no momento \u2013 n\u00e3o faltariam quando realmente fossem necess\u00e1rios. E ela falava disso sem qualquer alarde providencialista, mas como se fosse a coisa mais natural do mundo. Seu jeito de falar costumava expressar essa id\u00e9ia: se realmente for obra de Deus, Ele dar\u00e1 os meios para realiz\u00e1-la.<\/p>\n<p><em>Cardeal Urbano Navarrete Cort\u00e9s, SJ<\/em><\/p>\n<p><em><\/em><\/p>\n<p><strong>\u00abVOC\u00ca VER\u00c1 QUANTOS ALUNOS V\u00caM!\u00bb<\/strong><\/p>\n<p>Em 1957 foi fundada a Escola Mater Salvatoris de Caracas (Venezuela), primeira institui\u00e7\u00e3o da Companhia do Salvador em terras americanas. M. F\u00e9lix, como Superiora Geral, incentivou e acompanhou com a sua presen\u00e7a os primeiros passos do Col\u00e9gio.<\/p>\n<p>Assim que o barco chegou come\u00e7amos a preparar o percurso. M. Aige e eu distribu\u00edmos propaganda pelos chal\u00e9s do empreendimento. O nome da Escola era: \u201cEscola Infantil Mater Salvatoris\u201d. As primeiras visitas come\u00e7aram. A M\u00e3e, com a simpatia que a caracterizava, falava de tudo at\u00e9 que a senhora perguntou o pre\u00e7o; Imediatamente a Madre disse: \u201cOlha, como \u00e9 uma das primeiras inscri\u00e7\u00f5es, a menina ser\u00e1 convidada de honra\u201d. Aqueles de n\u00f3s que ouvimos como ele convenceu a senhora a aceitar a oferta ficaram surpresos e o Sr. Aige com seu senso pr\u00e1tico disse \u00e0 Madre: \u201cMas como vamos viver se os estudantes n\u00e3o pagam?\u201d e a M\u00e3e, como uma menina safada, respondeu: \u201cVoc\u00ea vai ver quantos alunos vir\u00e3o\u201d\u2026 E risos e sem estresse. M. Aige resignou-se e confiou que a M\u00e3e era profetisa, como ela era. Terminamos aquele primeiro curso com 25 alunos e tivemos que procurar uma casa nova, algo maior. Acab\u00e1mos por ter mais de uma centena de alunos e assim foram aumentando at\u00e9 passarmos para a Quinta Gladys, que foi pioneira em novas villas: Sacromonte, Lola, Bellita&#8230; que formou uma pequena col\u00f3nia \u00e0 sua volta, com o jardim Gladys em o centro.<\/p>\n<p>M. Concepci\u00f3n Saguillo, CS<\/p>\n<p>&nbsp;<\/p>\n<p><strong>SANTOS COXOS, MAS APOIADOS EM CRISTO<\/strong><\/p>\n<p>A M\u00e3e confiou em Deus tamb\u00e9m espiritualmente. Ele sabia fazer compara\u00e7\u00f5es ao falar da vida espiritual e fazia muito isso. Falando em defeito, ela disse que era como ser coxo e que, claro, ningu\u00e9m gosta de ser coxo, mas n\u00e3o precisamos querer ser santos lindos e perfeitos sem defeitos, temos que aceitar que somos coxos . E, sendo manco, isso nos faz cair de vez em quando. Ent\u00e3o, a solu\u00e7\u00e3o \u00e9 uma boa muleta na qual nos apoiamos para n\u00e3o cair. Essa muleta \u00e9 Jesus. Devemos sempre ser apoiados por Jesus Cristo.<\/p>\n<p>M. Pilar Lorente, CS<\/p>\n<p>[\/et_pb_tab][et_pb_tab title=&#8221;Humildad&#8221; _builder_version=&#8221;4.23.1&#8243; _module_preset=&#8221;default&#8221; global_colors_info=&#8221;{}&#8221;]<\/p>\n<p><strong>ELA N\u00c3O QUIS A REELEI\u00c7\u00c3O: EU SOU O CARTEIRO<\/strong><\/p>\n<p>Apesar de ter grandes disposi\u00e7\u00f5es para liderar a Companhia e saber que muitos estavam dispostos a inscrev\u00ea-la no Cap\u00edtulo Geral de 1971, no qual tinha tudo a seu favor, como a Fundadora, ela fez tudo o poss\u00edvel para que n\u00e3o a apresentassem como candidata. Ap\u00f3s as elei\u00e7\u00f5es e at\u00e9 o ano de sua morte, trinta anos depois, destacou-se pela obedi\u00eancia e a defer\u00eancia as duas Superioras Gerais que a sucederam, uma das quais era um ex-aluna do Col\u00e9gio de Madri, e que conheceu a Madre Felix quando era menina e tinha apenas dez anos. Ela sempre evitou toda notoriedade e, quando era apresentada como Fundadora da Companhia, costumava dizer: \u201cEu sou como o carteiro que entrega uma carta, e qual \u00e9 a import\u00e2ncia do carteiro?<\/p>\n<p><em>M. Mar\u00eda Cruz Vaquero, CS<\/em><\/p>\n<p><em><\/em><\/p>\n<p><strong>VAMOS VER SE APRENDO<\/strong><\/p>\n<p>Sempre fiquei impressionado com sua humildade, que nada tinha a ver com encolhimento. Pela primeira vez tive a oportunidade de conviver com uma pessoa cheia de qualidades humanas e que, no entanto, tinha muita consci\u00eancia da sua pr\u00f3pria mis\u00e9ria diante de Deus. Muitas vezes contou a anedota do livro de Beaudenom, Forma\u00e7\u00e3o na Humildade: como o seu diretor espiritual lhe recomendou, e quando foi devolv\u00ea-lo, dizendo-lhe que tinha gostado muito, aquele padre disse-lhe para come\u00e7ar a ler de novo, porque ele n\u00e3o conseguia, ela n\u00e3o tinha aprendido nada: n\u00e3o se tratava de ler, mas de viver&#8230; Uma vez perguntei \u00e0 Madre se, aos 93 anos, ela j\u00e1 havia aprendido o que era humildade. \u201cS\u00f3 um pouquinho\u201d, ele respondeu, com um sorriso. Mas ainda leio aquele livrinho de vez em quando, para ver se aprendo um pouco&#8230; Acho que \u00e9 por isso que estou com oitenta anos, porque demoro muito para aprender.\u201d A\u00ed eu ri: \u201cM\u00e3e, ele j\u00e1 tem noventa!\u201d &#8220;Muitos? Imagine, minha filha, que sou mais desajeitado do que pensava&#8230;&#8221;<\/p>\n<p>M. Cristina Parejo, CS<\/p>\n<p>&nbsp;<\/p>\n<p><strong>\u00abN\u00c3O QUEREMOS VER ISSO FALANDO\u00bb<\/strong><\/p>\n<p>No dia 7 de mar\u00e7o de 1995 recebi uma carta do Diretor do Dizionario degli Instituti di Perfezione, publicado pela Edizioni Paoline (Roma, 1985). Enviei uma breve mensagem do fundador da Companhia do Salvador, para uma nova edi\u00e7\u00e3o da obra, para que pud\u00e9ssemos devolver a prova devidamente corrigida e atualizada. Quando mostrei a carta ao Sr. F\u00e9lix, ela manifestou visivelmente o seu desagrado; Era a sua rea\u00e7\u00e3o habitual sempre que algu\u00e9m pensava em mencionar o seu papel como fundadora. Pouco depois, ela me trouxe uma resposta escrita por ela mesma. Assinei, s\u00f3 para n\u00e3o aborrec\u00ea-la: \u201cNada pode ser publicado sobre esta fundadora porque ela ainda est\u00e1 viva e n\u00e3o gostamos de ver ningu\u00e9m falando dela\u201d. Como esperado, e para nossa grande alegria, as suas objec\u00e7\u00f5es foram ignoradas em Roma.<\/p>\n<p>M. Am\u00e9lia Lora-Tamayo, CS<\/p>\n<p>&nbsp;<\/p>\n<p><strong>DEUS A FEZ PEQUENA E HUMILDE<\/strong><\/p>\n<p>A impress\u00e3o que Rosalar e a Companhia del Salvador causaram em mim foi extraordin\u00e1ria. Ali se respira uma atmosfera de f\u00e9, de esperan\u00e7a, de ora\u00e7\u00e3o, de ardor apost\u00f3lico, de amor \u00e0 Igreja&#8230; que me parecia sem precedentes. A gratid\u00e3o e a estima que tenho pela Madre F\u00e9lix come\u00e7aram com aquele primeiro encontro. A quem a Igreja deve tudo isto?, perguntei-me. Uma das freiras explicou-me a trajet\u00f3ria de Madre F\u00e9lix, a sua venera\u00e7\u00e3o por Santo In\u00e1cio e o seu desejo de imita\u00e7\u00e3o. Imaginei-a ent\u00e3o como uma mulher excepcional, com actividade fren\u00e9tica e lideran\u00e7a humana, uma \u201cconquistadora\u201d de vontades, ao estilo de Joana D&#8217;Arc&#8230; mas a Madre F\u00e9lix que conheci mais tarde estava longe de ser tudo isso. vezes que visitei o Rosalar, a Madre F\u00e9lix veio ao nosso encontro para nos cumprimentar com admir\u00e1vel humildade. Tomou as m\u00e3os dos sacerdotes e, com um respeito cheio de venera\u00e7\u00e3o, mostrou interesse pelas ocupa\u00e7\u00f5es apost\u00f3licas destes sacerdotes, sem parar para falar das suas pr\u00f3prias ocupa\u00e7\u00f5es e preocupa\u00e7\u00f5es. Este primeiro aspecto da sua personalidade chamou-me a aten\u00e7\u00e3o: era uma freira que o Senhor tornou pequena e humilde. Era muito delicada no tratamento e extremamente discreta: n\u00e3o chegava primeiro, nem necessariamente a \u00faltima, aparecia num corredor, era recebida com mod\u00e9stia e carinho cordial, n\u00e3o se esbanjava com longas despedidas, e sempre sorria para todos.<\/p>\n<p>D. Manuel Vargas, Cano de Santayana, pbro.<\/p>\n<p>[\/et_pb_tab][et_pb_tab title=&#8221;La Iglesia&#8221; _builder_version=&#8221;4.23.1&#8243; _module_preset=&#8221;default&#8221; global_colors_info=&#8221;{}&#8221;]<\/p>\n<p><strong>AMOR AO PAPA<\/strong><\/p>\n<p>Uma \u201cfraqueza\u201d? Seu amor ao Papa. Lembro-me como se fosse hoje sua \u00faltima visita a Roma e o momento em que recebeu a comunh\u00e3o do Santo Padre em junho de 2000, imortalizado na fotografia que todos conhecemos. Eu sou um testemunho pessoal das d\u00favidas que invadiram seu nobre esp\u00edrito nos dias anteriores a esse momento. \u201cEu n\u00e3o sou digna\u201d, ela sussurrava quase obsessivamente com seus olhos avermelhados e seu rosto um tanto contrariado. No final, o \u00fanico argumento que conseguimos exercer os que a rode\u00e1vamos foi o da obedi\u00eancia. Eu me lembro de que disse algo como \u201cest\u00e1 tudo bem \u2026 Eu irei em obedi\u00eancia \u00e0 minha Superiora\u201d. Sua fidelidade \u00e0 vontade de Deus Pai foi encarnada em obedi\u00eancia \u00e0 hierarquia e ao Magist\u00e9rio da Igreja. Eu tamb\u00e9m lembro-me de ser surpreendido pela rapidez e profundidade com que lia todas as enc\u00edclicas, exorta\u00e7\u00f5es, cartas, discurso ou interven\u00e7\u00f5es do Santo Padre.<\/p>\n<p><em>D. Jos\u00e9 Miguel Gonz\u00e1lez Mart\u00edn, Presb\u00edtero.<\/em><\/p>\n<p><em><\/em><\/p>\n<p><strong>SANTO, SANTO, SANTO, SANTO<\/strong><\/p>\n<p>Conheci Madre F\u00e9lix, ainda seminarista, quando fui a uma celebra\u00e7\u00e3o de missa. Eu estava cumprimentando as freiras quando o elevador se abriu e Madre F\u00e9lix apareceu acompanhada de outras. Eles me apresentaram dizendo que eu era um futuro padre. Assim que ouviu isso, ele agarrou minha m\u00e3o com for\u00e7a e com a outra deu um tapinha firme na minha enquanto repetia uma \u00fanica palavra: \u201cSanto, santo, santo, santo!\u201d Ele disse isso algumas vezes e acabou beijando minha m\u00e3o. Fiquei t\u00e3o chocado que n\u00e3o soube como reagir e ela continuou cumprimentando outras pessoas. Essa imagem ficou profundamente gravada na minha mem\u00f3ria, pois fiquei impressionado com o equil\u00edbrio, a convic\u00e7\u00e3o e a urg\u00eancia das suas palavras. Ele deu a entender que todo o resto era dispens\u00e1vel e que a \u00fanica coisa importante num sacerdote de Jesus Cristo era a santidade da vida. Algo que ela irradiava com sua presen\u00e7a.<\/p>\n<p>D. Javier Siegrist Ridruejo, pbro.<\/p>\n<p>&nbsp;<\/p>\n<p><strong>ALEGRIA PELA CONFIRMA\u00c7\u00c3O DA IGREJA<\/strong><\/p>\n<p>Em junho de 2000 fui convidado a ministrar um minicurso de eclesiologia aos religiosos em per\u00edodo de forma\u00e7\u00e3o: postulantes, novi\u00e7os, juniores. Como mais uma, quase como um Santo In\u00e1cio com seus trinta anos aprendendo latim, mas ela alguns anos mais velha, a Madre tamb\u00e9m me apareceu sentada a uma escrivaninha, sempre ansiosa por aprender. Quando a certa altura falei da infalibilidade pontif\u00edcia aludi ao facto, por vezes pouco conhecido, de que esta n\u00e3o se exerce apenas na proclama\u00e7\u00e3o solene de um dogma de f\u00e9. H\u00e1 tamb\u00e9m outras ocasi\u00f5es, acrescentei, como canoniza\u00e7\u00f5es ou aprova\u00e7\u00f5es de Constitui\u00e7\u00f5es de Congrega\u00e7\u00f5es religiosas em que esta prerrogativa \u00e9 posta em pr\u00e1tica. Isso trouxe grande conforto para Madre F\u00e9lix. N\u00e3o foi ela, mas o julgamento da Igreja, que garantiu que as Constitui\u00e7\u00f5es fossem um caminho cuja vida fiel conduzia a garantir a santidade. E a Igreja Matriz selou com a sua autoridade o itiner\u00e1rio at\u00e9 ent\u00e3o realizado.<\/p>\n<p>D. Pablo Cervera Barranco, pbro.<\/p>\n<p>&nbsp;<\/p>\n<p><strong>AMOR AOS SACERDOTES<\/strong><\/p>\n<p>Depois da minha ordena\u00e7\u00e3o sacerdotal, fui um dia celebrar a Santa Missa no Rosalar. Eu tinha muito a agradecer a Deus e tamb\u00e9m queria agradecer \u00e0s M\u00e3es da Companhia pelas ora\u00e7\u00f5es e aten\u00e7\u00e3o durante os anos de Semin\u00e1rio. Dessa vez eu estava de batina. Embora eu estivesse com muita vergonha de aparecer assim, fiquei t\u00e3o animado! Era o dia de Santo Estanislau de Kostka. Como em ocasi\u00f5es anteriores, Madre F\u00e9lix veio nos receber na sala Rosalar. Ele nos viu, e parece que me lembro que ficou visivelmente emocionado&#8230; Embora eu estivesse de batina e tivesse sido ordenado, era o mesmo jovem de algumas semanas atr\u00e1s (foi o que pensei). Mas ela pegou minhas m\u00e3os e as beijou com um amor e uma f\u00e9 que eram \u00f3bvios para todos. Isso me comoveu: n\u00e3o me lembro de ter visto tanta f\u00e9 no sacerd\u00f3cio de Jesus Cristo como a de Madre F\u00e9lix. Embora me tenha sentido muito amado por ela (n\u00e3o sei explicar muito bem porqu\u00ea), aquele gesto n\u00e3o foi apenas de afecto pessoal: foi amor \u00e0 Igreja e aos seus ministros, foi reconhecer humildemente Cristo sacerdote sob aquela pobre apar\u00eancia.<\/p>\n<p>D. Manuel Vargas Cano de Santayana, pbro.<\/p>\n<p>[\/et_pb_tab][et_pb_tab title=&#8221;San Ignacio&#8221; _builder_version=&#8221;4.23.1&#8243; _module_preset=&#8221;default&#8221; global_colors_info=&#8221;{}&#8221;]<\/p>\n<p><strong>PARA ELA ACIMA DE TUDO: SANTO IN\u00c1CIO<\/strong><\/p>\n<p>Quanto amor a Madre teve por Santo In\u00e1cio! Muitas vezes, explicando coisas espirituais, ela mencionava Santo In\u00e1cio para aprender com ele, e era divertido como ela falava: ao nome\u00e1-lo, por pura devo\u00e7\u00e3o, ela colocava mais \u00eanfase no \u201cSanto\u201d do que no \u201cIn\u00e1cio\u201d. Tampouco sofria com paci\u00eancia ao lembrar-se dos dias de juventude do Santo, nos que ele pr\u00f3prio confessou haver sido \u201cum soldado despeda\u00e7ado e vaidoso\u201d. A um capel\u00e3o do col\u00e9gio que a lembrou brincando, nem quis ouvi-lo falar sobre isso e, seguindo a piada, o amea\u00e7ou com a bengala. Para ela, era principalmente SANTO In\u00e1cio.<\/p>\n<p><em>M. Pilar Lorente, CS<\/em><\/p>\n<p><em><\/em><\/p>\n<p><strong>PEDIU SUA B\u00caN\u00c7\u00c3O<\/strong><\/p>\n<p>\u00c0s vezes, ao passar diante da imagem de Santo In\u00e1cio, olhava para ela e persignava-se; Um dia ele me contou que pediu sua b\u00ean\u00e7\u00e3o quando passei na frente dele.<\/p>\n<p>M. Paula Mart\u00ednez, CS<\/p>\n<p>[\/et_pb_tab][et_pb_tab title=&#8221;\u00bfC\u00f3mo era?&#8221; _builder_version=&#8221;4.23.1&#8243; _module_preset=&#8221;default&#8221; global_colors_info=&#8221;{}&#8221;]<\/p>\n<p><strong>DECIDIDA: OS PINTINHOS<\/strong><\/p>\n<p>No m\u00eas de maio de 1951, o noviciado de Barcelona mudou-se para Madri. N\u00f3s fizemos a viagem de trem com a Madre Felix e Aige. Est\u00e1vamos viajando em segunda classe, e ocup\u00e1vamos todo um vag\u00e3o do trem. N\u00f3s levamos alguns pintinhos que as Madres haviam comprado para que tiv\u00e9ssemos um pequeno galinheiro na nossa casa em Madri. Os pintinhos estavam em uma grande caixa de papel\u00e3o. A Madre Felix queria aliment\u00e1-los, colocou um avental e os pintinhos em cima de sua saia. Quando ela estava naquela posi\u00e7\u00e3o bateu na porta o revisor do trem. Quando ele entrou, a Madre dobrou a ponta do avental sobre os pintinhos, cobrindo-os. Era permitido ou n\u00e3o levar pintos na segunda classe? N\u00e3o sabemos! O fato \u00e9 que o revisor parecia muito surpreso com a saia da Madre porque \u201cela estava se mexendo\u201d, embora os pintinhos n\u00e3o fizessem nenhum barulho. Ele n\u00e3o disse nada, mas quando saiu, a gargalhada foi geral, e a primeira em rir foi a Madre.<\/p>\n<p><em>M. Pilar Basallo, CS<\/em><\/p>\n<p><em><\/em><\/p>\n<p><strong>GENEROSO AO EXAGERO<\/strong><\/p>\n<p>\u00c9 verdade que ela era espl\u00eandida ao extremo. Lembro que um dos carteiros, sempre que batia na porta, pedia \u201caquela freira mais velha e simp\u00e1tica\u201d, sabendo que v\u00ea-la significava uma gorjeta incr\u00edvel. A alguns pedreiros que vieram, s\u00f3 para pregar um prego na parede, ele deu vinte e cinco mil pesetas cada! E Madre Lora tentava cont\u00ea-la&#8230; \u201cO que voc\u00ea quiser, filha, mam\u00e3e. Mas nunca nos faltou o que dar, e a Empresa ter\u00e1 um mau desempenho se procurar a sua pr\u00f3pria seguran\u00e7a antes das necessidades dos outros. Pass\u00e1mos por momentos dif\u00edceis e dificuldades econ\u00f3micas, mas nunca nos faltou doar\u2026\u201d<\/p>\n<p>Depois de uma de suas opera\u00e7\u00f5es, convidou todos os m\u00e9dicos e enfermeiros da Cl\u00ednica Puerta de Hierro para virem fazer um lanche em casa e agradecer a aten\u00e7\u00e3o.<\/p>\n<p>M. Cristina Parejo, CS<\/p>\n<p>&nbsp;<\/p>\n<p><strong>ELE SEMPRE ME TRAZEU ALGO NOVO<\/strong><\/p>\n<p>Nos cerca de 15 anos que desfrutei de sua amizade, como tantos outros, sempre considerei Madre F\u00e9lix como algu\u00e9m que sempre me trazia algo novo. As suas palavras simples e inteligentes nunca me deixaram indiferente. Seus s\u00e1bios conselhos, suas ousadas intui\u00e7\u00f5es revelaram a profunda vida espiritual desta mulher. E quando digo vida espiritual estou dizendo uni\u00e3o com Cristo. Fazer a vontade do Pai era a sua obsess\u00e3o&#8230; como Cristo. Ambos vieram ao mundo para fazer a vontade do Pai. Generosa como ningu\u00e9m e com vontade de ferro, entregou-se com confian\u00e7a \u00e0 Divina Provid\u00eancia a cada momento e, sem lhe dizer nada expressamente porque era extremamente respeitosa e delicada, convidou-vos a confiar da mesma forma. Nunca ouvi cr\u00edticas pessoais de ningu\u00e9m nem ouvi elogios desproporcionais. Ela era uma mulher equilibrada, que sabia ouvir como se s\u00f3 precisasse te ouvir e falar com voc\u00ea com do\u00e7ura, como se n\u00e3o tivesse mais nada para fazer durante o dia. Nunca olhei para o rel\u00f3gio&#8230; nem me lembro se tinha rel\u00f3gio.<\/p>\n<p>Sr. Jos\u00e9 Miguel Gonz\u00e1lez Mart\u00edn, pbro.<\/p>\n<p>&nbsp;<\/p>\n<p><strong>GRANDE NO PEQUENO<\/strong><\/p>\n<p>Ela foi magn\u00e2nima, nos desejos e nas a\u00e7\u00f5es, decidida e ousada em tudo o que fosse para a maior gl\u00f3ria de Deus (e chegou a propor coisas inimagin\u00e1veis, como uma discoteca saud\u00e1vel para os nossos jovens). Ela estava animada com tudo, mas ao mesmo tempo serena. As suas palavras eram por vezes acompanhadas de um olhar s\u00e9rio, atento e profundo; outros, um olhar alegre e quase travesso que nos fazia rir. Nos seus conselhos ela foi s\u00e1bia, prudente e de mente aberta; na corre\u00e7\u00e3o, ao mesmo tempo firme e delicado, perspicaz e gentil, paciente, mas sem deixar escapar nenhum defeito que possa prejudicar a gl\u00f3ria de Deus. Com todos, com os de dentro e com os de fora, ela era tremendamente acolhedora, muito generosa a ponto de chocar, gentil, abnegada, profundamente maternal, abnegada e amante da abnega\u00e7\u00e3o. Tinha um cora\u00e7\u00e3o gigante que amava a todos com carinho transbordante e, acima de tudo, um cora\u00e7\u00e3o humilde e uma alma profundamente simples. N\u00e3o sei por que falo no passado, porque ele agora tem tudo isso e muito mais, participando mais plenamente do amor de Deus e de todas as suas virtudes.<\/p>\n<p>M. Pilar Lorente, CS<\/p>\n<p>&nbsp;<\/p>\n<p><strong>EU TINHA ALGO ESPECIAL<\/strong><\/p>\n<p>Conheci Madre Mar\u00eda F\u00e9lix quando tinha cinco anos, quando entrei como estudante na escola Mater Salvatoris. Entre os cinco e os oito anos, quando andava na escola, via-a com alguma regularidade. Depois s\u00f3 quando cheguei a Lleida na companhia da irm\u00e3 do meu pai, a m\u00e3e Carmen Aige, que \u00edamos visitar, ambas complementares, o \u201calter ego\u201d uma da outra, a minha tia era pura energia, intelig\u00eancia pr\u00e1tica; Lembro-me de sua risada franca enquanto seus olhos negros te penetravam, te entendiam e te olhavam com carinho. M\u00e3e Maria\u2026era diferente, diferente de qualquer pessoa que j\u00e1 conheci. Sentado diante dela, percebi algo de natureza espiritual, dif\u00edcil de definir, que comunicava uma sensa\u00e7\u00e3o de paz que te cobria como um cobertor de inverno.<\/p>\n<p>Meus irm\u00e3os e eu comentamos \u2013 fica na mem\u00f3ria deles \u2013 que um dia Madre Maria seria elevada aos altares pela Igreja.<\/p>\n<p>Sr. Francisco Aige, sobrinho de M. Carmen Aige<\/p>\n<p>[\/et_pb_tab][et_pb_tab title=&#8221;La enfermedad&#8221; _builder_version=&#8221;4.23.1&#8243; _module_preset=&#8221;default&#8221; global_colors_info=&#8221;{}&#8221;]<\/p>\n<p><strong>A AFASIA<\/strong><\/p>\n<p>Era a manh\u00e3 de 12 de mar\u00e7o de 1965: a Madre acordou sem conseguir falar. Em face de nossa preocupa\u00e7\u00e3o, ela tentou nos animar com seu sorriso. Ela foi diagnosticada com afasia e o neurologista disse que possivelmente tinha perdido alguns neur\u00f4nios. Ela teria que criar um novo centro de linguagem em seu c\u00e9rebro e isso era quase imposs\u00edvel. Isso nos entristeceu muito, mas os m\u00e9dicos n\u00e3o conheciam o temperamento da Madre. Ela estava ciente do que estava acontecendo e tentou se comunicar com a gente como estava. Quando cheg\u00e1vamos a entend\u00ea-la, comemorava com alegria.<\/p>\n<p>A recupera\u00e7\u00e3o deve ter sido um verdadeiro mart\u00edrio para ela, mas ela nunca se deixou levar pelo pessimismo. Os m\u00e9dicos ficaram surpresos com os resultados e o fonoaudi\u00f3logo ficou profundamente impressionado com a personalidade da Madre. \u201cEu nunca tive um paciente que conseguisse se recuperar desse jeito\u201d. O mais significativo em rela\u00e7\u00e3o a sua doen\u00e7a foi a sua tenacidade, vontade, trabalho e aceita\u00e7\u00e3o. Ela aceitou com alegria a doen\u00e7a, e pode-se at\u00e9 dizer que com senso de humor. Ela nos dizia que \u00e0s vezes Deus nos envia presentes, que aparentemente n\u00e3o s\u00e3o presentes, mas que sim s\u00e3o. Aqueles de n\u00f3s que tivemos a sorte de estar ao seu lado, tentando ajud\u00e1-la, sentimos sua gratid\u00e3o, ternura e carinho e a convic\u00e7\u00e3o de Deus era com ela.<\/p>\n<p><em>M. Concepci\u00f3n Sag\u00fcillo, CS<\/em><\/p>\n<p><em><\/em><\/p>\n<p><strong>Um LIPOMA de 5KG!<\/strong><\/p>\n<p>Fiquei impressionado com o qu\u00e3o silenciosamente ele sofria com o enorme caro\u00e7o que crescia em sua coxa esquerda. A M\u00e3e tinha um grande peda\u00e7o de gordura na coxa, que foi operado e foi ficando cada vez maior, mas ela nunca reclamou \u2013 e deve ter do\u00eddo bastante. Quando voc\u00ea perguntava a ele sobre isso, ele tocava e sorria.<\/p>\n<p>Myriam C\u00e2mara, arquiteta<\/p>\n<p>Outra vez, quando toquei no assunto do lipoma e do desconforto que ele deve causar, a Madre me respondeu: \u201cComo n\u00e3o sou muito penitente, Deus deixa isso comigo, para que eu tenha algo a oferecer\u201d.<\/p>\n<p>M. Amelia Lora-Tamayo, Superiora Geral da Companhia de Salvador<\/p>\n<p>&nbsp;<\/p>\n<p><strong>SEM PALAVRAS<\/strong><\/p>\n<p>Quero sublinhar a impress\u00e3o que me causou a \u00fanica vez que vi a Madre depois que ela teve a trombose. Foi na Escola Aravaca. Acho que n\u00e3o faz muito tempo que ele teve um grave acidente. Mas ele j\u00e1 levava uma vida normal e conversamos muito no corredor. M. Aige esteve presente. M. F\u00e9lix falou com not\u00e1vel dificuldade. As palavras nem sempre obedeciam ao que ela queria dizer. Pois bem, fiquei impressionado com a extraordin\u00e1ria serenidade que refletia o seu rosto e a sua forma de se expressar, sem pensar particularmente no que tinha acontecido. Quando nenhuma palavra lhe veio, sem se mostrar nem um pouco impaciente, com grande autocontrole, chegou a esbo\u00e7ar um sorriso sereno, reflexo da profunda paz de sua alma e uma express\u00e3o de que a cruz \u2013 muito pesada e com graves consequ\u00eancias para o seu apostolado \u2013 Foi totalmente aceito. Muitos anos se passaram desde esta visita e lembro-me dela como se fosse ontem. Tal foi a impress\u00e3o que a paz, o autocontrole, a for\u00e7a crist\u00e3, a total aceita\u00e7\u00e3o da vontade de Deus causaram em mim, que refletiu toda a atitude da M\u00e3e diante da dif\u00edcil prova\u00e7\u00e3o que atravessava.<\/p>\n<p>Cart\u00e3o Urbano Navarrete Cort\u00e9s, SJ<\/p>\n<p>[\/et_pb_tab][et_pb_tab title=&#8221;Religiosa de la Compa\u00f1\u00eda del Salvador&#8221; _builder_version=&#8221;4.23.1&#8243; _module_preset=&#8221;default&#8221; global_colors_info=&#8221;{}&#8221;]<\/p>\n<p><strong>CARIDADE FRATERNA: COLCH\u00d5ES E CORDAS<\/strong><\/p>\n<p>Ela nos exortou a ter muita caridade uma com a outra, ela dizia que dev\u00edamos ser como um colch\u00e3o que protegia frente \u00e0s coisas desagrad\u00e1veis que outros nos diziam. Se algu\u00e9m joga uma bola em um colch\u00e3o, n\u00e3o salta nem faz barulho, mas fica em sil\u00eancio e nada acontece \u2026 Tamb\u00e9m disse que dev\u00edamos ser como uma corda com tr\u00eas ramos, muito juntas, a corda com tr\u00eas ramos \u00e9 muito forte, e \u00e9 muito dif\u00edcil de quebrar. Que todos saibam, e especialmente as Nossas, que t\u00eam as costas bem cobertas conosco.<\/p>\n<p><em>M. Pilar Basallo, CS<\/em><\/p>\n<p><em><\/em><\/p>\n<p><strong>SUAS CORRE\u00c7\u00d5ES<\/strong><\/p>\n<p>Muitas das vezes em que nos corrigia por pequenas coisas, pedia-nos perd\u00e3o, porque lhe dava a impress\u00e3o de que estava sempre a incomodar-nos. Ele disse algo como: \u201cessa velha j\u00e1 est\u00e1 estragando tudo\u2026 Mas eu quero que voc\u00ea seja perfeito!\u201d<br \/>Certa vez, falando sobre isso, ela comentou que quando algu\u00e9m sa\u00eda chorando do consult\u00f3rio ela ficava chorando l\u00e1 dentro. Certamente deve ter sido dif\u00edcil para ele corrigir, mas ele n\u00e3o parou de faz\u00ea-lo se viu que a gl\u00f3ria de Deus assim o exigia.<\/p>\n<p>M. Pilar Lorente, CS<\/p>\n<p>&nbsp;<\/p>\n<p><strong>A P\u00c9ROLA DE MAIOR VALOR<\/strong><\/p>\n<p>Quando pedi para ingressar na Companhia, encontrei-me primeiro com o Sr. Aige, que me perguntou sobre a minha voca\u00e7\u00e3o e depois veio o Sr. F\u00e9lix. Entre as coisas que me contou, disse-me que a vida religiosa era como a p\u00e9rola valiosa que aquele comerciante encontrou. Quem deu tudo para consegui-lo. Existem p\u00e9rolas brancas que s\u00e3o lindas e de cor mais comum, mas havia outras p\u00e9rolas pretas, mais raras. Estes, pela sua escassez, n\u00e3o eram t\u00e3o comuns, mas tinham um grande valor, muito mais que os brancos. Assim, nos tempos da vida religiosa haveria p\u00e9rolas pretas e brancas. Parece-me que ele percebeu que eu n\u00e3o entendia muito bem o assunto e me disse: \u201cVou lhe fazer outra compara\u00e7\u00e3o. \u201cO petr\u00f3leo na Venezuela \u00e9 ouro negro, sua cor e outras caracter\u00edsticas n\u00e3o s\u00e3o atraentes, mas n\u00e3o podemos nos deixar levar apenas pela impress\u00e3o ou pelo desgosto\u201d. Ele enfatizou novamente para mim o significado dos momentos sombrios ou dif\u00edceis.<br \/>Pareceu-me naquela \u00e9poca que isso n\u00e3o era muito inspirador para algu\u00e9m que pedia para entrar na vida religiosa. Contudo, aprecio profundamente a sinceridade e a clareza das suas palavras, a sua honestidade e sobretudo por me ensinar a valorizar e oferecer o que humanamente pode custar mais como valioso aos olhos de Deus. Sempre me lembro de como as p\u00e9rolas negras e o \u00f3leo s\u00e3o gr\u00e1ficos e n\u00e3o posso deixar de sorrir ao concordar com ele.<\/p>\n<p>M. Emma Reyna, CS.<\/p>\n<p>&nbsp;<\/p>\n<p><strong>ELE QUERIA IR PARA O C\u00c9U PARA FAZER MAIS PELA EMPRESA<\/strong><\/p>\n<p>Depois da missa da meia-noite, no Natal de 2000, acompanhei-a; Estava muito frio e contei para ela, mas ela me respondeu: n\u00e3o, filha, mas se eu ficasse com frio e Deus me levasse, do c\u00e9u eu poderia fazer mais pela Companhia. Isso ficou na minha cabe\u00e7a desde que ele faleceu no m\u00eas seguinte e tamb\u00e9m porque considerei isso um sinal de grande humildade.<\/p>\n<p>Dona Elena Bigeriego, m\u00e3e de uma freira<\/p>\n<p>[\/et_pb_tab][\/et_pb_tabs][\/et_pb_column][\/et_pb_row][\/et_pb_section]<\/p>\n","protected":false},"excerpt":{"rendered":"<p>A Madre tinha uma intelig\u00eancia privilegiada, mas, acima de tudo, um grande cora\u00e7\u00e3o. Aqueles que a trataram nos falam de seu profundo amor a Deus, que ela transmitiu atrav\u00e9s de seu amor por cada pessoa que tratava. Todos eles guardam uma bela lembran\u00e7a dela: \u201cEla me amou de uma maneira especial\u201d. Aqui oferecemos algumas est\u00f3rias [&hellip;]<\/p>\n","protected":false},"author":1,"featured_media":0,"parent":0,"menu_order":0,"comment_status":"closed","ping_status":"closed","template":"","meta":{"_et_pb_use_builder":"on","_et_pb_old_content":"","_et_gb_content_width":"","footnotes":""},"class_list":["post-18117","page","type-page","status-publish","hentry"],"yoast_head":"<!-- This site is optimized with the Yoast SEO plugin v26.8 - https:\/\/yoast.com\/product\/yoast-seo-wordpress\/ -->\n<title>TESTEMUNHOS - Madre Mar\u00eda F\u00e9lix Torres<\/title>\n<meta name=\"robots\" content=\"index, follow, max-snippet:-1, max-image-preview:large, max-video-preview:-1\" \/>\n<link rel=\"canonical\" href=\"https:\/\/www.mariafelix.org\/pt-br\/testemunhos\/\" \/>\n<meta property=\"og:locale\" content=\"pt_BR\" \/>\n<meta property=\"og:type\" content=\"article\" \/>\n<meta property=\"og:title\" content=\"TESTEMUNHOS - Madre Mar\u00eda F\u00e9lix Torres\" \/>\n<meta property=\"og:description\" content=\"A Madre tinha uma intelig\u00eancia privilegiada, mas, acima de tudo, um grande cora\u00e7\u00e3o. Aqueles que a trataram nos falam de seu profundo amor a Deus, que ela transmitiu atrav\u00e9s de seu amor por cada pessoa que tratava. Todos eles guardam uma bela lembran\u00e7a dela: \u201cEla me amou de uma maneira especial\u201d. Aqui oferecemos algumas est\u00f3rias [&hellip;]\" \/>\n<meta property=\"og:url\" content=\"https:\/\/www.mariafelix.org\/pt-br\/testemunhos\/\" \/>\n<meta property=\"og:site_name\" content=\"Madre Mar\u00eda F\u00e9lix Torres\" \/>\n<meta property=\"article:modified_time\" content=\"2023-11-21T12:09:14+00:00\" \/>\n<meta name=\"twitter:card\" content=\"summary_large_image\" \/>\n<meta name=\"twitter:label1\" content=\"Est. tempo de leitura\" \/>\n\t<meta name=\"twitter:data1\" content=\"31 minutos\" \/>\n<script type=\"application\/ld+json\" class=\"yoast-schema-graph\">{\"@context\":\"https:\/\/schema.org\",\"@graph\":[{\"@type\":\"WebPage\",\"@id\":\"https:\/\/www.mariafelix.org\/pt-br\/testemunhos\/\",\"url\":\"https:\/\/www.mariafelix.org\/pt-br\/testemunhos\/\",\"name\":\"TESTEMUNHOS - Madre Mar\u00eda F\u00e9lix Torres\",\"isPartOf\":{\"@id\":\"https:\/\/www.mariafelix.org\/pt-br\/#website\"},\"datePublished\":\"2023-11-09T09:44:14+00:00\",\"dateModified\":\"2023-11-21T12:09:14+00:00\",\"inLanguage\":\"pt-BR\",\"potentialAction\":[{\"@type\":\"ReadAction\",\"target\":[\"https:\/\/www.mariafelix.org\/pt-br\/testemunhos\/\"]}]},{\"@type\":\"WebSite\",\"@id\":\"https:\/\/www.mariafelix.org\/pt-br\/#website\",\"url\":\"https:\/\/www.mariafelix.org\/pt-br\/\",\"name\":\"Madre Mar\u00eda F\u00e9lix Torres\",\"description\":\"Madre Mar\u00eda F\u00e9lix Torres\",\"potentialAction\":[{\"@type\":\"SearchAction\",\"target\":{\"@type\":\"EntryPoint\",\"urlTemplate\":\"https:\/\/www.mariafelix.org\/pt-br\/?s={search_term_string}\"},\"query-input\":{\"@type\":\"PropertyValueSpecification\",\"valueRequired\":true,\"valueName\":\"search_term_string\"}}],\"inLanguage\":\"pt-BR\"}]}<\/script>\n<!-- \/ Yoast SEO plugin. -->","yoast_head_json":{"title":"TESTEMUNHOS - Madre Mar\u00eda F\u00e9lix Torres","robots":{"index":"index","follow":"follow","max-snippet":"max-snippet:-1","max-image-preview":"max-image-preview:large","max-video-preview":"max-video-preview:-1"},"canonical":"https:\/\/www.mariafelix.org\/pt-br\/testemunhos\/","og_locale":"pt_BR","og_type":"article","og_title":"TESTEMUNHOS - Madre Mar\u00eda F\u00e9lix Torres","og_description":"A Madre tinha uma intelig\u00eancia privilegiada, mas, acima de tudo, um grande cora\u00e7\u00e3o. Aqueles que a trataram nos falam de seu profundo amor a Deus, que ela transmitiu atrav\u00e9s de seu amor por cada pessoa que tratava. Todos eles guardam uma bela lembran\u00e7a dela: \u201cEla me amou de uma maneira especial\u201d. Aqui oferecemos algumas est\u00f3rias [&hellip;]","og_url":"https:\/\/www.mariafelix.org\/pt-br\/testemunhos\/","og_site_name":"Madre Mar\u00eda F\u00e9lix Torres","article_modified_time":"2023-11-21T12:09:14+00:00","twitter_card":"summary_large_image","twitter_misc":{"Est. tempo de leitura":"31 minutos"},"schema":{"@context":"https:\/\/schema.org","@graph":[{"@type":"WebPage","@id":"https:\/\/www.mariafelix.org\/pt-br\/testemunhos\/","url":"https:\/\/www.mariafelix.org\/pt-br\/testemunhos\/","name":"TESTEMUNHOS - Madre Mar\u00eda F\u00e9lix Torres","isPartOf":{"@id":"https:\/\/www.mariafelix.org\/pt-br\/#website"},"datePublished":"2023-11-09T09:44:14+00:00","dateModified":"2023-11-21T12:09:14+00:00","inLanguage":"pt-BR","potentialAction":[{"@type":"ReadAction","target":["https:\/\/www.mariafelix.org\/pt-br\/testemunhos\/"]}]},{"@type":"WebSite","@id":"https:\/\/www.mariafelix.org\/pt-br\/#website","url":"https:\/\/www.mariafelix.org\/pt-br\/","name":"Madre Mar\u00eda F\u00e9lix Torres","description":"Madre Mar\u00eda F\u00e9lix Torres","potentialAction":[{"@type":"SearchAction","target":{"@type":"EntryPoint","urlTemplate":"https:\/\/www.mariafelix.org\/pt-br\/?s={search_term_string}"},"query-input":{"@type":"PropertyValueSpecification","valueRequired":true,"valueName":"search_term_string"}}],"inLanguage":"pt-BR"}]}},"_links":{"self":[{"href":"https:\/\/www.mariafelix.org\/pt-br\/wp-json\/wp\/v2\/pages\/18117","targetHints":{"allow":["GET"]}}],"collection":[{"href":"https:\/\/www.mariafelix.org\/pt-br\/wp-json\/wp\/v2\/pages"}],"about":[{"href":"https:\/\/www.mariafelix.org\/pt-br\/wp-json\/wp\/v2\/types\/page"}],"author":[{"embeddable":true,"href":"https:\/\/www.mariafelix.org\/pt-br\/wp-json\/wp\/v2\/users\/1"}],"replies":[{"embeddable":true,"href":"https:\/\/www.mariafelix.org\/pt-br\/wp-json\/wp\/v2\/comments?post=18117"}],"version-history":[{"count":2,"href":"https:\/\/www.mariafelix.org\/pt-br\/wp-json\/wp\/v2\/pages\/18117\/revisions"}],"predecessor-version":[{"id":18692,"href":"https:\/\/www.mariafelix.org\/pt-br\/wp-json\/wp\/v2\/pages\/18117\/revisions\/18692"}],"wp:attachment":[{"href":"https:\/\/www.mariafelix.org\/pt-br\/wp-json\/wp\/v2\/media?parent=18117"}],"curies":[{"name":"wp","href":"https:\/\/api.w.org\/{rel}","templated":true}]}}