{"id":18119,"date":"2023-11-09T19:54:06","date_gmt":"2023-11-09T18:54:06","guid":{"rendered":"https:\/\/www.mariafelix.org\/visitar-su-sepultura\/"},"modified":"2023-11-21T13:20:54","modified_gmt":"2023-11-21T12:20:54","slug":"visite-seu-tumulo","status":"publish","type":"page","link":"https:\/\/www.mariafelix.org\/pt-br\/visite-seu-tumulo\/","title":{"rendered":"VISITE SEU T\u00daMULO"},"content":{"rendered":"<p>[et_pb_section fb_built=&#8221;1&#8243; fullwidth=&#8221;on&#8221; _builder_version=&#8221;4.22.2&#8243; _module_preset=&#8221;2ce0b7bd-dbb5-4adc-bc83-1100f73502ab&#8221; global_colors_info=&#8221;{}&#8221;][et_pb_fullwidth_slider _builder_version=&#8221;4.23.1&#8243; _module_preset=&#8221;9587e0c8-d8ae-4497-80de-dc6ac7c71289&#8243; global_colors_info=&#8221;{}&#8221;][et_pb_slide _builder_version=&#8221;4.23.1&#8243; _module_preset=&#8221;default&#8221; background_image=&#8221;https:\/\/www.mariafelix.org\/wp-content\/uploads\/2023\/11\/image-26.jpeg&#8221; background_enable_image=&#8221;on&#8221; global_colors_info=&#8221;{}&#8221; sticky_transition=&#8221;on&#8221;][\/et_pb_slide][\/et_pb_fullwidth_slider][\/et_pb_section][et_pb_section fb_built=&#8221;1&#8243; _builder_version=&#8221;4.22.2&#8243; _module_preset=&#8221;c3571faf-1673-4b9f-bf46-f8250e9a3f6a&#8221; global_colors_info=&#8221;{}&#8221;][et_pb_row column_structure=&#8221;1_4,3_4&#8243; _builder_version=&#8221;4.22.2&#8243; _module_preset=&#8221;0b5ba106-5785-489f-ba7b-9fa41143096f&#8221; global_colors_info=&#8221;{}&#8221;][et_pb_column type=&#8221;1_4&#8243; _builder_version=&#8221;4.22.2&#8243; _module_preset=&#8221;824ebbaf-e3b5-4405-acb8-3b2fd9286d17&#8243; global_colors_info=&#8221;{}&#8221;][et_pb_text _builder_version=&#8221;4.23.1&#8243; _dynamic_attributes=&#8221;content&#8221; _module_preset=&#8221;ecb607dd-d36f-4b0d-a6f8-239bd01a7812&#8243; background_color=&#8221;#821b33&#8243; global_colors_info=&#8221;{}&#8221;]@ET-DC@eyJkeW5hbWljIjp0cnVlLCJjb250ZW50IjoicG9zdF90aXRsZSIsInNldHRpbmdzIjp7ImJlZm9yZSI6IiIsImFmdGVyIjoiIn19@[\/et_pb_text][et_pb_image src=&#8221;https:\/\/www.mariafelix.org\/wp-content\/uploads\/2023\/11\/Ermita-Mater-Salvatoris-2-1-scaled-1.jpg&#8221; title_text=&#8221;Ermita-Mater-Salvatoris-2-1-scaled&#8221; _builder_version=&#8221;4.23.1&#8243; _module_preset=&#8221;78b8f189-3fc7-40bb-b902-2ab30819502b&#8221; global_colors_info=&#8221;{}&#8221;][\/et_pb_image][et_pb_image src=&#8221;https:\/\/www.mariafelix.org\/wp-content\/uploads\/2023\/11\/IMG_6786-scaled-1.jpg&#8221; title_text=&#8221;IMG_6786-scaled&#8221; _builder_version=&#8221;4.23.1&#8243; _module_preset=&#8221;78b8f189-3fc7-40bb-b902-2ab30819502b&#8221; global_colors_info=&#8221;{}&#8221;][\/et_pb_image][\/et_pb_column][et_pb_column type=&#8221;3_4&#8243; _builder_version=&#8221;4.22.2&#8243; _module_preset=&#8221;fec2c85f-4b95-4256-bb6d-4b28d4ff7161&#8243; global_colors_info=&#8221;{}&#8221;][et_pb_text _builder_version=&#8221;4.23.1&#8243; _module_preset=&#8221;20504ce9-00fc-4f70-97e5-cb8f521d8155&#8243; global_colors_info=&#8221;{}&#8221;]<\/p>\n<p>No dia 12 de janeiro de 2021, no 20\u00ba anivers\u00e1rio da sua morte, Madre F\u00e9lix regressou a Madrid.<\/p>\n<p>A partir de agora, <strong>seus restos mortais repousam na Ermida Mater Salvatoris<\/strong>, na Casa Geral e de Treinamento da Companhia do Salvador.<\/p>\n<p>Aqui voc\u00ea encontrar\u00e1 informa\u00e7\u00f5es de interesse para visitar l&#8217;Hermitage e rezar no t\u00famulo da M\u00e3e.<\/p>\n<p>[\/et_pb_text][et_pb_tabs _builder_version=&#8221;4.23.1&#8243; _module_preset=&#8221;eab9c4f8-6512-4325-9aa9-616f239cc977&#8243; hover_enabled=&#8221;0&#8243; global_colors_info=&#8221;%91%93&#8243; sticky_enabled=&#8221;0&#8243;][et_pb_tab title=&#8221;O eremit\u00e9rio&#8221; _builder_version=&#8221;4.23.1&#8243; _module_preset=&#8221;baef46e7-81cc-46cc-8c41-03b4db9f0978&#8243; global_colors_info=&#8221;{}&#8221;]<\/p>\n<p><strong>A ERMITA MATER SALVAT\u00d3RIS<\/strong><\/p>\n<p>A Ermida Mater Salvatoris, onde repousam os restos mortais de Madre Maria F\u00e9lix, \u00e9 um lugar de paz e de ora\u00e7\u00e3o pelas inten\u00e7\u00f5es da Igreja em todo o mundo.<\/p>\n<p>A imagem da Virgem que, juntamente com a cruz, preside o presbit\u00e9rio, recorda os dois grandes amores de Madre F\u00e9lix: Jesus Cristo e as almas, que ela quis colocar em todas as escolas sob a prote\u00e7\u00e3o materna da M\u00e3e do Salvador. .<\/p>\n<p><img loading=\"lazy\" decoding=\"async\" src=\"https:\/\/www.mariafelix.org\/wp-content\/uploads\/2023\/11\/image-27.jpeg\" width=\"300\" height=\"200\" alt=\"\" class=\"wp-image-17783 alignnone size-full\" style=\"float: right; margin-left: 40px; margin-bottom: 40px;\" \/>O horizonte da serra madrilena \u2013 ao fundo \u2013 recorda o olhar profundo do cora\u00e7\u00e3o da M\u00e3e, que escreveu em 1950: <em>Impulsionada por Jesus, atrevo-me a oferecer o que resta da minha vida e da minha morte, unido \u00e0 agonia e \u00e0 morte do meu adoravel Senhor, para salvar as almas, para que a gra\u00e7a santificadora seja derramada no mundo, para que o Pai Celestial seja grandemente glorificado.<\/em><\/p>\n<p>Esperamos que estes desejos, que nela encontraram a sua realiza\u00e7\u00e3o, se cumpram tamb\u00e9m nos devotos que v\u00eam rezar junto ao t\u00famulo da M\u00e3e. As freiras os acompanhar\u00e3o com a ora\u00e7\u00e3o.<\/p>\n<p>[\/et_pb_tab][et_pb_tab title=&#8221;Onde?&#8221; _builder_version=&#8221;4.23.1&#8243; _module_preset=&#8221;baef46e7-81cc-46cc-8c41-03b4db9f0978&#8243; global_colors_info=&#8221;{}&#8221;]<\/p>\n<p><iframe src=\"https:\/\/www.google.com\/maps\/embed?pb=!1m14!1m8!1m3!1d48566.89314776181!2d-3.772752!3d40.465733!3m2!1i1024!2i768!4f13.1!3m3!1m2!1s0xd4187c193387735%3A0xbd6b92d113e62ca3!2sErmita%20Mater%20Salvatoris!5e0!3m2!1ses!2sus!4v1699556728303!5m2!1ses!2sus\" width=\"100%\" height=\"600\" style=\"border: 0;\" allowfullscreen=\"\" loading=\"lazy\" referrerpolicy=\"no-referrer-when-downgrade\"><\/iframe><\/p>\n<p>[\/et_pb_tab][et_pb_tab title=&#8221;Quando?&#8221; _builder_version=&#8221;4.23.1&#8243; _module_preset=&#8221;baef46e7-81cc-46cc-8c41-03b4db9f0978&#8243; global_colors_info=&#8221;{}&#8221;]<\/p>\n<p><img loading=\"lazy\" decoding=\"async\" src=\"https:\/\/www.mariafelix.org\/wp-content\/uploads\/2023\/11\/image-28.jpeg\" width=\"724\" height=\"1024\" alt=\"\" class=\"wp-image-17792 size-full\" style=\"display: block; margin-left: auto; margin-right: auto;\" srcset=\"https:\/\/www.mariafelix.org\/wp-content\/uploads\/2023\/11\/image-28.jpeg 724w, https:\/\/www.mariafelix.org\/wp-content\/uploads\/2023\/11\/image-28-480x679.jpeg 480w\" sizes=\"(min-width: 0px) and (max-width: 480px) 480px, (min-width: 481px) 724px, 100vw\" \/><\/p>\n<p>[\/et_pb_tab][et_pb_tab title=&#8221;Adora\u00e7\u00e3o na Ermida de MS&#8221; _builder_version=&#8221;4.23.1&#8243; _module_preset=&#8221;default&#8221; global_colors_info=&#8221;{}&#8221;]CENTEN\u00c1RIO DA VOCA\u00c7\u00c3O DE MADRE F\u00c9LIX 1922-2022<\/p>\n<p><img loading=\"lazy\" decoding=\"async\" src=\"https:\/\/www.mariafelix.org\/wp-content\/uploads\/2023\/11\/image-29.jpeg\" width=\"300\" height=\"300\" alt=\"\" class=\"wp-image-17796 alignnone size-full\" style=\"float: right; margin-left: 40px; margin-bottom: 40px;\" srcset=\"https:\/\/www.mariafelix.org\/wp-content\/uploads\/2023\/11\/image-29.jpeg 300w, https:\/\/www.mariafelix.org\/wp-content\/uploads\/2023\/11\/image-29-150x150.jpeg 150w\" sizes=\"(max-width: 300px) 100vw, 300px\" \/>Na Quinta-feira Santa de 1922, Maria F\u00e9lix recebeu uma grande gra\u00e7a: encontrou na Eucaristia Jesus Cristo vivo, que a amava, e ofereceu-se a Ele para sempre. Ele tinha 15 anos e sabia escrever: \u201cA partir daquele dia muito feliz, sou dele plena e conscientemente, para sempre\u201d.<\/p>\n<p>Para celebrar o centen\u00e1rio da sua voca\u00e7\u00e3o, todos os dias 12 do ano letivo 2021-2022 o Sant\u00edssimo Sacramento estar\u00e1 exposto na Ermida Mater Salvatoris das 14h30 \u00e0s 21h30.<\/p>\n<p><strong>Para se inscrever nas sess\u00f5es de culto de meia hora, voc\u00ea pode preencher o seguinte<\/strong> <a href=\"https:\/\/forms.gle\/K71kBLdPHKDXtywa9\">formul\u00e1rio<\/a>.[\/et_pb_tab][\/et_pb_tabs][\/et_pb_column][\/et_pb_row][\/et_pb_section]<\/p>\n","protected":false},"excerpt":{"rendered":"<p>No dia 12 de janeiro de 2021, no 20\u00ba anivers\u00e1rio da sua morte, Madre F\u00e9lix regressou a Madrid. A partir de agora, seus restos mortais repousam na Ermida Mater Salvatoris, na Casa Geral e de Treinamento da Companhia do Salvador. Aqui voc\u00ea encontrar\u00e1 informa\u00e7\u00f5es de interesse para visitar l&#8217;Hermitage e rezar no t\u00famulo da M\u00e3e.A [&hellip;]<\/p>\n","protected":false},"author":1,"featured_media":0,"parent":0,"menu_order":0,"comment_status":"closed","ping_status":"closed","template":"","meta":{"_et_pb_use_builder":"on","_et_pb_old_content":"","_et_gb_content_width":"","footnotes":""},"class_list":["post-18119","page","type-page","status-publish","hentry"],"yoast_head":"<!-- This site is optimized with the Yoast SEO plugin v26.8 - https:\/\/yoast.com\/product\/yoast-seo-wordpress\/ -->\n<title>VISITE SEU T\u00daMULO - Madre Mar\u00eda F\u00e9lix Torres<\/title>\n<meta name=\"robots\" content=\"index, follow, max-snippet:-1, max-image-preview:large, max-video-preview:-1\" \/>\n<link rel=\"canonical\" href=\"https:\/\/www.mariafelix.org\/pt-br\/visite-seu-tumulo\/\" \/>\n<meta property=\"og:locale\" content=\"pt_BR\" \/>\n<meta property=\"og:type\" content=\"article\" \/>\n<meta property=\"og:title\" content=\"VISITE SEU T\u00daMULO - Madre Mar\u00eda F\u00e9lix Torres\" \/>\n<meta property=\"og:description\" content=\"No dia 12 de janeiro de 2021, no 20\u00ba anivers\u00e1rio da sua morte, Madre F\u00e9lix regressou a Madrid. A partir de agora, seus restos mortais repousam na Ermida Mater Salvatoris, na Casa Geral e de Treinamento da Companhia do Salvador. Aqui voc\u00ea encontrar\u00e1 informa\u00e7\u00f5es de interesse para visitar l&#039;Hermitage e rezar no t\u00famulo da M\u00e3e.A [&hellip;]\" \/>\n<meta property=\"og:url\" content=\"https:\/\/www.mariafelix.org\/pt-br\/visite-seu-tumulo\/\" \/>\n<meta property=\"og:site_name\" content=\"Madre Mar\u00eda F\u00e9lix Torres\" \/>\n<meta property=\"article:modified_time\" content=\"2023-11-21T12:20:54+00:00\" \/>\n<meta property=\"og:image\" content=\"https:\/\/www.mariafelix.org\/wp-content\/uploads\/2023\/11\/image-27.jpeg\" \/>\n<meta name=\"twitter:card\" content=\"summary_large_image\" \/>\n<meta name=\"twitter:label1\" content=\"Est. tempo de leitura\" \/>\n\t<meta name=\"twitter:data1\" content=\"3 minutos\" \/>\n<script type=\"application\/ld+json\" class=\"yoast-schema-graph\">{\"@context\":\"https:\/\/schema.org\",\"@graph\":[{\"@type\":\"WebPage\",\"@id\":\"https:\/\/www.mariafelix.org\/pt-br\/visite-seu-tumulo\/\",\"url\":\"https:\/\/www.mariafelix.org\/pt-br\/visite-seu-tumulo\/\",\"name\":\"VISITE SEU T\u00daMULO - Madre Mar\u00eda F\u00e9lix Torres\",\"isPartOf\":{\"@id\":\"https:\/\/www.mariafelix.org\/pt-br\/#website\"},\"primaryImageOfPage\":{\"@id\":\"https:\/\/www.mariafelix.org\/pt-br\/visite-seu-tumulo\/#primaryimage\"},\"image\":{\"@id\":\"https:\/\/www.mariafelix.org\/pt-br\/visite-seu-tumulo\/#primaryimage\"},\"thumbnailUrl\":\"https:\/\/www.mariafelix.org\/wp-content\/uploads\/2023\/11\/image-27.jpeg\",\"datePublished\":\"2023-11-09T18:54:06+00:00\",\"dateModified\":\"2023-11-21T12:20:54+00:00\",\"inLanguage\":\"pt-BR\",\"potentialAction\":[{\"@type\":\"ReadAction\",\"target\":[\"https:\/\/www.mariafelix.org\/pt-br\/visite-seu-tumulo\/\"]}]},{\"@type\":\"ImageObject\",\"inLanguage\":\"pt-BR\",\"@id\":\"https:\/\/www.mariafelix.org\/pt-br\/visite-seu-tumulo\/#primaryimage\",\"url\":\"https:\/\/www.mariafelix.org\/wp-content\/uploads\/2023\/11\/image-27.jpeg\",\"contentUrl\":\"https:\/\/www.mariafelix.org\/wp-content\/uploads\/2023\/11\/image-27.jpeg\"},{\"@type\":\"WebSite\",\"@id\":\"https:\/\/www.mariafelix.org\/pt-br\/#website\",\"url\":\"https:\/\/www.mariafelix.org\/pt-br\/\",\"name\":\"Madre Mar\u00eda F\u00e9lix Torres\",\"description\":\"Madre Mar\u00eda F\u00e9lix Torres\",\"potentialAction\":[{\"@type\":\"SearchAction\",\"target\":{\"@type\":\"EntryPoint\",\"urlTemplate\":\"https:\/\/www.mariafelix.org\/pt-br\/?s={search_term_string}\"},\"query-input\":{\"@type\":\"PropertyValueSpecification\",\"valueRequired\":true,\"valueName\":\"search_term_string\"}}],\"inLanguage\":\"pt-BR\"}]}<\/script>\n<!-- \/ Yoast SEO plugin. -->","yoast_head_json":{"title":"VISITE SEU T\u00daMULO - Madre Mar\u00eda F\u00e9lix Torres","robots":{"index":"index","follow":"follow","max-snippet":"max-snippet:-1","max-image-preview":"max-image-preview:large","max-video-preview":"max-video-preview:-1"},"canonical":"https:\/\/www.mariafelix.org\/pt-br\/visite-seu-tumulo\/","og_locale":"pt_BR","og_type":"article","og_title":"VISITE SEU T\u00daMULO - Madre Mar\u00eda F\u00e9lix Torres","og_description":"No dia 12 de janeiro de 2021, no 20\u00ba anivers\u00e1rio da sua morte, Madre F\u00e9lix regressou a Madrid. A partir de agora, seus restos mortais repousam na Ermida Mater Salvatoris, na Casa Geral e de Treinamento da Companhia do Salvador. Aqui voc\u00ea encontrar\u00e1 informa\u00e7\u00f5es de interesse para visitar l'Hermitage e rezar no t\u00famulo da M\u00e3e.A [&hellip;]","og_url":"https:\/\/www.mariafelix.org\/pt-br\/visite-seu-tumulo\/","og_site_name":"Madre Mar\u00eda F\u00e9lix Torres","article_modified_time":"2023-11-21T12:20:54+00:00","og_image":[{"url":"https:\/\/www.mariafelix.org\/wp-content\/uploads\/2023\/11\/image-27.jpeg","type":"","width":"","height":""}],"twitter_card":"summary_large_image","twitter_misc":{"Est. tempo de leitura":"3 minutos"},"schema":{"@context":"https:\/\/schema.org","@graph":[{"@type":"WebPage","@id":"https:\/\/www.mariafelix.org\/pt-br\/visite-seu-tumulo\/","url":"https:\/\/www.mariafelix.org\/pt-br\/visite-seu-tumulo\/","name":"VISITE SEU T\u00daMULO - Madre Mar\u00eda F\u00e9lix Torres","isPartOf":{"@id":"https:\/\/www.mariafelix.org\/pt-br\/#website"},"primaryImageOfPage":{"@id":"https:\/\/www.mariafelix.org\/pt-br\/visite-seu-tumulo\/#primaryimage"},"image":{"@id":"https:\/\/www.mariafelix.org\/pt-br\/visite-seu-tumulo\/#primaryimage"},"thumbnailUrl":"https:\/\/www.mariafelix.org\/wp-content\/uploads\/2023\/11\/image-27.jpeg","datePublished":"2023-11-09T18:54:06+00:00","dateModified":"2023-11-21T12:20:54+00:00","inLanguage":"pt-BR","potentialAction":[{"@type":"ReadAction","target":["https:\/\/www.mariafelix.org\/pt-br\/visite-seu-tumulo\/"]}]},{"@type":"ImageObject","inLanguage":"pt-BR","@id":"https:\/\/www.mariafelix.org\/pt-br\/visite-seu-tumulo\/#primaryimage","url":"https:\/\/www.mariafelix.org\/wp-content\/uploads\/2023\/11\/image-27.jpeg","contentUrl":"https:\/\/www.mariafelix.org\/wp-content\/uploads\/2023\/11\/image-27.jpeg"},{"@type":"WebSite","@id":"https:\/\/www.mariafelix.org\/pt-br\/#website","url":"https:\/\/www.mariafelix.org\/pt-br\/","name":"Madre Mar\u00eda F\u00e9lix Torres","description":"Madre Mar\u00eda F\u00e9lix Torres","potentialAction":[{"@type":"SearchAction","target":{"@type":"EntryPoint","urlTemplate":"https:\/\/www.mariafelix.org\/pt-br\/?s={search_term_string}"},"query-input":{"@type":"PropertyValueSpecification","valueRequired":true,"valueName":"search_term_string"}}],"inLanguage":"pt-BR"}]}},"_links":{"self":[{"href":"https:\/\/www.mariafelix.org\/pt-br\/wp-json\/wp\/v2\/pages\/18119","targetHints":{"allow":["GET"]}}],"collection":[{"href":"https:\/\/www.mariafelix.org\/pt-br\/wp-json\/wp\/v2\/pages"}],"about":[{"href":"https:\/\/www.mariafelix.org\/pt-br\/wp-json\/wp\/v2\/types\/page"}],"author":[{"embeddable":true,"href":"https:\/\/www.mariafelix.org\/pt-br\/wp-json\/wp\/v2\/users\/1"}],"replies":[{"embeddable":true,"href":"https:\/\/www.mariafelix.org\/pt-br\/wp-json\/wp\/v2\/comments?post=18119"}],"version-history":[{"count":7,"href":"https:\/\/www.mariafelix.org\/pt-br\/wp-json\/wp\/v2\/pages\/18119\/revisions"}],"predecessor-version":[{"id":18694,"href":"https:\/\/www.mariafelix.org\/pt-br\/wp-json\/wp\/v2\/pages\/18119\/revisions\/18694"}],"wp:attachment":[{"href":"https:\/\/www.mariafelix.org\/pt-br\/wp-json\/wp\/v2\/media?parent=18119"}],"curies":[{"name":"wp","href":"https:\/\/api.w.org\/{rel}","templated":true}]}}