{"id":18187,"date":"2023-11-08T20:29:21","date_gmt":"2023-11-08T19:29:21","guid":{"rendered":"https:\/\/www.mariafelix.org\/biografia-polski\/"},"modified":"2023-11-14T13:59:02","modified_gmt":"2023-11-14T12:59:02","slug":"biografia-polski","status":"publish","type":"page","link":"https:\/\/www.mariafelix.org\/pt-br\/biografia-polski\/","title":{"rendered":"BIOGRAFIA (POLSKI)"},"content":{"rendered":"<p>[et_pb_section fb_built=&#8221;1&#8243; fullwidth=&#8221;on&#8221; _builder_version=&#8221;4.22.2&#8243; _module_preset=&#8221;2ce0b7bd-dbb5-4adc-bc83-1100f73502ab&#8221; da_disable_devices=&#8221;off|off|off&#8221; global_colors_info=&#8221;{}&#8221; da_is_popup=&#8221;off&#8221; da_exit_intent=&#8221;off&#8221; da_has_close=&#8221;on&#8221; da_alt_close=&#8221;off&#8221; da_dark_close=&#8221;off&#8221; da_not_modal=&#8221;on&#8221; da_is_singular=&#8221;off&#8221; da_with_loader=&#8221;off&#8221; da_has_shadow=&#8221;on&#8221;][et_pb_fullwidth_slider _builder_version=&#8221;4.23.1&#8243; _module_preset=&#8221;9587e0c8-d8ae-4497-80de-dc6ac7c71289&#8243; global_colors_info=&#8221;{}&#8221;][et_pb_slide _builder_version=&#8221;4.23.1&#8243; _module_preset=&#8221;default&#8221; background_image=&#8221;https:\/\/www.mariafelix.org\/wp-content\/uploads\/2023\/11\/image-15.jpeg&#8221; background_enable_image=&#8221;on&#8221; global_colors_info=&#8221;{}&#8221; sticky_transition=&#8221;on&#8221;][\/et_pb_slide][\/et_pb_fullwidth_slider][\/et_pb_section][et_pb_section fb_built=&#8221;1&#8243; _builder_version=&#8221;4.22.2&#8243; _module_preset=&#8221;c3571faf-1673-4b9f-bf46-f8250e9a3f6a&#8221; da_disable_devices=&#8221;off|off|off&#8221; global_colors_info=&#8221;{}&#8221; da_is_popup=&#8221;off&#8221; da_exit_intent=&#8221;off&#8221; da_has_close=&#8221;on&#8221; da_alt_close=&#8221;off&#8221; da_dark_close=&#8221;off&#8221; da_not_modal=&#8221;on&#8221; da_is_singular=&#8221;off&#8221; da_with_loader=&#8221;off&#8221; da_has_shadow=&#8221;on&#8221;][et_pb_row column_structure=&#8221;1_4,3_4&#8243; _builder_version=&#8221;4.22.2&#8243; _module_preset=&#8221;0b5ba106-5785-489f-ba7b-9fa41143096f&#8221; hover_enabled=&#8221;0&#8243; global_colors_info=&#8221;{}&#8221; sticky_enabled=&#8221;0&#8243;][et_pb_column type=&#8221;1_4&#8243; _builder_version=&#8221;4.22.2&#8243; _module_preset=&#8221;824ebbaf-e3b5-4405-acb8-3b2fd9286d17&#8243; global_colors_info=&#8221;{}&#8221;][et_pb_text _builder_version=&#8221;4.23.1&#8243; _module_preset=&#8221;ecb607dd-d36f-4b0d-a6f8-239bd01a7812&#8243; background_color=&#8221;#821b33&#8243; hover_enabled=&#8221;0&#8243; global_colors_info=&#8221;{}&#8221; sticky_enabled=&#8221;0&#8243;]BIOGRAFIA[\/et_pb_text][et_pb_image src=&#8221;https:\/\/www.mariafelix.org\/wp-content\/uploads\/2023\/11\/image-2.png&#8221; title_text=&#8221;image&#8221; _builder_version=&#8221;4.23.1&#8243; _module_preset=&#8221;78b8f189-3fc7-40bb-b902-2ab30819502b&#8221; global_colors_info=&#8221;{}&#8221;][\/et_pb_image][\/et_pb_column][et_pb_column type=&#8221;3_4&#8243; _builder_version=&#8221;4.22.2&#8243; _module_preset=&#8221;fec2c85f-4b95-4256-bb6d-4b28d4ff7161&#8243; global_colors_info=&#8221;{}&#8221;][et_pb_text _builder_version=&#8221;4.23.1&#8243; _module_preset=&#8221;20504ce9-00fc-4f70-97e5-cb8f521d8155&#8243; global_colors_info=&#8221;{}&#8221;]<\/p>\n<p>Maria Felix urodzi\u0142a si\u0119 25 sierpnia 1907 roku w niewielkiej miejscowo\u015bci Albelda w prowincji Huesca w Hiszpanii. Rodzice Marii, Ram\u00f3n i Florentina od pocz\u0105tku zabiegali o jej staranne wykszta\u0142cenie. W zwi\u0105zku z tym m\u0142od\u0105 Mari\u0119 wys\u0142ano do katolickiego liceum z internatem w Leridzie. Tam, maj\u0105c 14 lat, Maria po raz pierwszy prze\u017cywa duchowe \u0107wiczenia w ramach rekolekcji ignacja\u0144skich. W tym czasie do\u015bwiadczy\u0142a g\u0142\u0119bi Bo\u017cej mi\u0142o\u015bci, Jego opieki oraz wo\u0142ania, by to w\u0142a\u015bnie Jemu po\u015bwi\u0119ci\u0107 swoje \u017cycie. Jak mo\u017cemy przeczyta\u0107 w jej pami\u0119tniku, odpowied\u017a m\u0142odej Marii by\u0142a jasna i stanowcza: <strong>\u201ePragn\u0119 by\u0107 ca\u0142a Jego w pe\u0142ni i na zawsze\u201d.<\/strong><\/p>\n<p>Wobec zdecydowanego sprzeciwu jej rodzic\u00f3w odno\u015bnie plan\u00f3w wst\u0105pienia do zgromadzenia, <strong>Maria rozpocz\u0119\u0142a studia wy\u017csze na Uniwersytecie w Saragossie, kt\u00f3re uko\u0144czy\u0142a tytu\u0142em magistra nauk chemicznych<\/strong>. Maria doskonale zdawa\u0142a sobie spraw\u0119, czego chce od niej B\u00f3g, ale nie wiedzia\u0142a, gdzie oraz jak mo\u017ce odpowiedzie\u0107 na ten wyj\u0105tkowy g\u0142os powo\u0142ania. Gdy w jej sercu dojrzewa\u0142a my\u015bl o byciu siostr\u0105 zakonn\u0105, Maria zdecydowa\u0142a si\u0119 na podj\u0119cie apostolskiej s\u0142u\u017cby w\u015br\u00f3d studiuj\u0105cych dziewcz\u0105t. Szczeg\u00f3lnym momentem by\u0142 dzie\u0144 15 sierpnia 1934 roku, kiedy to wraz ze swoj\u0105 kole\u017cank\u0105 Carmen Aige z\u0142o\u017cy\u0142a prywatne \u015blubowanie, aby po\u015bwi\u0119ci\u0107 swoje \u017cycie w s\u0142u\u017cbie zagubionym duszom oraz Ko\u015bcio\u0142owi \u015awi\u0119temu. <strong>Maria pragn\u0119\u0142a ca\u0142e swoje \u017cycie po\u015bwi\u0119ci\u0107 Chrystusowi, i\u015b\u0107 razem z Nim, by\u0107 z Nim w nieustannej \u0142\u0105czno\u015bci, a ka\u017cd\u0105 swoj\u0105 dzia\u0142alno\u015b\u0107 i pos\u0142ug\u0119 czyni\u0107 na wi\u0119ksz\u0105 Bo\u017c\u0105 chwa\u0142\u0119.<\/strong><\/p>\n<p>W raz z up\u0142ywem czasu coraz wi\u0119cej m\u0142odych studentek zacz\u0119\u0142o przy\u0142\u0105cza\u0107 si\u0119 do Marii Felix. W 1940 roku w Barcelonie otrzyma\u0142a oficjalne pozwolenie na \u017cycie we wsp\u00f3lnocie wraz z innymi dziewcz\u0119tami, a w 1952 roku zorganizowana przez ni\u0105 wsp\u00f3lnota zacz\u0119\u0142a funkcjonowa\u0107 w ramach prawa diecezjalnego jako \u017be\u0144skie Zgromadzenie Zakonne. <strong>W 1986 roku ten \u017ce\u0144ski zakon ju\u017c jako Kompania Zbawiciela (nazwa ta funkcjonuje do dzi\u015b) zatwierdzony zosta\u0142 przez Stolic\u0119 Apostolsk\u0105 jako Instytut Zakonny na Prawie Papieskim.<\/strong><\/p>\n<p>Maria Felix przez 18 lat s\u0142u\u017cy\u0142a swoim siostrom jako Matka Generalna. Pan B\u00f3g wyznaczy\u0142 jej w Ko\u015bciele szczeg\u00f3lne zadanie, jakim by\u0142a edukacja m\u0142odzie\u017cy, zw\u0142aszcza uniwersyteckiej, w duchu chrze\u015bcija\u0144skich warto\u015bci. W wyniku godnej podziwu aktywno\u015bci matka <strong>Maria Felix otworzy\u0142a szko\u0142y Mater Salvatoris w Hiszpanii oraz w Ameryce Po\u0142udniowej<\/strong>. W tych o\u015brodkach edukacji do dzi\u015b przekazywane jest wszystko to, o co Pan prosi\u0142 Matk\u0119 Za\u0142o\u017cycielk\u0119: jedno\u015b\u0107 z Ojcem \u015awi\u0119tym, oddawanie czci Naj\u015bwi\u0119tszej Maryi Pannie oraz ewangelizacja m\u0142odzie\u017cy i nieustanne jej prowadzenie ku Chrystusowi.<\/p>\n<p>Do swojej \u015bmierci (12.01.2001) dla Arcybiskupiej Kurii w Madrycie, <strong>Matka Maria Felix pozostawa\u0142a autentyczn\u0105 \u201edusz\u0105 i matk\u0105\u201d zgromadzenia. Jej \u017cycie i s\u0142u\u017cba, zatopiona w Chrystusie, by\u0142a tak cicha i pokorna, i\u017c ma\u0142o kto zdawa\u0142 sobie spraw\u0119 z faktu, \u017ce jest ona za\u0142o\u017cycielk\u0105 tego Zgromadzenia.<\/strong> Wraz z jej \u015bmierci\u0105 nap\u0142ywa\u0142o wiele, nierzadko wzruszaj\u0105cych, \u015bwiadectw tych, kt\u00f3rzy mieli t\u0119 szczeg\u00f3ln\u0105 okazj\u0119 pozna\u0107 wyj\u0105tkowe powo\u0142anie oraz \u017cycie matki Marii Felix. Nie brakowa\u0142o te\u017c \u015bwiadectw, kt\u00f3re\u00a0 wprost m\u00f3wi\u0142y o wymodlonych \u0142askach za jej wstawiennictwem. <span lang=\"pl\">Proces kanonizacyjny S\u0142ugi Bo\u017cego zosta\u0142 og\u0142oszony w Madrycie w 2009 roku.\u00a0 <strong>10 lipca 2020 roku Papie\u017c Franciszek upowa\u017cni\u0142 Kongregacj\u0119 ds. Kanonizacyjnych do og\u0142oszenia dekretu o heroiczno\u015bci cn\u00f3t, og\u0142aszaj\u0105c j\u0105 Czcigodn\u0105.<\/strong> Od tej chwili nasza Matka Ko\u015bci\u00f3\u0142 potwierdza, \u017ce \u200b\u200bda\u0142o si\u0119 w niej zauwa\u017cy\u0107 niezwyk\u0142e \u0107wiczenie wszystkich cn\u00f3t chrze\u015bcija\u0144skich. Dzi\u0119ki przestudiowaniu i zatwierdzeniu cudu uzyskanego za jej wstawiennictwem, Matka Mar\u00eda F\u00e9lix mo\u017ce zosta\u0107 uznana za B\u0142ogos\u0142awion\u0105, a drugi cud otworzy drog\u0119 do jej kanonizacji.<\/span><\/p>\n<p>[\/et_pb_text][\/et_pb_column][\/et_pb_row][\/et_pb_section]<\/p>\n","protected":false},"excerpt":{"rendered":"<p>BIOGRAFIAMaria Felix urodzi\u0142a si\u0119 25 sierpnia 1907 roku w niewielkiej miejscowo\u015bci Albelda w prowincji Huesca w Hiszpanii. Rodzice Marii, Ram\u00f3n i Florentina od pocz\u0105tku zabiegali o jej staranne wykszta\u0142cenie. W zwi\u0105zku z tym m\u0142od\u0105 Mari\u0119 wys\u0142ano do katolickiego liceum z internatem w Leridzie. Tam, maj\u0105c 14 lat, Maria po raz pierwszy prze\u017cywa duchowe \u0107wiczenia w [&hellip;]<\/p>\n","protected":false},"author":1,"featured_media":0,"parent":0,"menu_order":0,"comment_status":"closed","ping_status":"closed","template":"","meta":{"_et_pb_use_builder":"on","_et_pb_old_content":"","_et_gb_content_width":"","footnotes":""},"class_list":["post-18187","page","type-page","status-publish","hentry"],"yoast_head":"<!-- This site is optimized with the Yoast SEO plugin v26.8 - https:\/\/yoast.com\/product\/yoast-seo-wordpress\/ -->\n<title>BIOGRAFIA (POLSKI) - Madre Mar\u00eda F\u00e9lix Torres<\/title>\n<meta name=\"robots\" content=\"index, follow, max-snippet:-1, max-image-preview:large, max-video-preview:-1\" \/>\n<link rel=\"canonical\" href=\"https:\/\/www.mariafelix.org\/pt-br\/biografia-polski\/\" \/>\n<meta property=\"og:locale\" content=\"pt_BR\" \/>\n<meta property=\"og:type\" content=\"article\" \/>\n<meta property=\"og:title\" content=\"BIOGRAFIA (POLSKI) - Madre Mar\u00eda F\u00e9lix Torres\" \/>\n<meta property=\"og:description\" content=\"BIOGRAFIAMaria Felix urodzi\u0142a si\u0119 25 sierpnia 1907 roku w niewielkiej miejscowo\u015bci Albelda w prowincji Huesca w Hiszpanii. Rodzice Marii, Ram\u00f3n i Florentina od pocz\u0105tku zabiegali o jej staranne wykszta\u0142cenie. W zwi\u0105zku z tym m\u0142od\u0105 Mari\u0119 wys\u0142ano do katolickiego liceum z internatem w Leridzie. Tam, maj\u0105c 14 lat, Maria po raz pierwszy prze\u017cywa duchowe \u0107wiczenia w [&hellip;]\" \/>\n<meta property=\"og:url\" content=\"https:\/\/www.mariafelix.org\/pt-br\/biografia-polski\/\" \/>\n<meta property=\"og:site_name\" content=\"Madre Mar\u00eda F\u00e9lix Torres\" \/>\n<meta property=\"article:modified_time\" content=\"2023-11-14T12:59:02+00:00\" \/>\n<meta name=\"twitter:card\" content=\"summary_large_image\" \/>\n<script type=\"application\/ld+json\" class=\"yoast-schema-graph\">{\"@context\":\"https:\/\/schema.org\",\"@graph\":[{\"@type\":\"WebPage\",\"@id\":\"https:\/\/www.mariafelix.org\/pt-br\/biografia-polski\/\",\"url\":\"https:\/\/www.mariafelix.org\/pt-br\/biografia-polski\/\",\"name\":\"BIOGRAFIA (POLSKI) - Madre Mar\u00eda F\u00e9lix Torres\",\"isPartOf\":{\"@id\":\"https:\/\/www.mariafelix.org\/pt-br\/#website\"},\"datePublished\":\"2023-11-08T19:29:21+00:00\",\"dateModified\":\"2023-11-14T12:59:02+00:00\",\"inLanguage\":\"pt-BR\",\"potentialAction\":[{\"@type\":\"ReadAction\",\"target\":[\"https:\/\/www.mariafelix.org\/pt-br\/biografia-polski\/\"]}]},{\"@type\":\"WebSite\",\"@id\":\"https:\/\/www.mariafelix.org\/pt-br\/#website\",\"url\":\"https:\/\/www.mariafelix.org\/pt-br\/\",\"name\":\"Madre Mar\u00eda F\u00e9lix Torres\",\"description\":\"Madre Mar\u00eda F\u00e9lix Torres\",\"potentialAction\":[{\"@type\":\"SearchAction\",\"target\":{\"@type\":\"EntryPoint\",\"urlTemplate\":\"https:\/\/www.mariafelix.org\/pt-br\/?s={search_term_string}\"},\"query-input\":{\"@type\":\"PropertyValueSpecification\",\"valueRequired\":true,\"valueName\":\"search_term_string\"}}],\"inLanguage\":\"pt-BR\"}]}<\/script>\n<!-- \/ Yoast SEO plugin. -->","yoast_head_json":{"title":"BIOGRAFIA (POLSKI) - Madre Mar\u00eda F\u00e9lix Torres","robots":{"index":"index","follow":"follow","max-snippet":"max-snippet:-1","max-image-preview":"max-image-preview:large","max-video-preview":"max-video-preview:-1"},"canonical":"https:\/\/www.mariafelix.org\/pt-br\/biografia-polski\/","og_locale":"pt_BR","og_type":"article","og_title":"BIOGRAFIA (POLSKI) - Madre Mar\u00eda F\u00e9lix Torres","og_description":"BIOGRAFIAMaria Felix urodzi\u0142a si\u0119 25 sierpnia 1907 roku w niewielkiej miejscowo\u015bci Albelda w prowincji Huesca w Hiszpanii. Rodzice Marii, Ram\u00f3n i Florentina od pocz\u0105tku zabiegali o jej staranne wykszta\u0142cenie. W zwi\u0105zku z tym m\u0142od\u0105 Mari\u0119 wys\u0142ano do katolickiego liceum z internatem w Leridzie. Tam, maj\u0105c 14 lat, Maria po raz pierwszy prze\u017cywa duchowe \u0107wiczenia w [&hellip;]","og_url":"https:\/\/www.mariafelix.org\/pt-br\/biografia-polski\/","og_site_name":"Madre Mar\u00eda F\u00e9lix Torres","article_modified_time":"2023-11-14T12:59:02+00:00","twitter_card":"summary_large_image","schema":{"@context":"https:\/\/schema.org","@graph":[{"@type":"WebPage","@id":"https:\/\/www.mariafelix.org\/pt-br\/biografia-polski\/","url":"https:\/\/www.mariafelix.org\/pt-br\/biografia-polski\/","name":"BIOGRAFIA (POLSKI) - Madre Mar\u00eda F\u00e9lix Torres","isPartOf":{"@id":"https:\/\/www.mariafelix.org\/pt-br\/#website"},"datePublished":"2023-11-08T19:29:21+00:00","dateModified":"2023-11-14T12:59:02+00:00","inLanguage":"pt-BR","potentialAction":[{"@type":"ReadAction","target":["https:\/\/www.mariafelix.org\/pt-br\/biografia-polski\/"]}]},{"@type":"WebSite","@id":"https:\/\/www.mariafelix.org\/pt-br\/#website","url":"https:\/\/www.mariafelix.org\/pt-br\/","name":"Madre Mar\u00eda F\u00e9lix Torres","description":"Madre Mar\u00eda F\u00e9lix Torres","potentialAction":[{"@type":"SearchAction","target":{"@type":"EntryPoint","urlTemplate":"https:\/\/www.mariafelix.org\/pt-br\/?s={search_term_string}"},"query-input":{"@type":"PropertyValueSpecification","valueRequired":true,"valueName":"search_term_string"}}],"inLanguage":"pt-BR"}]}},"_links":{"self":[{"href":"https:\/\/www.mariafelix.org\/pt-br\/wp-json\/wp\/v2\/pages\/18187","targetHints":{"allow":["GET"]}}],"collection":[{"href":"https:\/\/www.mariafelix.org\/pt-br\/wp-json\/wp\/v2\/pages"}],"about":[{"href":"https:\/\/www.mariafelix.org\/pt-br\/wp-json\/wp\/v2\/types\/page"}],"author":[{"embeddable":true,"href":"https:\/\/www.mariafelix.org\/pt-br\/wp-json\/wp\/v2\/users\/1"}],"replies":[{"embeddable":true,"href":"https:\/\/www.mariafelix.org\/pt-br\/wp-json\/wp\/v2\/comments?post=18187"}],"version-history":[{"count":1,"href":"https:\/\/www.mariafelix.org\/pt-br\/wp-json\/wp\/v2\/pages\/18187\/revisions"}],"predecessor-version":[{"id":18428,"href":"https:\/\/www.mariafelix.org\/pt-br\/wp-json\/wp\/v2\/pages\/18187\/revisions\/18428"}],"wp:attachment":[{"href":"https:\/\/www.mariafelix.org\/pt-br\/wp-json\/wp\/v2\/media?parent=18187"}],"curies":[{"name":"wp","href":"https:\/\/api.w.org\/{rel}","templated":true}]}}