{"id":18191,"date":"2023-11-08T19:27:10","date_gmt":"2023-11-08T18:27:10","guid":{"rendered":"https:\/\/www.mariafelix.org\/biografia-espanol\/"},"modified":"2023-11-14T17:07:48","modified_gmt":"2023-11-14T16:07:48","slug":"biografia-espanol","status":"publish","type":"page","link":"https:\/\/www.mariafelix.org\/pt-br\/biografia-espanol\/","title":{"rendered":"BIOGRAF\u00cdA (ESPA\u00d1OL)"},"content":{"rendered":"<p>[et_pb_section fb_built=&#8221;1&#8243; fullwidth=&#8221;on&#8221; _builder_version=&#8221;4.22.2&#8243; _module_preset=&#8221;2ce0b7bd-dbb5-4adc-bc83-1100f73502ab&#8221; da_disable_devices=&#8221;off|off|off&#8221; global_colors_info=&#8221;{}&#8221; da_is_popup=&#8221;off&#8221; da_exit_intent=&#8221;off&#8221; da_has_close=&#8221;on&#8221; da_alt_close=&#8221;off&#8221; da_dark_close=&#8221;off&#8221; da_not_modal=&#8221;on&#8221; da_is_singular=&#8221;off&#8221; da_with_loader=&#8221;off&#8221; da_has_shadow=&#8221;on&#8221;][et_pb_fullwidth_slider _builder_version=&#8221;4.23.1&#8243; _module_preset=&#8221;9587e0c8-d8ae-4497-80de-dc6ac7c71289&#8243; global_colors_info=&#8221;{}&#8221;][et_pb_slide _builder_version=&#8221;4.23.1&#8243; _module_preset=&#8221;default&#8221; background_image=&#8221;https:\/\/www.mariafelix.org\/wp-content\/uploads\/2023\/11\/image-7.jpeg&#8221; background_enable_image=&#8221;on&#8221; global_colors_info=&#8221;{}&#8221; sticky_transition=&#8221;on&#8221;][\/et_pb_slide][\/et_pb_fullwidth_slider][\/et_pb_section][et_pb_section fb_built=&#8221;1&#8243; _builder_version=&#8221;4.22.2&#8243; _module_preset=&#8221;c3571faf-1673-4b9f-bf46-f8250e9a3f6a&#8221; da_disable_devices=&#8221;off|off|off&#8221; global_colors_info=&#8221;{}&#8221; da_is_popup=&#8221;off&#8221; da_exit_intent=&#8221;off&#8221; da_has_close=&#8221;on&#8221; da_alt_close=&#8221;off&#8221; da_dark_close=&#8221;off&#8221; da_not_modal=&#8221;on&#8221; da_is_singular=&#8221;off&#8221; da_with_loader=&#8221;off&#8221; da_has_shadow=&#8221;on&#8221;][et_pb_row column_structure=&#8221;1_4,3_4&#8243; _builder_version=&#8221;4.22.2&#8243; _module_preset=&#8221;0b5ba106-5785-489f-ba7b-9fa41143096f&#8221; global_colors_info=&#8221;{}&#8221;][et_pb_column type=&#8221;1_4&#8243; _builder_version=&#8221;4.22.2&#8243; _module_preset=&#8221;824ebbaf-e3b5-4405-acb8-3b2fd9286d17&#8243; global_colors_info=&#8221;{}&#8221;][et_pb_text _builder_version=&#8221;4.23.1&#8243; _module_preset=&#8221;ecb607dd-d36f-4b0d-a6f8-239bd01a7812&#8243; background_color=&#8221;#821b33&#8243; global_colors_info=&#8221;{}&#8221;]BIOGRAF\u00cdA[\/et_pb_text][et_pb_image src=&#8221;https:\/\/www.mariafelix.org\/wp-content\/uploads\/2023\/11\/image-2.png&#8221; title_text=&#8221;image&#8221; _builder_version=&#8221;4.23.1&#8243; _module_preset=&#8221;78b8f189-3fc7-40bb-b902-2ab30819502b&#8221; global_colors_info=&#8221;{}&#8221;][\/et_pb_image][\/et_pb_column][et_pb_column type=&#8221;3_4&#8243; _builder_version=&#8221;4.22.2&#8243; _module_preset=&#8221;fec2c85f-4b95-4256-bb6d-4b28d4ff7161&#8243; global_colors_info=&#8221;{}&#8221;][et_pb_text _builder_version=&#8221;4.23.1&#8243; _module_preset=&#8221;20504ce9-00fc-4f70-97e5-cb8f521d8155&#8243; global_colors_info=&#8221;{}&#8221;]<\/p>\n<p>Mar\u00eda F\u00e9lix nace el 25 de agosto de 1907 en la villa de Albelda (Huesca, Espa\u00f1a).<\/p>\n<p>Sus padres, D. Ram\u00f3n y D\u00f1a. Florentina, se preocuparon de que recibiera una esmerada educaci\u00f3n, cursando el bachillerato como interna en el colegio de la Compa\u00f1\u00eda de Mar\u00eda, en L\u00e9rida. All\u00ed, con catorce a\u00f1os, vive por primera vez la experiencia de los Ejercicios Espirituales de san Ignacio de Loyola. Siente muy intensamente el amor y la llamada del Se\u00f1or y su respuesta \u2013seg\u00fan leemos en su diario\u2013 no puede ser m\u00e1s clara y decidida: <strong><em>\u201cSoy suya plena y conscientemente para siempre\u201d.<\/em><\/strong><\/p>\n<p>Ante la oposici\u00f3n de sus padres a la vocaci\u00f3n religiosa, comienza los estudios universitarios y <strong>obtiene, en 1930, la licenciatura en Ciencias Qu\u00edmicas en la Universidad de Zaragoza<\/strong>. Sabe que Dios la quiere para \u00c9l, pero no d\u00f3nde o c\u00f3mo se va a realizar su vocaci\u00f3n. Su deseo, mientras se aclara la voluntad de Dios sobre ella, es dedicarse al apostolado entre las j\u00f3venes estudiantes. El d\u00eda 15 de agosto de 1934, junto a su primera compa\u00f1era, Carmen Aige, hace un voto privado de gastar su vida en provecho de las almas y servicio de la Iglesia. <strong>La mayor gloria de Dios, siguiendo a Cristo y unida a \u00c9l, se convierte en la raz\u00f3n de su existencia.<\/strong><\/p>\n<p>Poco a poco, se le van uniendo otras j\u00f3venes universitarias. En Barcelona, en 1940, reciben el permiso para vivir en comunidad y, en 1952, son recibidas por la Iglesia como Congregaci\u00f3n Religiosa de Derecho Diocesano.<strong> En 1986, la Compa\u00f1\u00eda del Salvador fue aprobada por la Santa Sede como Instituto de Derecho Pontificio.<\/strong><\/p>\n<p>Durante 18 a\u00f1os, la Madre Mar\u00eda F\u00e9lix Torres sirve a sus hermanas como Superiora General. Dios le asign\u00f3 dentro de su Iglesia la parcela de la educaci\u00f3n cristiana de la juventud, sobre todo universitaria. Con este fin<strong>abre en Espa\u00f1a y en Am\u00e9rica los Colegios Mater Salvatoris<\/strong>, que transmiten el carisma que el Se\u00f1or le concedi\u00f3: adhesi\u00f3n al Papa, amor tierno a la Sant\u00edsima Virgen y hacer de los j\u00f3venes permanente fermento evang\u00e9lico en la sociedad, para llevarla a Jesucristo.<\/p>\n<p>Hasta su muerte el 12 de enero de 2001, en la Curia General, en Madrid, la Madre Mar\u00eda F\u00e9lix es con toda verdad<strong> \u201calma y madre\u201d de la Congregaci\u00f3n, aunque llevando una vida tan discreta que muy pocos sab\u00edan que era la Fundadora.<\/strong> Tras su muerte, se han ido multiplicando los testimonios de personas que recuerdan lo extraordinario de su vida, se encomiendan a ella en sus oraciones y atribuyen favores a su intercesi\u00f3n. <strong>La Causa de Canonizaci\u00f3n, iniciada en Madrid en 2009, se encuentra ahora en su fase romana.<\/strong><\/p>\n<p>El 10 de julio de 2020, el Santo Padre Francisco autoriz\u00f3 a la Congregaci\u00f3n de las Causas de los Santos la promulgaci\u00f3n del Decreto de Virtudes Heroicas de la Madre Mar\u00eda F\u00e9lix, que la declara <strong>Venerable. <\/strong><\/p>\n<p><strong>Ahora el estudio y aprobaci\u00f3n de dos milagros obtenidos por su intercesi\u00f3n abrir\u00e1n el camino a la canonizaci\u00f3n.<\/strong><\/p>\n<ul><\/ul>\n<p>[\/et_pb_text][et_pb_button button_url=&#8221;@ET-DC@eyJkeW5hbWljIjp0cnVlLCJjb250ZW50IjoicG9zdF9saW5rX3VybF9hdHRhY2htZW50Iiwic2V0dGluZ3MiOnsicG9zdF9pZCI6Ijk2NTEifX0=@&#8221; url_new_window=&#8221;on&#8221; button_text=&#8221;Download complete biography&#8221; _builder_version=&#8221;4.23.1&#8243; _dynamic_attributes=&#8221;button_url&#8221; _module_preset=&#8221;3f43e8d4-1440-43af-925c-dfdea8869da2&#8243; global_colors_info=&#8221;{}&#8221;][\/et_pb_button][\/et_pb_column][\/et_pb_row][\/et_pb_section][et_pb_section fb_built=&#8221;1&#8243; admin_label=&#8221;Section&#8221; module_id=&#8221;capaOcultaParaPopup&#8221; _builder_version=&#8221;4.22.2&#8243; _module_preset=&#8221;default&#8221; da_popup_slug=&#8221;capaOcultaParaPopup&#8221; da_disable_devices=&#8221;off|off|off&#8221; global_colors_info=&#8221;{}&#8221; da_is_popup=&#8221;off&#8221; da_exit_intent=&#8221;off&#8221; da_has_close=&#8221;on&#8221; da_alt_close=&#8221;off&#8221; da_dark_close=&#8221;off&#8221; da_not_modal=&#8221;on&#8221; da_is_singular=&#8221;off&#8221; da_with_loader=&#8221;off&#8221; da_has_shadow=&#8221;on&#8221;][et_pb_row _builder_version=&#8221;4.22.2&#8243; _module_preset=&#8221;default&#8221; global_colors_info=&#8221;{}&#8221;][et_pb_column type=&#8221;4_4&#8243; _builder_version=&#8221;4.16&#8243; _module_preset=&#8221;default&#8221; global_colors_info=&#8221;{}&#8221;][et_pb_button button_url=&#8221;#popup-automatico&#8221; button_text=&#8221;Clics&#8221; module_id=&#8221;btnPopup&#8221; _builder_version=&#8221;4.22.2&#8243; _module_preset=&#8221;default&#8221; global_colors_info=&#8221;{}&#8221;][\/et_pb_button][\/et_pb_column][\/et_pb_row][\/et_pb_section]<\/p>\n","protected":false},"excerpt":{"rendered":"<p>BIOGRAF\u00cdAMar\u00eda F\u00e9lix nace el 25 de agosto de 1907 en la villa de Albelda (Huesca, Espa\u00f1a). Sus padres, D. Ram\u00f3n y D\u00f1a. Florentina, se preocuparon de que recibiera una esmerada educaci\u00f3n, cursando el bachillerato como interna en el colegio de la Compa\u00f1\u00eda de Mar\u00eda, en L\u00e9rida. All\u00ed, con catorce a\u00f1os, vive por primera vez la [&hellip;]<\/p>\n","protected":false},"author":1,"featured_media":0,"parent":0,"menu_order":0,"comment_status":"closed","ping_status":"closed","template":"","meta":{"_et_pb_use_builder":"on","_et_pb_old_content":"","_et_gb_content_width":"","footnotes":""},"class_list":["post-18191","page","type-page","status-publish","hentry"],"yoast_head":"<!-- This site is optimized with the Yoast SEO plugin v26.8 - https:\/\/yoast.com\/product\/yoast-seo-wordpress\/ -->\n<title>BIOGRAF\u00cdA (ESPA\u00d1OL) - Madre Mar\u00eda F\u00e9lix Torres<\/title>\n<meta name=\"robots\" content=\"index, follow, max-snippet:-1, max-image-preview:large, max-video-preview:-1\" \/>\n<link rel=\"canonical\" href=\"https:\/\/www.mariafelix.org\/pt-br\/biografia-espanol\/\" \/>\n<meta property=\"og:locale\" content=\"pt_BR\" \/>\n<meta property=\"og:type\" content=\"article\" \/>\n<meta property=\"og:title\" content=\"BIOGRAF\u00cdA (ESPA\u00d1OL) - Madre Mar\u00eda F\u00e9lix Torres\" \/>\n<meta property=\"og:description\" content=\"BIOGRAF\u00cdAMar\u00eda F\u00e9lix nace el 25 de agosto de 1907 en la villa de Albelda (Huesca, Espa\u00f1a). Sus padres, D. Ram\u00f3n y D\u00f1a. Florentina, se preocuparon de que recibiera una esmerada educaci\u00f3n, cursando el bachillerato como interna en el colegio de la Compa\u00f1\u00eda de Mar\u00eda, en L\u00e9rida. All\u00ed, con catorce a\u00f1os, vive por primera vez la [&hellip;]\" \/>\n<meta property=\"og:url\" content=\"https:\/\/www.mariafelix.org\/pt-br\/biografia-espanol\/\" \/>\n<meta property=\"og:site_name\" content=\"Madre Mar\u00eda F\u00e9lix Torres\" \/>\n<meta property=\"article:modified_time\" content=\"2023-11-14T16:07:48+00:00\" \/>\n<meta name=\"twitter:card\" content=\"summary_large_image\" \/>\n<script type=\"application\/ld+json\" class=\"yoast-schema-graph\">{\"@context\":\"https:\/\/schema.org\",\"@graph\":[{\"@type\":\"WebPage\",\"@id\":\"https:\/\/www.mariafelix.org\/pt-br\/biografia-espanol\/\",\"url\":\"https:\/\/www.mariafelix.org\/pt-br\/biografia-espanol\/\",\"name\":\"BIOGRAF\u00cdA (ESPA\u00d1OL) - Madre Mar\u00eda F\u00e9lix Torres\",\"isPartOf\":{\"@id\":\"https:\/\/www.mariafelix.org\/pt-br\/#website\"},\"datePublished\":\"2023-11-08T18:27:10+00:00\",\"dateModified\":\"2023-11-14T16:07:48+00:00\",\"inLanguage\":\"pt-BR\",\"potentialAction\":[{\"@type\":\"ReadAction\",\"target\":[\"https:\/\/www.mariafelix.org\/pt-br\/biografia-espanol\/\"]}]},{\"@type\":\"WebSite\",\"@id\":\"https:\/\/www.mariafelix.org\/pt-br\/#website\",\"url\":\"https:\/\/www.mariafelix.org\/pt-br\/\",\"name\":\"Madre Mar\u00eda F\u00e9lix Torres\",\"description\":\"Madre Mar\u00eda F\u00e9lix Torres\",\"potentialAction\":[{\"@type\":\"SearchAction\",\"target\":{\"@type\":\"EntryPoint\",\"urlTemplate\":\"https:\/\/www.mariafelix.org\/pt-br\/?s={search_term_string}\"},\"query-input\":{\"@type\":\"PropertyValueSpecification\",\"valueRequired\":true,\"valueName\":\"search_term_string\"}}],\"inLanguage\":\"pt-BR\"}]}<\/script>\n<!-- \/ Yoast SEO plugin. -->","yoast_head_json":{"title":"BIOGRAF\u00cdA (ESPA\u00d1OL) - Madre Mar\u00eda F\u00e9lix Torres","robots":{"index":"index","follow":"follow","max-snippet":"max-snippet:-1","max-image-preview":"max-image-preview:large","max-video-preview":"max-video-preview:-1"},"canonical":"https:\/\/www.mariafelix.org\/pt-br\/biografia-espanol\/","og_locale":"pt_BR","og_type":"article","og_title":"BIOGRAF\u00cdA (ESPA\u00d1OL) - Madre Mar\u00eda F\u00e9lix Torres","og_description":"BIOGRAF\u00cdAMar\u00eda F\u00e9lix nace el 25 de agosto de 1907 en la villa de Albelda (Huesca, Espa\u00f1a). Sus padres, D. Ram\u00f3n y D\u00f1a. Florentina, se preocuparon de que recibiera una esmerada educaci\u00f3n, cursando el bachillerato como interna en el colegio de la Compa\u00f1\u00eda de Mar\u00eda, en L\u00e9rida. All\u00ed, con catorce a\u00f1os, vive por primera vez la [&hellip;]","og_url":"https:\/\/www.mariafelix.org\/pt-br\/biografia-espanol\/","og_site_name":"Madre Mar\u00eda F\u00e9lix Torres","article_modified_time":"2023-11-14T16:07:48+00:00","twitter_card":"summary_large_image","schema":{"@context":"https:\/\/schema.org","@graph":[{"@type":"WebPage","@id":"https:\/\/www.mariafelix.org\/pt-br\/biografia-espanol\/","url":"https:\/\/www.mariafelix.org\/pt-br\/biografia-espanol\/","name":"BIOGRAF\u00cdA (ESPA\u00d1OL) - Madre Mar\u00eda F\u00e9lix Torres","isPartOf":{"@id":"https:\/\/www.mariafelix.org\/pt-br\/#website"},"datePublished":"2023-11-08T18:27:10+00:00","dateModified":"2023-11-14T16:07:48+00:00","inLanguage":"pt-BR","potentialAction":[{"@type":"ReadAction","target":["https:\/\/www.mariafelix.org\/pt-br\/biografia-espanol\/"]}]},{"@type":"WebSite","@id":"https:\/\/www.mariafelix.org\/pt-br\/#website","url":"https:\/\/www.mariafelix.org\/pt-br\/","name":"Madre Mar\u00eda F\u00e9lix Torres","description":"Madre Mar\u00eda F\u00e9lix Torres","potentialAction":[{"@type":"SearchAction","target":{"@type":"EntryPoint","urlTemplate":"https:\/\/www.mariafelix.org\/pt-br\/?s={search_term_string}"},"query-input":{"@type":"PropertyValueSpecification","valueRequired":true,"valueName":"search_term_string"}}],"inLanguage":"pt-BR"}]}},"_links":{"self":[{"href":"https:\/\/www.mariafelix.org\/pt-br\/wp-json\/wp\/v2\/pages\/18191","targetHints":{"allow":["GET"]}}],"collection":[{"href":"https:\/\/www.mariafelix.org\/pt-br\/wp-json\/wp\/v2\/pages"}],"about":[{"href":"https:\/\/www.mariafelix.org\/pt-br\/wp-json\/wp\/v2\/types\/page"}],"author":[{"embeddable":true,"href":"https:\/\/www.mariafelix.org\/pt-br\/wp-json\/wp\/v2\/users\/1"}],"replies":[{"embeddable":true,"href":"https:\/\/www.mariafelix.org\/pt-br\/wp-json\/wp\/v2\/comments?post=18191"}],"version-history":[{"count":4,"href":"https:\/\/www.mariafelix.org\/pt-br\/wp-json\/wp\/v2\/pages\/18191\/revisions"}],"predecessor-version":[{"id":18448,"href":"https:\/\/www.mariafelix.org\/pt-br\/wp-json\/wp\/v2\/pages\/18191\/revisions\/18448"}],"wp:attachment":[{"href":"https:\/\/www.mariafelix.org\/pt-br\/wp-json\/wp\/v2\/media?parent=18191"}],"curies":[{"name":"wp","href":"https:\/\/api.w.org\/{rel}","templated":true}]}}